{"id":4083,"date":"2020-07-03T08:03:16","date_gmt":"2020-07-03T08:03:16","guid":{"rendered":"https:\/\/test.hellodude.it\/compendio\/about-us\/"},"modified":"2021-10-28T12:02:08","modified_gmt":"2021-10-28T10:02:08","slug":"uber-uns","status":"publish","type":"page","link":"https:\/\/entradit.it\/de\/uber-uns\/","title":{"rendered":"\u00dcber uns"},"content":{"rendered":"\t\t<div data-elementor-type=\"wp-page\" data-elementor-id=\"4083\" class=\"elementor elementor-4083 elementor-3935\">\n\t\t\t\t\t\t<div class=\"elementor-inner\">\n\t\t\t\t<div class=\"elementor-section-wrap\">\n\t\t\t\t\t\t\t\t\t<section class=\"elementor-section elementor-top-section elementor-element elementor-element-ba0b8ed elementor-section-full_width qodef-elementor-content-grid elementor-section-height-default elementor-section-height-default\" data-id=\"ba0b8ed\" data-element_type=\"section\">\n\t\t\t\t\t\t<div class=\"elementor-container elementor-column-gap-no\">\n\t\t\t\t\t\t\t<div class=\"elementor-row\">\n\t\t\t\t\t<div class=\"elementor-column elementor-col-100 elementor-top-column elementor-element elementor-element-29dcb4a\" data-id=\"29dcb4a\" data-element_type=\"column\">\n\t\t\t<div class=\"elementor-column-wrap elementor-element-populated\">\n\t\t\t\t\t\t\t<div class=\"elementor-widget-wrap\">\n\t\t\t\t\t\t<div class=\"elementor-element elementor-element-81cd402 elementor-widget elementor-widget-image\" data-id=\"81cd402\" data-element_type=\"widget\" data-widget_type=\"image.default\">\n\t\t\t\t<div class=\"elementor-widget-container\">\n\t\t\t\t\t\t\t\t<div class=\"elementor-image\">\n\t\t\t\t\t\t\t\t\t\t\t\t<img src=\"https:\/\/entradit.it\/wp-content\/uploads\/elementor\/thumbs\/chi-siamo-ozv2x5fud7hn8sv91p94n2mn1mvuv0xq4dir77enbc.jpg\" title=\"chi-siamo\" alt=\"chi-siamo\" \/>\t\t\t\t\t\t\t\t\t\t\t\t\t\t<\/div>\n\t\t\t\t\t\t<\/div>\n\t\t\t\t<\/div>\n\t\t\t\t<div class=\"elementor-element elementor-element-be74343 elementor-widget elementor-widget-text-editor\" data-id=\"be74343\" data-element_type=\"widget\" data-widget_type=\"text-editor.default\">\n\t\t\t\t<div class=\"elementor-widget-container\">\n\t\t\t\t\t\t\t\t<div class=\"elementor-text-editor elementor-clearfix\">\n\t\t\t\t<p class=\"p1\"><span class=\"s1\"><a href=\"https:\/\/www.beniculturali.it\/\" target=\"_blank\" rel=\"noopener\">MiBACT<\/a> &#8211; <\/span>Ministero per i Beni e le Attivit\u00e0 Culturali e per il Turismo, (Ministerium f\u00fcr Kulturg\u00fcter, kulturelle Aktivit\u00e4ten und Tourismus), Generaldirektion Bibliotheken und Urheberrecht. Verantwortliche Leitung: Dr. Angela Benintende, Direktion Dienst II, Bibliographien und Urheberrecht.<\/p><p class=\"p1\">Beratungsgremium f\u00fcr nationale Aussch\u00fcsse und Editionen &#8211; <a href=\"https:\/\/www.beniculturali.it\/\" target=\"_blank\" rel=\"noopener\">MiBACT<\/a><\/p><p class=\"p2\">Das 1971 in Rom gegr\u00fcndete Istituto di Studi Politici S. Pio V (Institut f\u00fcr Politische Studien St. Pius V) besch\u00e4ftigt sich mit Studien im Bereich der Geisteswissenschaften. Im Jahr 1986 erhielt das Institut die Anerkennung der Rechtspers\u00f6nlichkeit (Dekret des Pr\u00e4sidenten der Republik Nr. 101 vom 10. Februar 1986), im Jahr 2003 erhielt es die Qualifikation eines \u201eNicht-Instrumentellen Forschungsinstituts\u201c (<span class=\"s2\">Gesetz Nr.<\/span> 293 vom 23. Oktober 2003) und begann eine Verst\u00e4rkung seiner Forschungst\u00e4tigkeit, die sich in drei Makrobereichen entwickelt: historisch-politisch; rechtlich-wirtschaftlich; sozial, humanistisch und sprachwissenschaftlich.<\/p>\t\t\t\t\t<\/div>\n\t\t\t\t\t\t<\/div>\n\t\t\t\t<\/div>\n\t\t\t\t<div class=\"elementor-element elementor-element-100470d elementor-widget-divider--view-line elementor-widget elementor-widget-divider\" data-id=\"100470d\" data-element_type=\"widget\" data-widget_type=\"divider.default\">\n\t\t\t\t<div class=\"elementor-widget-container\">\n\t\t\t\t\t<div class=\"elementor-divider\">\n\t\t\t<span class=\"elementor-divider-separator\">\n\t\t\t\t\t\t<\/span>\n\t\t<\/div>\n\t\t\t\t<\/div>\n\t\t\t\t<\/div>\n\t\t\t\t\t\t<\/div>\n\t\t\t\t\t<\/div>\n\t\t<\/div>\n\t\t\t\t\t\t\t\t<\/div>\n\t\t\t\t\t<\/div>\n\t\t<\/section>\n\t\t\t\t<section class=\"elementor-section elementor-top-section elementor-element elementor-element-2e04f2b elementor-section-full_width qodef-elementor-content-grid elementor-section-height-default elementor-section-height-default\" data-id=\"2e04f2b\" data-element_type=\"section\">\n\t\t\t\t\t\t<div class=\"elementor-container elementor-column-gap-no\">\n\t\t\t\t\t\t\t<div class=\"elementor-row\">\n\t\t\t\t\t<div class=\"elementor-column elementor-col-100 elementor-top-column elementor-element elementor-element-9ad3493\" data-id=\"9ad3493\" data-element_type=\"column\">\n\t\t\t<div class=\"elementor-column-wrap elementor-element-populated\">\n\t\t\t\t\t\t\t<div class=\"elementor-widget-wrap\">\n\t\t\t\t\t\t<div class=\"elementor-element elementor-element-6d9c77f elementor-widget elementor-widget-olema_core_section_title\" data-id=\"6d9c77f\" data-element_type=\"widget\" data-widget_type=\"olema_core_section_title.default\">\n\t\t\t\t<div class=\"elementor-widget-container\">\n\t\t\t<div class=\"qodef-shortcode qodef-m  qodef-section-title qodef-alignment--left  qodef--has-appear\"  style=\"max-width: unset\">\n\t\t\t<h1 class=\"qodef-m-title\" >\n\t\t\t\t\tWissenschaftlicher ausschuss\t\t\t<\/h1>\n\t<\/div>\t\t<\/div>\n\t\t\t\t<\/div>\n\t\t\t\t<div class=\"elementor-element elementor-element-d5245a4 elementor-widget elementor-widget-olema_core_icon_with_text\" data-id=\"d5245a4\" data-element_type=\"widget\" data-widget_type=\"olema_core_icon_with_text.default\">\n\t\t\t\t<div class=\"elementor-widget-container\">\n\t\t\t<div class=\"qodef-shortcode qodef-m  qodef-icon-with-text qodef-layout--top qodef--icon-pack qodef-alignment--left\">\n\t<div class=\"qodef-m-icon-wrapper\">\n\t\t<span class=\"qodef-shortcode qodef-m  qodef-icon-holder qodef-size--default qodef-layout--normal\"  >\t\t\t<a itemprop=\"url\" href=\"https:\/\/www.utm.utoronto.ca\/language-studies\/people\/salvatore-bancheri\" target=\"_blank\">                        <\/a>\t<\/span>\t<\/div>\n\t<div class=\"qodef-m-content\">\n\t\t\t<h3 class=\"qodef-m-title\" >\n\t\t\t\t\t<a itemprop=\"url\" href=\"https:\/\/www.utm.utoronto.ca\/language-studies\/people\/salvatore-bancheri\" target=\"_blank\">\n\t\t\t\t\t<span class=\"qodef-m-title-text\">Prof. Salvatore Bancheri<\/span>\n\t\t\t\t\t<\/a>\n\t\t\t<\/h3>\n\t\t\t<p class=\"qodef-m-text\" style=\"margin-top: 10px\">Departement of Italian Studies, Universit\u00e4t Toronto.<\/p>\n\t<\/div>\n<\/div>\t\t<\/div>\n\t\t\t\t<\/div>\n\t\t\t\t<div class=\"elementor-element elementor-element-4c75b3e elementor-widget elementor-widget-olema_core_icon_with_text\" data-id=\"4c75b3e\" data-element_type=\"widget\" data-widget_type=\"olema_core_icon_with_text.default\">\n\t\t\t\t<div class=\"elementor-widget-container\">\n\t\t\t<div class=\"qodef-shortcode qodef-m  qodef-icon-with-text qodef-layout--top qodef--icon-pack qodef-alignment--left\">\n\t<div class=\"qodef-m-icon-wrapper\">\n\t\t<span class=\"qodef-shortcode qodef-m  qodef-icon-holder qodef-size--default qodef-layout--normal\"  >\t\t\t<a itemprop=\"url\" href=\"https:\/\/homepage.uni-graz.at\/de\/simona.bartolikucher\/\" target=\"_blank\">                        <\/a>\t<\/span>\t<\/div>\n\t<div class=\"qodef-m-content\">\n\t\t\t<h3 class=\"qodef-m-title\" >\n\t\t\t\t\t<a itemprop=\"url\" href=\"https:\/\/homepage.uni-graz.at\/de\/simona.bartolikucher\/\" target=\"_blank\">\n\t\t\t\t\t<span class=\"qodef-m-title-text\">Prof. Simona Bartoli Kucher<\/span>\n\t\t\t\t\t<\/a>\n\t\t\t<\/h3>\n\t\t\t<p class=\"qodef-m-text\" style=\"margin-top: 10px\">Institut f\u00fcr Romanistik, Universit\u00e4t Graz.<\/p>\n\t<\/div>\n<\/div>\t\t<\/div>\n\t\t\t\t<\/div>\n\t\t\t\t<div class=\"elementor-element elementor-element-7a828bc elementor-widget elementor-widget-olema_core_icon_with_text\" data-id=\"7a828bc\" data-element_type=\"widget\" data-widget_type=\"olema_core_icon_with_text.default\">\n\t\t\t\t<div class=\"elementor-widget-container\">\n\t\t\t<div class=\"qodef-shortcode qodef-m  qodef-icon-with-text qodef-layout--top qodef--icon-pack qodef-alignment--left\">\n\t<div class=\"qodef-m-icon-wrapper\">\n\t\t<span class=\"qodef-shortcode qodef-m  qodef-icon-holder qodef-size--default qodef-layout--normal\"  >\t\t\t<a itemprop=\"url\" href=\"https:\/\/www.istitutospiov.it\" target=\"_blank\">                        <\/a>\t<\/span>\t<\/div>\n\t<div class=\"qodef-m-content\">\n\t\t\t<h3 class=\"qodef-m-title\" >\n\t\t\t\t\t<a itemprop=\"url\" href=\"https:\/\/www.istitutospiov.it\" target=\"_blank\">\n\t\t\t\t\t<span class=\"qodef-m-title-text\">Dr. Benedetto Coccia<\/span>\n\t\t\t\t\t<\/a>\n\t\t\t<\/h3>\n\t\t\t<p class=\"qodef-m-text\" style=\"margin-top: 10px\">Sekret\u00e4r Schatzmeister - Istituto di Studi Politici San Pio V, Rom.<\/p>\n\t<\/div>\n<\/div>\t\t<\/div>\n\t\t\t\t<\/div>\n\t\t\t\t<div class=\"elementor-element elementor-element-1d573c5 elementor-widget elementor-widget-olema_core_icon_with_text\" data-id=\"1d573c5\" data-element_type=\"widget\" data-widget_type=\"olema_core_icon_with_text.default\">\n\t\t\t\t<div class=\"elementor-widget-container\">\n\t\t\t<div class=\"qodef-shortcode qodef-m  qodef-icon-with-text qodef-layout--top qodef--icon-pack qodef-alignment--left\">\n\t<div class=\"qodef-m-icon-wrapper\">\n\t\t<span class=\"qodef-shortcode qodef-m  qodef-icon-holder qodef-size--default qodef-layout--normal\"  >\t\t\t<a itemprop=\"url\" href=\"https:\/\/www.istitutospiov.it\/organi-sociali\/\" target=\"_self\">                        <\/a>\t<\/span>\t<\/div>\n\t<div class=\"qodef-m-content\">\n\t\t\t<h3 class=\"qodef-m-title\" >\n\t\t\t\t\t<a itemprop=\"url\" href=\"https:\/\/www.istitutospiov.it\/organi-sociali\/\" target=\"_self\">\n\t\t\t\t\t<span class=\"qodef-m-title-text\">Prof. Paolo De Nardis<\/span>\n\t\t\t\t\t<\/a>\n\t\t\t<\/h3>\n\t\t\t<p class=\"qodef-m-text\" style=\"margin-top: 10px\">Pr\u00e4sident Istituto di Studi Politici San Pio V, Rom - Universit\u00e4t La Sapienza Rom.<\/p>\n\t<\/div>\n<\/div>\t\t<\/div>\n\t\t\t\t<\/div>\n\t\t\t\t<div class=\"elementor-element elementor-element-d620cd6 elementor-widget elementor-widget-olema_core_icon_with_text\" data-id=\"d620cd6\" data-element_type=\"widget\" data-widget_type=\"olema_core_icon_with_text.default\">\n\t\t\t\t<div class=\"elementor-widget-container\">\n\t\t\t<div class=\"qodef-shortcode qodef-m  qodef-icon-with-text qodef-layout--top qodef--icon-pack qodef-alignment--left\">\n\t<div class=\"qodef-m-icon-wrapper\">\n\t\t<span class=\"qodef-shortcode qodef-m  qodef-icon-holder qodef-size--default qodef-layout--normal\"  >\t\t\t<a itemprop=\"url\" href=\"https:\/\/homepage.univie.ac.at\/elton.prifti\/\" target=\"_blank\">                        <\/a>\t<\/span>\t<\/div>\n\t<div class=\"qodef-m-content\">\n\t\t\t<h3 class=\"qodef-m-title\" >\n\t\t\t\t\t<a itemprop=\"url\" href=\"https:\/\/homepage.univie.ac.at\/elton.prifti\/\" target=\"_blank\">\n\t\t\t\t\t<span class=\"qodef-m-title-text\">Prof. Elton Prifti<\/span>\n\t\t\t\t\t<\/a>\n\t\t\t<\/h3>\n\t\t\t<p class=\"qodef-m-text\" style=\"margin-top: 10px\">Lessico Etimologico Italiano, Universit\u00e4t Wien und Universit\u00e4t Mannheim.<\/p>\n\t<\/div>\n<\/div>\t\t<\/div>\n\t\t\t\t<\/div>\n\t\t\t\t<div class=\"elementor-element elementor-element-1ef175a elementor-widget elementor-widget-olema_core_icon_with_text\" data-id=\"1ef175a\" data-element_type=\"widget\" data-widget_type=\"olema_core_icon_with_text.default\">\n\t\t\t\t<div class=\"elementor-widget-container\">\n\t\t\t<div class=\"qodef-shortcode qodef-m  qodef-icon-with-text qodef-layout--top qodef--icon-pack qodef-alignment--left\">\n\t<div class=\"qodef-m-icon-wrapper\">\n\t\t<span class=\"qodef-shortcode qodef-m  qodef-icon-holder qodef-size--default qodef-layout--normal\"  >\t\t\t<a itemprop=\"url\" href=\"https:\/\/online.unistrasi.it\/docenti\/Persona.asp?ID=292\" target=\"_blank\">                        <\/a>\t<\/span>\t<\/div>\n\t<div class=\"qodef-m-content\">\n\t\t\t<h3 class=\"qodef-m-title\" >\n\t\t\t\t\t<a itemprop=\"url\" href=\"https:\/\/online.unistrasi.it\/docenti\/Persona.asp?ID=292\" target=\"_blank\">\n\t\t\t\t\t<span class=\"qodef-m-title-text\">Prof. Massimo Vedovelli<\/span>\n\t\t\t\t\t<\/a>\n\t\t\t<\/h3>\n\t\t\t<p class=\"qodef-m-text\" style=\"margin-top: 10px\">Centro di Eccellenza della Ricerca Osservatorio linguistico permanente dell\u2019italiano diffuso fra stranieri e delle lingue immigrate in Italia, Ausl\u00e4nderuniversit\u00e4t Siena.<\/p>\n\t<\/div>\n<\/div>\t\t<\/div>\n\t\t\t\t<\/div>\n\t\t\t\t<div class=\"elementor-element elementor-element-3adbcd2 elementor-widget-divider--view-line elementor-widget elementor-widget-divider\" data-id=\"3adbcd2\" data-element_type=\"widget\" data-widget_type=\"divider.default\">\n\t\t\t\t<div class=\"elementor-widget-container\">\n\t\t\t\t\t<div class=\"elementor-divider\">\n\t\t\t<span class=\"elementor-divider-separator\">\n\t\t\t\t\t\t<\/span>\n\t\t<\/div>\n\t\t\t\t<\/div>\n\t\t\t\t<\/div>\n\t\t\t\t\t\t<\/div>\n\t\t\t\t\t<\/div>\n\t\t<\/div>\n\t\t\t\t\t\t\t\t<\/div>\n\t\t\t\t\t<\/div>\n\t\t<\/section>\n\t\t\t\t<section class=\"elementor-section elementor-top-section elementor-element elementor-element-768cf67 elementor-section-full_width qodef-elementor-content-grid elementor-section-height-default elementor-section-height-default\" data-id=\"768cf67\" data-element_type=\"section\">\n\t\t\t\t\t\t<div class=\"elementor-container elementor-column-gap-no\">\n\t\t\t\t\t\t\t<div class=\"elementor-row\">\n\t\t\t\t\t<div class=\"elementor-column elementor-col-100 elementor-top-column elementor-element elementor-element-bf98b68\" data-id=\"bf98b68\" data-element_type=\"column\">\n\t\t\t<div class=\"elementor-column-wrap elementor-element-populated\">\n\t\t\t\t\t\t\t<div class=\"elementor-widget-wrap\">\n\t\t\t\t\t\t<div class=\"elementor-element elementor-element-32fee00 elementor-widget elementor-widget-olema_core_section_title\" data-id=\"32fee00\" data-element_type=\"widget\" data-widget_type=\"olema_core_section_title.default\">\n\t\t\t\t<div class=\"elementor-widget-container\">\n\t\t\t<div class=\"qodef-shortcode qodef-m  qodef-section-title qodef-alignment--left  qodef--has-appear\"  style=\"max-width: unset\">\n\t\t\t<h1 class=\"qodef-m-title\" >\n\t\t\t\t\tExpertenausschuss\t\t\t<\/h1>\n\t\t<p class=\"qodef-m-text\" >Zur Durchf\u00fchrung der Aktivit\u00e4ten des Kompendiums bedient sich der wissenschaftliche Ausschuss eines Expertenausschusses, den er als dauerhafte Komponente mit einbezieht:<\/p>\n<\/div>\t\t<\/div>\n\t\t\t\t<\/div>\n\t\t\t\t<div class=\"elementor-element elementor-element-17e7cba elementor-widget elementor-widget-olema_core_icon_with_text\" data-id=\"17e7cba\" data-element_type=\"widget\" data-widget_type=\"olema_core_icon_with_text.default\">\n\t\t\t\t<div class=\"elementor-widget-container\">\n\t\t\t<div class=\"qodef-shortcode qodef-m  qodef-icon-with-text qodef-layout--top qodef--icon-pack qodef-alignment--left\">\n\t<div class=\"qodef-m-icon-wrapper\">\n\t\t<span class=\"qodef-shortcode qodef-m  qodef-icon-holder qodef-size--default qodef-layout--normal\"  >\t\t\t<a itemprop=\"url\" href=\"https:\/\/www.iuline.it\/wp-content\/uploads\/2020\/10\/CV_FERRINI.pdf\" target=\"_blank\">                        <\/a>\t<\/span>\t<\/div>\n\t<div class=\"qodef-m-content\">\n\t\t\t<h3 class=\"qodef-m-title\" >\n\t\t\t\t\t<a itemprop=\"url\" href=\"https:\/\/www.iuline.it\/wp-content\/uploads\/2020\/10\/CV_FERRINI.pdf\" target=\"_blank\">\n\t\t\t\t\t<span class=\"qodef-m-title-text\">Dr. Caterina Ferrini<\/span>\n\t\t\t\t\t<\/a>\n\t\t\t<\/h3>\n\t\t\t<p class=\"qodef-m-text\" style=\"margin-top: 10px\">Forscherin im Bereich Sprachforschung und Linguistik an der Telematischen Universit\u00e4t Florenz (IUL). Ihre wissenschaftliche T\u00e4tigkeit betrifft die Bereiche der Sprachwissenschaften.<\/p>\n\t<\/div>\n<\/div>\t\t<\/div>\n\t\t\t\t<\/div>\n\t\t\t\t<div class=\"elementor-element elementor-element-2aee3b5 elementor-widget elementor-widget-olema_core_icon_with_text\" data-id=\"2aee3b5\" data-element_type=\"widget\" data-widget_type=\"olema_core_icon_with_text.default\">\n\t\t\t\t<div class=\"elementor-widget-container\">\n\t\t\t<div class=\"qodef-shortcode qodef-m  qodef-icon-with-text qodef-layout--top qodef--icon-pack qodef-alignment--left\">\n\t<div class=\"qodef-m-icon-wrapper\">\n\t\t<span class=\"qodef-shortcode qodef-m  qodef-icon-holder qodef-size--default qodef-layout--normal\"  >\t\t\t<a itemprop=\"url\" href=\"https:\/\/online.unistrasi.it\/docenti\/Persona.asp?ID=530\" target=\"_blank\">                        <\/a>\t<\/span>\t<\/div>\n\t<div class=\"qodef-m-content\">\n\t\t\t<h3 class=\"qodef-m-title\" >\n\t\t\t\t\t<a itemprop=\"url\" href=\"https:\/\/online.unistrasi.it\/docenti\/Persona.asp?ID=530\" target=\"_blank\">\n\t\t\t\t\t<span class=\"qodef-m-title-text\">Dr. Orlando Paris<\/span>\n\t\t\t\t\t<\/a>\n\t\t\t<\/h3>\n\t\t\t<p class=\"qodef-m-text\" style=\"margin-top: 10px\">Forschungsstipendiat in Semiotik und Sprachphilosophie an der Ausl\u00e4nderuniversit\u00e4t Siena. Zu seinen Ver\u00f6ffentlichungen geh\u00f6ren \u201eIl Discorso scientifico e la costruzione dell&#039;Altro\u201d (Pacini Editore) und\u201e I Discorsi dell&#039;Odio. Razzismo e Retoriche xenofobe sui social network\u201d (Carocci Editore).<\/p>\n\t<\/div>\n<\/div>\t\t<\/div>\n\t\t\t\t<\/div>\n\t\t\t\t<div class=\"elementor-element elementor-element-e3a9702 elementor-widget elementor-widget-olema_core_icon_with_text\" data-id=\"e3a9702\" data-element_type=\"widget\" data-widget_type=\"olema_core_icon_with_text.default\">\n\t\t\t\t<div class=\"elementor-widget-container\">\n\t\t\t<div class=\"qodef-shortcode qodef-m  qodef-icon-with-text qodef-layout--top qodef--icon-pack qodef-alignment--left\">\n\t<div class=\"qodef-m-icon-wrapper\">\n\t\t<span class=\"qodef-shortcode qodef-m  qodef-icon-holder qodef-size--default qodef-layout--normal\"  >\t\t\t<a itemprop=\"url\" href=\"https:\/\/www.linkedin.com\/in\/marilenapescini\" target=\"_blank\">                        <\/a>\t<\/span>\t<\/div>\n\t<div class=\"qodef-m-content\">\n\t\t\t<h3 class=\"qodef-m-title\" >\n\t\t\t\t\t<a itemprop=\"url\" href=\"https:\/\/www.linkedin.com\/in\/marilenapescini\" target=\"_blank\">\n\t\t\t\t\t<span class=\"qodef-m-title-text\">Dr. Marilena Pescini<\/span>\n\t\t\t\t\t<\/a>\n\t\t\t<\/h3>\n\t\t\t<p class=\"qodef-m-text\" style=\"margin-top: 10px\">Absolventin in Sprachwissenschaften an der Ausl\u00e4nderuniversit\u00e4t Siena und hat am Forschungsprojekt \u201eMonterotondo-Mentana-Fonte Nuova 2019\u201c mitgearbeitet.<\/p>\n\t<\/div>\n<\/div>\t\t<\/div>\n\t\t\t\t<\/div>\n\t\t\t\t<div class=\"elementor-element elementor-element-ff42595 elementor-widget elementor-widget-olema_core_icon_with_text\" data-id=\"ff42595\" data-element_type=\"widget\" data-widget_type=\"olema_core_icon_with_text.default\">\n\t\t\t\t<div class=\"elementor-widget-container\">\n\t\t\t<div class=\"qodef-shortcode qodef-m  qodef-icon-with-text qodef-layout--top qodef--icon-pack qodef-alignment--left\">\n\t<div class=\"qodef-m-icon-wrapper\">\n\t\t<span class=\"qodef-shortcode qodef-m  qodef-icon-holder qodef-size--default qodef-layout--normal\"  >\t\t\t<a itemprop=\"url\" href=\"https:\/\/www.linkedin.com\/in\/giulia-staggini-64aa51145\/?originalSubdomain=it\" target=\"_blank\">                        <\/a>\t<\/span>\t<\/div>\n\t<div class=\"qodef-m-content\">\n\t\t\t<h3 class=\"qodef-m-title\" >\n\t\t\t\t\t<a itemprop=\"url\" href=\"https:\/\/www.linkedin.com\/in\/giulia-staggini-64aa51145\/?originalSubdomain=it\" target=\"_blank\">\n\t\t\t\t\t<span class=\"qodef-m-title-text\">Dr. Giulia Staggini<\/span>\n\t\t\t\t\t<\/a>\n\t\t\t<\/h3>\n\t\t\t<p class=\"qodef-m-text\" style=\"margin-top: 10px\">Doktorandin an der Universit\u00e4t Genua. Ihr Interessensschwerpunkt liegt im Bereich der Vermittlung von Fremdsprachen durch technologische Unterst\u00fctzung.<\/p>\n\t<\/div>\n<\/div>\t\t<\/div>\n\t\t\t\t<\/div>\n\t\t\t\t<div class=\"elementor-element elementor-element-812da1e elementor-widget elementor-widget-olema_core_icon_with_text\" data-id=\"812da1e\" data-element_type=\"widget\" data-widget_type=\"olema_core_icon_with_text.default\">\n\t\t\t\t<div class=\"elementor-widget-container\">\n\t\t\t<div class=\"qodef-shortcode qodef-m  qodef-icon-with-text qodef-layout--top qodef--icon-pack qodef-alignment--left\">\n\t<div class=\"qodef-m-icon-wrapper\">\n\t\t<span class=\"qodef-shortcode qodef-m  qodef-icon-holder qodef-size--default qodef-layout--normal\"  >\t\t\t<a itemprop=\"url\" href=\"https:\/\/www.linkedin.com\/in\/federica-brachini-435ab3209\/\" target=\"_blank\">                        <\/a>\t<\/span>\t<\/div>\n\t<div class=\"qodef-m-content\">\n\t\t\t<h3 class=\"qodef-m-title\" >\n\t\t\t\t\t<a itemprop=\"url\" href=\"https:\/\/www.linkedin.com\/in\/federica-brachini-435ab3209\/\" target=\"_blank\">\n\t\t\t\t\t<span class=\"qodef-m-title-text\">Dr. Federica Brachini<\/span>\n\t\t\t\t\t<\/a>\n\t\t\t<\/h3>\n\t\t\t<\/div>\n<\/div>\t\t<\/div>\n\t\t\t\t<\/div>\n\t\t\t\t<div class=\"elementor-element elementor-element-231c5ca elementor-widget elementor-widget-text-editor\" data-id=\"231c5ca\" data-element_type=\"widget\" data-widget_type=\"text-editor.default\">\n\t\t\t\t<div class=\"elementor-widget-container\">\n\t\t\t\t\t\t\t\t<div class=\"elementor-text-editor elementor-clearfix\">\n\t\t\t\t<p class=\"p1\"><span style=\"font-weight: 400;\">Master-Absolventin in Sprachwissenschaften und interkulturelle Kommunikation an der Universit\u00e4t f\u00fcr Ausl\u00e4nder Siena. Sie interessiert sich haupts\u00e4chlich f\u00fcr Migrationslinguistik.\u00a0 <\/span><\/p>\t\t\t\t\t<\/div>\n\t\t\t\t\t\t<\/div>\n\t\t\t\t<\/div>\n\t\t\t\t<div class=\"elementor-element elementor-element-8d6e7d9 elementor-widget elementor-widget-olema_core_icon_with_text\" data-id=\"8d6e7d9\" data-element_type=\"widget\" data-widget_type=\"olema_core_icon_with_text.default\">\n\t\t\t\t<div class=\"elementor-widget-container\">\n\t\t\t<div class=\"qodef-shortcode qodef-m  qodef-icon-with-text qodef-layout--top qodef--icon-pack qodef-alignment--left\">\n\t<div class=\"qodef-m-icon-wrapper\">\n\t\t<span class=\"qodef-shortcode qodef-m  qodef-icon-holder qodef-size--default qodef-layout--normal\"  >\t\t\t<a itemprop=\"url\" href=\"http:\/\/letmedude.it\" target=\"_blank\">                        <\/a>\t<\/span>\t<\/div>\n\t<div class=\"qodef-m-content\">\n\t\t\t<h3 class=\"qodef-m-title\" >\n\t\t\t\t\t<a itemprop=\"url\" href=\"http:\/\/letmedude.it\" target=\"_blank\">\n\t\t\t\t\t<span class=\"qodef-m-title-text\">Dott. Antonio Bussu<\/span>\n\t\t\t\t\t<\/a>\n\t\t\t<\/h3>\n\t\t\t<\/div>\n<\/div>\t\t<\/div>\n\t\t\t\t<\/div>\n\t\t\t\t<div class=\"elementor-element elementor-element-802d24b elementor-widget elementor-widget-text-editor\" data-id=\"802d24b\" data-element_type=\"widget\" data-widget_type=\"text-editor.default\">\n\t\t\t\t<div class=\"elementor-widget-container\">\n\t\t\t\t\t\t\t\t<div class=\"elementor-text-editor elementor-clearfix\">\n\t\t\t\t<p class=\"p1\">Berater f\u00fcr Kommunikation und digitales Marketing. Er ist Exekutivdirektor von <a href=\"https:\/\/hellodude.it\">Dude<\/a>.<\/p>\t\t\t\t\t<\/div>\n\t\t\t\t\t\t<\/div>\n\t\t\t\t<\/div>\n\t\t\t\t<div class=\"elementor-element elementor-element-84334d5 elementor-widget-divider--view-line elementor-widget elementor-widget-divider\" data-id=\"84334d5\" data-element_type=\"widget\" data-widget_type=\"divider.default\">\n\t\t\t\t<div class=\"elementor-widget-container\">\n\t\t\t\t\t<div class=\"elementor-divider\">\n\t\t\t<span class=\"elementor-divider-separator\">\n\t\t\t\t\t\t<\/span>\n\t\t<\/div>\n\t\t\t\t<\/div>\n\t\t\t\t<\/div>\n\t\t\t\t<div class=\"elementor-element elementor-element-8a96386 elementor-widget elementor-widget-text-editor\" data-id=\"8a96386\" data-element_type=\"widget\" data-widget_type=\"text-editor.default\">\n\t\t\t\t<div class=\"elementor-widget-container\">\n\t\t\t\t\t\t\t\t<div class=\"elementor-text-editor elementor-clearfix\">\n\t\t\t\t<p>Foto von <a href=\"https:\/\/www.flickr.com\/photos\/catarinaoberlander\/19241054362\/in\/photolist-vjgr7A-7Axac8-7n9phL-Gx3CJN-2j8PFrt-2csjkuu-7JG7ts-EyuFeo-hPPt38-ddKLea-cb1bEW-9SW2uq-2ehjR28-23ENBD8-nbrFLy-8hW1js-2ehjRci-2j8KFoX-LuTEQX-S9aFMC-2ecEveo-Fw74AC-2ehjQnn-2j8NkA7-7S23RH-2cTsvt4-ddK6Nk-ddKHwJ-ddJ6VC-2cTswjH-2cTsvzr-2ehjSgH-2ehjQqi-S9aGtC-QvXYCD-7UnYgF-ddK7cc-rxhrZr-2cTsvTT-2ehjQv8-S9aGDh-2ehjSx4-2cTsvRZ-nciUfn-2hCUt9e-2ehjStM-2hCUuUo-cb1aLb-2hCTwLq-QvXYB6\" target=\"_blank\" rel=\"noopener\">Catarina Oberlander<\/a>\u00a0\/ CC BY 2.0<\/p>\t\t\t\t\t<\/div>\n\t\t\t\t\t\t<\/div>\n\t\t\t\t<\/div>\n\t\t\t\t\t\t<\/div>\n\t\t\t\t\t<\/div>\n\t\t<\/div>\n\t\t\t\t\t\t\t\t<\/div>\n\t\t\t\t\t<\/div>\n\t\t<\/section>\n\t\t\t\t\t\t\t\t\t<\/div>\n\t\t\t<\/div>\n\t\t\t\t\t<\/div>\n\t\t","protected":false},"excerpt":{"rendered":"<p>MiBACT &#8211; Ministero per i Beni e le Attivit\u00e0 Culturali e per il Turismo, (Ministerium f\u00fcr Kulturg\u00fcter, kulturelle Aktivit\u00e4ten und Tourismus), Generaldirektion Bibliotheken und Urheberrecht. Verantwortliche Leitung: Dr. Angela Benintende, Direktion Dienst II, Bibliographien und Urheberrecht. Beratungsgremium f\u00fcr nationale Aussch\u00fcsse und Editionen &#8211; MiBACT Das 1971 in Rom gegr\u00fcndete Istituto di Studi Politici S. Pio [&hellip;]<\/p>\n","protected":false},"author":1,"featured_media":0,"parent":0,"menu_order":0,"comment_status":"closed","ping_status":"closed","template":"page-full-width.php","meta":[],"yoast_head":"<!-- This site is optimized with the Yoast SEO plugin v19.6.1 - https:\/\/yoast.com\/wordpress\/plugins\/seo\/ -->\n<title>\u00dcber uns - Entradit<\/title>\n<meta name=\"robots\" content=\"index, follow, max-snippet:-1, max-image-preview:large, max-video-preview:-1\" \/>\n<link rel=\"canonical\" href=\"https:\/\/entradit.it\/de\/uber-uns\/\" \/>\n<meta property=\"og:locale\" content=\"de_DE\" \/>\n<meta property=\"og:type\" content=\"article\" \/>\n<meta property=\"og:title\" content=\"\u00dcber uns - Entradit\" \/>\n<meta property=\"og:description\" content=\"MiBACT &#8211; Ministero per i Beni e le Attivit\u00e0 Culturali e per il Turismo, (Ministerium f\u00fcr Kulturg\u00fcter, kulturelle Aktivit\u00e4ten und Tourismus), Generaldirektion Bibliotheken und Urheberrecht. Verantwortliche Leitung: Dr. Angela Benintende, Direktion Dienst II, Bibliographien und Urheberrecht. Beratungsgremium f\u00fcr nationale Aussch\u00fcsse und Editionen &#8211; MiBACT Das 1971 in Rom gegr\u00fcndete Istituto di Studi Politici S. Pio [&hellip;]\" \/>\n<meta property=\"og:url\" content=\"https:\/\/entradit.it\/de\/uber-uns\/\" \/>\n<meta property=\"og:site_name\" content=\"Entradit\" \/>\n<meta property=\"article:modified_time\" content=\"2021-10-28T10:02:08+00:00\" \/>\n<meta property=\"og:image\" content=\"https:\/\/entradit.it\/wp-content\/uploads\/elementor\/thumbs\/chi-siamo-ozv2x5fud7hn8sv91p94n2mn1mvuv0xq4dir77enbc.jpg\" \/>\n<meta name=\"twitter:card\" content=\"summary_large_image\" \/>\n<meta name=\"twitter:label1\" content=\"Gesch\u00e4tzte Lesezeit\" \/>\n\t<meta name=\"twitter:data1\" content=\"2\u00a0Minuten\" \/>\n<script type=\"application\/ld+json\" class=\"yoast-schema-graph\">{\"@context\":\"https:\/\/schema.org\",\"@graph\":[{\"@type\":\"WebPage\",\"@id\":\"https:\/\/entradit.it\/de\/uber-uns\/\",\"url\":\"https:\/\/entradit.it\/de\/uber-uns\/\",\"name\":\"\u00dcber uns - Entradit\",\"isPartOf\":{\"@id\":\"https:\/\/entradit.it\/de\/#website\"},\"datePublished\":\"2020-07-03T08:03:16+00:00\",\"dateModified\":\"2021-10-28T10:02:08+00:00\",\"breadcrumb\":{\"@id\":\"https:\/\/entradit.it\/de\/uber-uns\/#breadcrumb\"},\"inLanguage\":\"de\",\"potentialAction\":[{\"@type\":\"ReadAction\",\"target\":[\"https:\/\/entradit.it\/de\/uber-uns\/\"]}]},{\"@type\":\"BreadcrumbList\",\"@id\":\"https:\/\/entradit.it\/de\/uber-uns\/#breadcrumb\",\"itemListElement\":[{\"@type\":\"ListItem\",\"position\":1,\"name\":\"Home\",\"item\":\"https:\/\/entradit.it\/de\/\"},{\"@type\":\"ListItem\",\"position\":2,\"name\":\"\u00dcber uns\"}]},{\"@type\":\"WebSite\",\"@id\":\"https:\/\/entradit.it\/de\/#website\",\"url\":\"https:\/\/entradit.it\/de\/\",\"name\":\"Entradit\",\"description\":\"L\u2019Edizione nazionale del Compendio delle traduzioni italiane nel mondo\",\"potentialAction\":[{\"@type\":\"SearchAction\",\"target\":{\"@type\":\"EntryPoint\",\"urlTemplate\":\"https:\/\/entradit.it\/de\/?s={search_term_string}\"},\"query-input\":\"required name=search_term_string\"}],\"inLanguage\":\"de\"}]}<\/script>\n<!-- \/ Yoast SEO plugin. -->","yoast_head_json":{"title":"\u00dcber uns - Entradit","robots":{"index":"index","follow":"follow","max-snippet":"max-snippet:-1","max-image-preview":"max-image-preview:large","max-video-preview":"max-video-preview:-1"},"canonical":"https:\/\/entradit.it\/de\/uber-uns\/","og_locale":"de_DE","og_type":"article","og_title":"\u00dcber uns - Entradit","og_description":"MiBACT &#8211; Ministero per i Beni e le Attivit\u00e0 Culturali e per il Turismo, (Ministerium f\u00fcr Kulturg\u00fcter, kulturelle Aktivit\u00e4ten und Tourismus), Generaldirektion Bibliotheken und Urheberrecht. Verantwortliche Leitung: Dr. Angela Benintende, Direktion Dienst II, Bibliographien und Urheberrecht. Beratungsgremium f\u00fcr nationale Aussch\u00fcsse und Editionen &#8211; MiBACT Das 1971 in Rom gegr\u00fcndete Istituto di Studi Politici S. Pio [&hellip;]","og_url":"https:\/\/entradit.it\/de\/uber-uns\/","og_site_name":"Entradit","article_modified_time":"2021-10-28T10:02:08+00:00","og_image":[{"url":"https:\/\/entradit.it\/wp-content\/uploads\/elementor\/thumbs\/chi-siamo-ozv2x5fud7hn8sv91p94n2mn1mvuv0xq4dir77enbc.jpg"}],"twitter_card":"summary_large_image","twitter_misc":{"Gesch\u00e4tzte Lesezeit":"2\u00a0Minuten"},"schema":{"@context":"https:\/\/schema.org","@graph":[{"@type":"WebPage","@id":"https:\/\/entradit.it\/de\/uber-uns\/","url":"https:\/\/entradit.it\/de\/uber-uns\/","name":"\u00dcber uns - Entradit","isPartOf":{"@id":"https:\/\/entradit.it\/de\/#website"},"datePublished":"2020-07-03T08:03:16+00:00","dateModified":"2021-10-28T10:02:08+00:00","breadcrumb":{"@id":"https:\/\/entradit.it\/de\/uber-uns\/#breadcrumb"},"inLanguage":"de","potentialAction":[{"@type":"ReadAction","target":["https:\/\/entradit.it\/de\/uber-uns\/"]}]},{"@type":"BreadcrumbList","@id":"https:\/\/entradit.it\/de\/uber-uns\/#breadcrumb","itemListElement":[{"@type":"ListItem","position":1,"name":"Home","item":"https:\/\/entradit.it\/de\/"},{"@type":"ListItem","position":2,"name":"\u00dcber uns"}]},{"@type":"WebSite","@id":"https:\/\/entradit.it\/de\/#website","url":"https:\/\/entradit.it\/de\/","name":"Entradit","description":"L\u2019Edizione nazionale del Compendio delle traduzioni italiane nel mondo","potentialAction":[{"@type":"SearchAction","target":{"@type":"EntryPoint","urlTemplate":"https:\/\/entradit.it\/de\/?s={search_term_string}"},"query-input":"required name=search_term_string"}],"inLanguage":"de"}]}},"_links":{"self":[{"href":"https:\/\/entradit.it\/de\/wp-json\/wp\/v2\/pages\/4083"}],"collection":[{"href":"https:\/\/entradit.it\/de\/wp-json\/wp\/v2\/pages"}],"about":[{"href":"https:\/\/entradit.it\/de\/wp-json\/wp\/v2\/types\/page"}],"author":[{"embeddable":true,"href":"https:\/\/entradit.it\/de\/wp-json\/wp\/v2\/users\/1"}],"replies":[{"embeddable":true,"href":"https:\/\/entradit.it\/de\/wp-json\/wp\/v2\/comments?post=4083"}],"version-history":[{"count":58,"href":"https:\/\/entradit.it\/de\/wp-json\/wp\/v2\/pages\/4083\/revisions"}],"predecessor-version":[{"id":5860,"href":"https:\/\/entradit.it\/de\/wp-json\/wp\/v2\/pages\/4083\/revisions\/5860"}],"wp:attachment":[{"href":"https:\/\/entradit.it\/de\/wp-json\/wp\/v2\/media?parent=4083"}],"curies":[{"name":"wp","href":"https:\/\/api.w.org\/{rel}","templated":true}]}}