{"id":4140,"date":"2020-04-21T12:00:59","date_gmt":"2020-04-21T12:00:59","guid":{"rendered":"https:\/\/test.hellodude.it\/compendio\/autori\/"},"modified":"2026-03-20T15:24:22","modified_gmt":"2026-03-20T14:24:22","slug":"autoren","status":"publish","type":"page","link":"https:\/\/entradit.it\/de\/autoren\/","title":{"rendered":"Autoren"},"content":{"rendered":"\t\t<div data-elementor-type=\"wp-page\" data-elementor-id=\"4140\" class=\"elementor elementor-4140 elementor-3948\">\n\t\t\t\t\t\t<div class=\"elementor-inner\">\n\t\t\t\t<div class=\"elementor-section-wrap\">\n\t\t\t\t\t\t\t\t\t<section class=\"elementor-section elementor-top-section elementor-element elementor-element-ec70a32 elementor-section-full_width elementor-section-content-middle qodef-elementor-content-grid elementor-section-height-default elementor-section-height-default\" data-id=\"ec70a32\" data-element_type=\"section\">\n\t\t\t\t\t\t<div class=\"elementor-container elementor-column-gap-no\">\n\t\t\t\t\t\t\t<div class=\"elementor-row\">\n\t\t\t\t\t<div class=\"elementor-column elementor-col-100 elementor-top-column elementor-element elementor-element-ad73f01\" data-id=\"ad73f01\" data-element_type=\"column\">\n\t\t\t<div class=\"elementor-column-wrap elementor-element-populated\">\n\t\t\t\t\t\t\t<div class=\"elementor-widget-wrap\">\n\t\t\t\t\t\t<div class=\"elementor-element elementor-element-45c4ca3 elementor-widget elementor-widget-olema_core_section_title\" data-id=\"45c4ca3\" data-element_type=\"widget\" data-widget_type=\"olema_core_section_title.default\">\n\t\t\t\t<div class=\"elementor-widget-container\">\n\t\t\t<div class=\"qodef-shortcode qodef-m  qodef-section-title qodef-alignment--left  qodef--has-appear\"  style=\"max-width: 1080px\">\n\t\t\t<h1 class=\"qodef-m-title\" >\n\t\t\t\t\tEinleitung zu den autoren\t\t\t<\/h1>\n\t<\/div>\t\t<\/div>\n\t\t\t\t<\/div>\n\t\t\t\t<div class=\"elementor-element elementor-element-e187963 elementor-widget elementor-widget-text-editor\" data-id=\"e187963\" data-element_type=\"widget\" data-widget_type=\"text-editor.default\">\n\t\t\t\t<div class=\"elementor-widget-container\">\n\t\t\t\t\t\t\t\t<div class=\"elementor-text-editor elementor-clearfix\">\n\t\t\t\t<p class=\"p1\">Die Auswahl der Autoren stellte und stellt eine sehr schwierige Herausforderung dar, denn die Wahl einiger Pers\u00f6nlichkeiten aus der literarischen Welt anstelle anderer, ist sicherlich einschr\u00e4nkend. Wir haben jedoch einige Kriterien ausgew\u00e4hlt, die den Zweck des Projekts [link homepage] erf\u00fcllen w\u00fcrden: die Auswirkungen auf die italienische Sprache, der Einfluss auf eine bestimmte literarische Gattung, die Auswirkungen auf eine wissenschaftliche Disziplin oder eine literarische Str\u00f6mung und die in der Literatur bereits vorhandenen und gesammelten Daten. Wir haben in der Tat jenen Autoren den Vorrang gegeben, die in ihrem Interessengebiet eine revolution\u00e4re Reichweite hatten (z.B. Telesio f\u00fcr die Wissenschaft des 17. Jahrhunderts), von deren \u00dcbersetzungen aber nur wenig oder nichts bekannt ist.<\/p>\t\t\t\t\t<\/div>\n\t\t\t\t\t\t<\/div>\n\t\t\t\t<\/div>\n\t\t\t\t<div class=\"elementor-element elementor-element-5769da6 elementor-widget-divider--view-line elementor-widget elementor-widget-divider\" data-id=\"5769da6\" data-element_type=\"widget\" data-widget_type=\"divider.default\">\n\t\t\t\t<div class=\"elementor-widget-container\">\n\t\t\t\t\t<div class=\"elementor-divider\">\n\t\t\t<span class=\"elementor-divider-separator\">\n\t\t\t\t\t\t<\/span>\n\t\t<\/div>\n\t\t\t\t<\/div>\n\t\t\t\t<\/div>\n\t\t\t\t\t\t<\/div>\n\t\t\t\t\t<\/div>\n\t\t<\/div>\n\t\t\t\t\t\t\t\t<\/div>\n\t\t\t\t\t<\/div>\n\t\t<\/section>\n\t\t\t\t<section class=\"elementor-section elementor-top-section elementor-element elementor-element-c1c2cbd elementor-section-full_width elementor-section-content-middle qodef-elementor-content-grid elementor-section-height-default elementor-section-height-default\" data-id=\"c1c2cbd\" data-element_type=\"section\">\n\t\t\t\t\t\t<div class=\"elementor-container elementor-column-gap-no\">\n\t\t\t\t\t\t\t<div class=\"elementor-row\">\n\t\t\t\t\t<div class=\"elementor-column elementor-col-100 elementor-top-column elementor-element elementor-element-378d366\" data-id=\"378d366\" data-element_type=\"column\">\n\t\t\t<div class=\"elementor-column-wrap elementor-element-populated\">\n\t\t\t\t\t\t\t<div class=\"elementor-widget-wrap\">\n\t\t\t\t\t\t<section class=\"elementor-section elementor-inner-section elementor-element elementor-element-4b4d4de elementor-section-full_width elementor-reverse-tablet elementor-reverse-mobile qodef-custom-image-text-section elementor-section-height-default elementor-section-height-default qodef-elementor-content-no\" data-id=\"4b4d4de\" data-element_type=\"section\">\n\t\t\t\t\t\t<div class=\"elementor-container elementor-column-gap-no\">\n\t\t\t\t\t\t\t<div class=\"elementor-row\">\n\t\t\t\t\t<div class=\"elementor-column elementor-col-50 elementor-inner-column elementor-element elementor-element-815ab27\" data-id=\"815ab27\" data-element_type=\"column\">\n\t\t\t<div class=\"elementor-column-wrap elementor-element-populated\">\n\t\t\t\t\t\t\t<div class=\"elementor-widget-wrap\">\n\t\t\t\t\t\t<div class=\"elementor-element elementor-element-4fc6896 elementor-widget elementor-widget-olema_core_section_title\" data-id=\"4fc6896\" data-element_type=\"widget\" data-widget_type=\"olema_core_section_title.default\">\n\t\t\t\t<div class=\"elementor-widget-container\">\n\t\t\t<div class=\"qodef-shortcode qodef-m  qodef-section-title qodef-alignment--left  qodef--has-appear\"  style=\"max-width: 560px\">\n\t\t\t<h2 class=\"qodef-m-title\" >\n\t\t\t\t\tCesare Beccaria\t\t\t<\/h2>\n\t\t<p class=\"qodef-m-text\" style=\"margin-top: 10px\">Cesare Beccaria wurde 1738 in Mailand in eine wohlhabende Familie mit k\u00fcrzlich erworbener aristokratischer Stellung geboren.<\/p>\n<\/div>\t\t<\/div>\n\t\t\t\t<\/div>\n\t\t\t\t<div class=\"elementor-element elementor-element-c85061b elementor-widget elementor-widget-spacer\" data-id=\"c85061b\" data-element_type=\"widget\" data-widget_type=\"spacer.default\">\n\t\t\t\t<div class=\"elementor-widget-container\">\n\t\t\t\t\t<div class=\"elementor-spacer\">\n\t\t\t<div class=\"elementor-spacer-inner\"><\/div>\n\t\t<\/div>\n\t\t\t\t<\/div>\n\t\t\t\t<\/div>\n\t\t\t\t<div class=\"elementor-element elementor-element-40df9cc elementor-widget elementor-widget-olema_core_button\" data-id=\"40df9cc\" data-element_type=\"widget\" data-widget_type=\"olema_core_button.default\">\n\t\t\t\t<div class=\"elementor-widget-container\">\n\t\t\t<a class=\"qodef-shortcode qodef-m  qodef-button qodef-layout--outlined  qodef-html--link\" href=\"https:\/\/entradit.it\/de\/cesare-beccaria\/\" target=\"_self\"  >\n\t<span class=\"qodef-m-text\">Mehr<\/span><span class=\"qodef-m-dot\" >\u25cf<\/span>\n<\/a>\t\t<\/div>\n\t\t\t\t<\/div>\n\t\t\t\t\t\t<\/div>\n\t\t\t\t\t<\/div>\n\t\t<\/div>\n\t\t\t\t<div class=\"elementor-column elementor-col-50 elementor-inner-column elementor-element elementor-element-7580a17\" data-id=\"7580a17\" data-element_type=\"column\">\n\t\t\t<div class=\"elementor-column-wrap elementor-element-populated\">\n\t\t\t\t\t\t\t<div class=\"elementor-widget-wrap\">\n\t\t\t\t\t\t<div class=\"elementor-element elementor-element-c939718 elementor-widget elementor-widget-image\" data-id=\"c939718\" data-element_type=\"widget\" data-widget_type=\"image.default\">\n\t\t\t\t<div class=\"elementor-widget-container\">\n\t\t\t\t\t\t\t\t<div class=\"elementor-image\">\n\t\t\t\t\t\t\t\t\t\t\t\t<img width=\"1200\" height=\"630\" src=\"https:\/\/entradit.it\/wp-content\/uploads\/2026\/03\/BECCARIA-Monumento-piazza-Beccaria_royaltyfree.jpg\" class=\"attachment-full size-full\" alt=\"\" loading=\"lazy\" srcset=\"https:\/\/entradit.it\/wp-content\/uploads\/2026\/03\/BECCARIA-Monumento-piazza-Beccaria_royaltyfree.jpg 1200w, https:\/\/entradit.it\/wp-content\/uploads\/2026\/03\/BECCARIA-Monumento-piazza-Beccaria_royaltyfree-300x158.jpg 300w, https:\/\/entradit.it\/wp-content\/uploads\/2026\/03\/BECCARIA-Monumento-piazza-Beccaria_royaltyfree-1024x538.jpg 1024w, https:\/\/entradit.it\/wp-content\/uploads\/2026\/03\/BECCARIA-Monumento-piazza-Beccaria_royaltyfree-768x403.jpg 768w\" sizes=\"(max-width: 1200px) 100vw, 1200px\" \/>\t\t\t\t\t\t\t\t\t\t\t\t\t\t<\/div>\n\t\t\t\t\t\t<\/div>\n\t\t\t\t<\/div>\n\t\t\t\t\t\t<\/div>\n\t\t\t\t\t<\/div>\n\t\t<\/div>\n\t\t\t\t\t\t\t\t<\/div>\n\t\t\t\t\t<\/div>\n\t\t<\/section>\n\t\t\t\t<section class=\"elementor-section elementor-inner-section elementor-element elementor-element-d3f6be5 elementor-section-full_width qodef-custom-image-text-section elementor-section-height-default elementor-section-height-default qodef-elementor-content-no\" data-id=\"d3f6be5\" data-element_type=\"section\">\n\t\t\t\t\t\t<div class=\"elementor-container elementor-column-gap-no\">\n\t\t\t\t\t\t\t<div class=\"elementor-row\">\n\t\t\t\t\t<div class=\"elementor-column elementor-col-50 elementor-inner-column elementor-element elementor-element-333caad\" data-id=\"333caad\" data-element_type=\"column\">\n\t\t\t<div class=\"elementor-column-wrap elementor-element-populated\">\n\t\t\t\t\t\t\t<div class=\"elementor-widget-wrap\">\n\t\t\t\t\t\t<div class=\"elementor-element elementor-element-41a11df elementor-widget elementor-widget-image\" data-id=\"41a11df\" data-element_type=\"widget\" data-widget_type=\"image.default\">\n\t\t\t\t<div class=\"elementor-widget-container\">\n\t\t\t\t\t\t\t\t<div class=\"elementor-image\">\n\t\t\t\t\t\t\t\t\t\t\t\t<img width=\"1440\" height=\"800\" src=\"https:\/\/entradit.it\/wp-content\/uploads\/2020\/11\/giordano-bruno_ritratto.jpg\" class=\"attachment-full size-full\" alt=\"\" loading=\"lazy\" srcset=\"https:\/\/entradit.it\/wp-content\/uploads\/2020\/11\/giordano-bruno_ritratto.jpg 1440w, https:\/\/entradit.it\/wp-content\/uploads\/2020\/11\/giordano-bruno_ritratto-300x167.jpg 300w, https:\/\/entradit.it\/wp-content\/uploads\/2020\/11\/giordano-bruno_ritratto-1024x569.jpg 1024w, https:\/\/entradit.it\/wp-content\/uploads\/2020\/11\/giordano-bruno_ritratto-768x427.jpg 768w\" sizes=\"(max-width: 1440px) 100vw, 1440px\" \/>\t\t\t\t\t\t\t\t\t\t\t\t\t\t<\/div>\n\t\t\t\t\t\t<\/div>\n\t\t\t\t<\/div>\n\t\t\t\t\t\t<\/div>\n\t\t\t\t\t<\/div>\n\t\t<\/div>\n\t\t\t\t<div class=\"elementor-column elementor-col-50 elementor-inner-column elementor-element elementor-element-8ab0825\" data-id=\"8ab0825\" data-element_type=\"column\">\n\t\t\t<div class=\"elementor-column-wrap elementor-element-populated\">\n\t\t\t\t\t\t\t<div class=\"elementor-widget-wrap\">\n\t\t\t\t\t\t<div class=\"elementor-element elementor-element-5fd306b elementor-widget elementor-widget-olema_core_section_title\" data-id=\"5fd306b\" data-element_type=\"widget\" data-widget_type=\"olema_core_section_title.default\">\n\t\t\t\t<div class=\"elementor-widget-container\">\n\t\t\t<div class=\"qodef-shortcode qodef-m  qodef-section-title qodef-alignment--left  qodef--has-appear\"  style=\"max-width: 560px\">\n\t\t\t<h2 class=\"qodef-m-title\" >\n\t\t\t\t\tGiordano Bruno\t\t\t<\/h2>\n\t\t<p class=\"qodef-m-text\" style=\"margin-top: 10px\">Er wurde 1548 in Nola in Kampanien als Sohn der Familie Bruni geboren. Im Alter von 17 Jahren trat er in das Kloster San Domenico in Neapel ein. 1576 beschloss er in Rom, das kirchliche Ordenskleid abzulegen, nachdem er wegen seiner revolution\u00e4ren Ideen der Ketzerei bezichtigt worden war.<\/p>\n<\/div>\t\t<\/div>\n\t\t\t\t<\/div>\n\t\t\t\t<div class=\"elementor-element elementor-element-62814be elementor-widget elementor-widget-spacer\" data-id=\"62814be\" data-element_type=\"widget\" data-widget_type=\"spacer.default\">\n\t\t\t\t<div class=\"elementor-widget-container\">\n\t\t\t\t\t<div class=\"elementor-spacer\">\n\t\t\t<div class=\"elementor-spacer-inner\"><\/div>\n\t\t<\/div>\n\t\t\t\t<\/div>\n\t\t\t\t<\/div>\n\t\t\t\t<div class=\"elementor-element elementor-element-bafc2ab elementor-widget elementor-widget-olema_core_button\" data-id=\"bafc2ab\" data-element_type=\"widget\" data-widget_type=\"olema_core_button.default\">\n\t\t\t\t<div class=\"elementor-widget-container\">\n\t\t\t<a class=\"qodef-shortcode qodef-m  qodef-button qodef-layout--outlined  qodef-html--link\" href=\"https:\/\/entradit.it\/de\/giordano-bruno\/\" target=\"_self\"  >\n\t<span class=\"qodef-m-text\">Mehr<\/span><span class=\"qodef-m-dot\" >\u25cf<\/span>\n<\/a>\t\t<\/div>\n\t\t\t\t<\/div>\n\t\t\t\t\t\t<\/div>\n\t\t\t\t\t<\/div>\n\t\t<\/div>\n\t\t\t\t\t\t\t\t<\/div>\n\t\t\t\t\t<\/div>\n\t\t<\/section>\n\t\t\t\t<section class=\"elementor-section elementor-inner-section elementor-element elementor-element-4e8ab3a elementor-section-full_width elementor-reverse-tablet elementor-reverse-mobile qodef-custom-image-text-section elementor-section-height-default elementor-section-height-default qodef-elementor-content-no\" data-id=\"4e8ab3a\" data-element_type=\"section\">\n\t\t\t\t\t\t<div class=\"elementor-container elementor-column-gap-no\">\n\t\t\t\t\t\t\t<div class=\"elementor-row\">\n\t\t\t\t\t<div class=\"elementor-column elementor-col-50 elementor-inner-column elementor-element elementor-element-c3ee341\" data-id=\"c3ee341\" data-element_type=\"column\">\n\t\t\t<div class=\"elementor-column-wrap elementor-element-populated\">\n\t\t\t\t\t\t\t<div class=\"elementor-widget-wrap\">\n\t\t\t\t\t\t<div class=\"elementor-element elementor-element-a3b4dad elementor-widget elementor-widget-olema_core_section_title\" data-id=\"a3b4dad\" data-element_type=\"widget\" data-widget_type=\"olema_core_section_title.default\">\n\t\t\t\t<div class=\"elementor-widget-container\">\n\t\t\t<div class=\"qodef-shortcode qodef-m  qodef-section-title qodef-alignment--left  qodef--has-appear\"  style=\"max-width: 560px\">\n\t\t\t<h2 class=\"qodef-m-title\" >\n\t\t\t\t\tTommaso Campanella\t\t\t<\/h2>\n\t\t<p class=\"qodef-m-text\" style=\"margin-top: 10px\">Er wurde 1568 in Stilo, Kalabrien, geboren. Er trat als Jugendlicher in den Dominikanerorden ein und formte seine philosophische Kultur durch die Lekt\u00fcre der Werke der Platoniker und der Werke von Telesio.<\/p>\n<\/div>\t\t<\/div>\n\t\t\t\t<\/div>\n\t\t\t\t<div class=\"elementor-element elementor-element-8a98812 elementor-widget elementor-widget-spacer\" data-id=\"8a98812\" data-element_type=\"widget\" data-widget_type=\"spacer.default\">\n\t\t\t\t<div class=\"elementor-widget-container\">\n\t\t\t\t\t<div class=\"elementor-spacer\">\n\t\t\t<div class=\"elementor-spacer-inner\"><\/div>\n\t\t<\/div>\n\t\t\t\t<\/div>\n\t\t\t\t<\/div>\n\t\t\t\t<div class=\"elementor-element elementor-element-5523084 elementor-widget elementor-widget-olema_core_button\" data-id=\"5523084\" data-element_type=\"widget\" data-widget_type=\"olema_core_button.default\">\n\t\t\t\t<div class=\"elementor-widget-container\">\n\t\t\t<a class=\"qodef-shortcode qodef-m  qodef-button qodef-layout--outlined  qodef-html--link\" href=\"https:\/\/entradit.it\/de\/tommaso-campanella\/\" target=\"_self\"  >\n\t<span class=\"qodef-m-text\">Mehr<\/span><span class=\"qodef-m-dot\" >\u25cf<\/span>\n<\/a>\t\t<\/div>\n\t\t\t\t<\/div>\n\t\t\t\t\t\t<\/div>\n\t\t\t\t\t<\/div>\n\t\t<\/div>\n\t\t\t\t<div class=\"elementor-column elementor-col-50 elementor-inner-column elementor-element elementor-element-77c384a\" data-id=\"77c384a\" data-element_type=\"column\">\n\t\t\t<div class=\"elementor-column-wrap elementor-element-populated\">\n\t\t\t\t\t\t\t<div class=\"elementor-widget-wrap\">\n\t\t\t\t\t\t<div class=\"elementor-element elementor-element-00d3c70 elementor-widget elementor-widget-image\" data-id=\"00d3c70\" data-element_type=\"widget\" data-widget_type=\"image.default\">\n\t\t\t\t<div class=\"elementor-widget-container\">\n\t\t\t\t\t\t\t\t<div class=\"elementor-image\">\n\t\t\t\t\t\t\t\t\t\t\t\t<img width=\"1440\" height=\"800\" src=\"https:\/\/entradit.it\/wp-content\/uploads\/2020\/11\/Tommaso-Campanella_ritratto.jpg\" class=\"attachment-full size-full\" alt=\"\" loading=\"lazy\" srcset=\"https:\/\/entradit.it\/wp-content\/uploads\/2020\/11\/Tommaso-Campanella_ritratto.jpg 1440w, https:\/\/entradit.it\/wp-content\/uploads\/2020\/11\/Tommaso-Campanella_ritratto-300x167.jpg 300w, https:\/\/entradit.it\/wp-content\/uploads\/2020\/11\/Tommaso-Campanella_ritratto-1024x569.jpg 1024w, https:\/\/entradit.it\/wp-content\/uploads\/2020\/11\/Tommaso-Campanella_ritratto-768x427.jpg 768w\" sizes=\"(max-width: 1440px) 100vw, 1440px\" \/>\t\t\t\t\t\t\t\t\t\t\t\t\t\t<\/div>\n\t\t\t\t\t\t<\/div>\n\t\t\t\t<\/div>\n\t\t\t\t\t\t<\/div>\n\t\t\t\t\t<\/div>\n\t\t<\/div>\n\t\t\t\t\t\t\t\t<\/div>\n\t\t\t\t\t<\/div>\n\t\t<\/section>\n\t\t\t\t<section class=\"elementor-section elementor-inner-section elementor-element elementor-element-dbe96bd elementor-section-full_width elementor-reverse-tablet elementor-reverse-mobile qodef-custom-image-text-section elementor-section-height-default elementor-section-height-default qodef-elementor-content-no\" data-id=\"dbe96bd\" data-element_type=\"section\">\n\t\t\t\t\t\t<div class=\"elementor-container elementor-column-gap-no\">\n\t\t\t\t\t\t\t<div class=\"elementor-row\">\n\t\t\t\t\t<div class=\"elementor-column elementor-col-50 elementor-inner-column elementor-element elementor-element-e3ad1ef\" data-id=\"e3ad1ef\" data-element_type=\"column\">\n\t\t\t<div class=\"elementor-column-wrap elementor-element-populated\">\n\t\t\t\t\t\t\t<div class=\"elementor-widget-wrap\">\n\t\t\t\t\t\t<div class=\"elementor-element elementor-element-6f58b53 elementor-widget elementor-widget-image\" data-id=\"6f58b53\" data-element_type=\"widget\" data-widget_type=\"image.default\">\n\t\t\t\t<div class=\"elementor-widget-container\">\n\t\t\t\t\t\t\t\t<div class=\"elementor-image\">\n\t\t\t\t\t\t\t\t\t\t\t\t<img width=\"2015\" height=\"1121\" src=\"https:\/\/entradit.it\/wp-content\/uploads\/2026\/03\/Galileo-Galilei_common-license-scaled-1.jpg\" class=\"attachment-full size-full\" alt=\"\" loading=\"lazy\" srcset=\"https:\/\/entradit.it\/wp-content\/uploads\/2026\/03\/Galileo-Galilei_common-license-scaled-1.jpg 2015w, https:\/\/entradit.it\/wp-content\/uploads\/2026\/03\/Galileo-Galilei_common-license-scaled-1-300x167.jpg 300w, https:\/\/entradit.it\/wp-content\/uploads\/2026\/03\/Galileo-Galilei_common-license-scaled-1-1024x570.jpg 1024w, https:\/\/entradit.it\/wp-content\/uploads\/2026\/03\/Galileo-Galilei_common-license-scaled-1-768x427.jpg 768w, https:\/\/entradit.it\/wp-content\/uploads\/2026\/03\/Galileo-Galilei_common-license-scaled-1-1536x855.jpg 1536w\" sizes=\"(max-width: 2015px) 100vw, 2015px\" \/>\t\t\t\t\t\t\t\t\t\t\t\t\t\t<\/div>\n\t\t\t\t\t\t<\/div>\n\t\t\t\t<\/div>\n\t\t\t\t\t\t<\/div>\n\t\t\t\t\t<\/div>\n\t\t<\/div>\n\t\t\t\t<div class=\"elementor-column elementor-col-50 elementor-inner-column elementor-element elementor-element-05625e2\" data-id=\"05625e2\" data-element_type=\"column\">\n\t\t\t<div class=\"elementor-column-wrap elementor-element-populated\">\n\t\t\t\t\t\t\t<div class=\"elementor-widget-wrap\">\n\t\t\t\t\t\t<div class=\"elementor-element elementor-element-f4153b9 elementor-widget elementor-widget-olema_core_section_title\" data-id=\"f4153b9\" data-element_type=\"widget\" data-widget_type=\"olema_core_section_title.default\">\n\t\t\t\t<div class=\"elementor-widget-container\">\n\t\t\t<div class=\"qodef-shortcode qodef-m  qodef-section-title qodef-alignment--left  qodef--has-appear\"  style=\"max-width: 560px\">\n\t\t\t<h2 class=\"qodef-m-title\" >\n\t\t\t\t\tGalileo Galilei\t\t\t<\/h2>\n\t\t<p class=\"qodef-m-text\" style=\"margin-top: 10px\">Er wird 1564 in Pisa geboren und widmet sich schon in jungen Jahren der formalen Pflege seines k\u00fcnstlerischen Talents; bis zu seiner Universit\u00e4tsimmatrikulation jedoch, etwa im Alter von sechzehn Jahren, entwickelt er eine starke Leidenschaft f\u00fcr das Studium der Mathematik und der euklidischen Geometrie.<\/p>\n<\/div>\t\t<\/div>\n\t\t\t\t<\/div>\n\t\t\t\t<div class=\"elementor-element elementor-element-36b67fc elementor-widget elementor-widget-spacer\" data-id=\"36b67fc\" data-element_type=\"widget\" data-widget_type=\"spacer.default\">\n\t\t\t\t<div class=\"elementor-widget-container\">\n\t\t\t\t\t<div class=\"elementor-spacer\">\n\t\t\t<div class=\"elementor-spacer-inner\"><\/div>\n\t\t<\/div>\n\t\t\t\t<\/div>\n\t\t\t\t<\/div>\n\t\t\t\t<div class=\"elementor-element elementor-element-8841014 elementor-widget elementor-widget-olema_core_button\" data-id=\"8841014\" data-element_type=\"widget\" data-widget_type=\"olema_core_button.default\">\n\t\t\t\t<div class=\"elementor-widget-container\">\n\t\t\t<a class=\"qodef-shortcode qodef-m  qodef-button qodef-layout--outlined  qodef-html--link\" href=\"https:\/\/entradit.it\/de\/galileo-galilei\/\" target=\"_self\"  >\n\t<span class=\"qodef-m-text\">Mehr<\/span><span class=\"qodef-m-dot\" >\u25cf<\/span>\n<\/a>\t\t<\/div>\n\t\t\t\t<\/div>\n\t\t\t\t\t\t<\/div>\n\t\t\t\t\t<\/div>\n\t\t<\/div>\n\t\t\t\t\t\t\t\t<\/div>\n\t\t\t\t\t<\/div>\n\t\t<\/section>\n\t\t\t\t<section class=\"elementor-section elementor-inner-section elementor-element elementor-element-8e143a5 elementor-section-full_width elementor-reverse-tablet elementor-reverse-mobile qodef-custom-image-text-section elementor-section-height-default elementor-section-height-default qodef-elementor-content-no\" data-id=\"8e143a5\" data-element_type=\"section\">\n\t\t\t\t\t\t<div class=\"elementor-container elementor-column-gap-no\">\n\t\t\t\t\t\t\t<div class=\"elementor-row\">\n\t\t\t\t\t<div class=\"elementor-column elementor-col-50 elementor-inner-column elementor-element elementor-element-fc3ec63\" data-id=\"fc3ec63\" data-element_type=\"column\">\n\t\t\t<div class=\"elementor-column-wrap elementor-element-populated\">\n\t\t\t\t\t\t\t<div class=\"elementor-widget-wrap\">\n\t\t\t\t\t\t<div class=\"elementor-element elementor-element-5a63b7a elementor-widget elementor-widget-olema_core_section_title\" data-id=\"5a63b7a\" data-element_type=\"widget\" data-widget_type=\"olema_core_section_title.default\">\n\t\t\t\t<div class=\"elementor-widget-container\">\n\t\t\t<div class=\"qodef-shortcode qodef-m  qodef-section-title qodef-alignment--left  qodef--has-appear\"  style=\"max-width: 560px\">\n\t\t\t<h2 class=\"qodef-m-title\" >\n\t\t\t\t\tNiccol\u00f2 Machiavelli\t\t\t<\/h2>\n\t\t<p class=\"qodef-m-text\" style=\"margin-top: 10px\">Er wird 1469 in Florenz geboren und widmet sich schon in sehr jungen Jahren dem Studium der Mathematik und der humanistischen F\u00e4cher, der Grammatik und insbesondere des Lateins.<\/p>\n<\/div>\t\t<\/div>\n\t\t\t\t<\/div>\n\t\t\t\t<div class=\"elementor-element elementor-element-7a0ab60 elementor-widget elementor-widget-spacer\" data-id=\"7a0ab60\" data-element_type=\"widget\" data-widget_type=\"spacer.default\">\n\t\t\t\t<div class=\"elementor-widget-container\">\n\t\t\t\t\t<div class=\"elementor-spacer\">\n\t\t\t<div class=\"elementor-spacer-inner\"><\/div>\n\t\t<\/div>\n\t\t\t\t<\/div>\n\t\t\t\t<\/div>\n\t\t\t\t<div class=\"elementor-element elementor-element-2fb3e58 elementor-widget elementor-widget-olema_core_button\" data-id=\"2fb3e58\" data-element_type=\"widget\" data-widget_type=\"olema_core_button.default\">\n\t\t\t\t<div class=\"elementor-widget-container\">\n\t\t\t<a class=\"qodef-shortcode qodef-m  qodef-button qodef-layout--outlined  qodef-html--link\" href=\"https:\/\/entradit.it\/de\/niccolo-machiavelli\/\" target=\"_self\"  >\n\t<span class=\"qodef-m-text\">Mehr<\/span><span class=\"qodef-m-dot\" >\u25cf<\/span>\n<\/a>\t\t<\/div>\n\t\t\t\t<\/div>\n\t\t\t\t\t\t<\/div>\n\t\t\t\t\t<\/div>\n\t\t<\/div>\n\t\t\t\t<div class=\"elementor-column elementor-col-50 elementor-inner-column elementor-element elementor-element-10c2f9c\" data-id=\"10c2f9c\" data-element_type=\"column\">\n\t\t\t<div class=\"elementor-column-wrap elementor-element-populated\">\n\t\t\t\t\t\t\t<div class=\"elementor-widget-wrap\">\n\t\t\t\t\t\t<div class=\"elementor-element elementor-element-bb38404 elementor-widget elementor-widget-image\" data-id=\"bb38404\" data-element_type=\"widget\" data-widget_type=\"image.default\">\n\t\t\t\t<div class=\"elementor-widget-container\">\n\t\t\t\t\t\t\t\t<div class=\"elementor-image\">\n\t\t\t\t\t\t\t\t\t\t\t\t<img width=\"2400\" height=\"1200\" src=\"https:\/\/entradit.it\/wp-content\/uploads\/2026\/03\/Niccolo-Machiavelli_Lorenzo-Bartolini_Uffizi.jpg\" class=\"attachment-full size-full\" alt=\"\" loading=\"lazy\" srcset=\"https:\/\/entradit.it\/wp-content\/uploads\/2026\/03\/Niccolo-Machiavelli_Lorenzo-Bartolini_Uffizi.jpg 2400w, https:\/\/entradit.it\/wp-content\/uploads\/2026\/03\/Niccolo-Machiavelli_Lorenzo-Bartolini_Uffizi-300x150.jpg 300w, https:\/\/entradit.it\/wp-content\/uploads\/2026\/03\/Niccolo-Machiavelli_Lorenzo-Bartolini_Uffizi-1024x512.jpg 1024w, https:\/\/entradit.it\/wp-content\/uploads\/2026\/03\/Niccolo-Machiavelli_Lorenzo-Bartolini_Uffizi-768x384.jpg 768w, https:\/\/entradit.it\/wp-content\/uploads\/2026\/03\/Niccolo-Machiavelli_Lorenzo-Bartolini_Uffizi-1536x768.jpg 1536w, https:\/\/entradit.it\/wp-content\/uploads\/2026\/03\/Niccolo-Machiavelli_Lorenzo-Bartolini_Uffizi-2048x1024.jpg 2048w, https:\/\/entradit.it\/wp-content\/uploads\/2026\/03\/Niccolo-Machiavelli_Lorenzo-Bartolini_Uffizi-1300x650.jpg 1300w\" sizes=\"(max-width: 2400px) 100vw, 2400px\" \/>\t\t\t\t\t\t\t\t\t\t\t\t\t\t<\/div>\n\t\t\t\t\t\t<\/div>\n\t\t\t\t<\/div>\n\t\t\t\t\t\t<\/div>\n\t\t\t\t\t<\/div>\n\t\t<\/div>\n\t\t\t\t\t\t\t\t<\/div>\n\t\t\t\t\t<\/div>\n\t\t<\/section>\n\t\t\t\t<section class=\"elementor-section elementor-inner-section elementor-element elementor-element-980771b elementor-section-full_width elementor-reverse-tablet elementor-reverse-mobile qodef-custom-image-text-section elementor-section-height-default elementor-section-height-default qodef-elementor-content-no\" data-id=\"980771b\" data-element_type=\"section\">\n\t\t\t\t\t\t<div class=\"elementor-container elementor-column-gap-no\">\n\t\t\t\t\t\t\t<div class=\"elementor-row\">\n\t\t\t\t\t<div class=\"elementor-column elementor-col-50 elementor-inner-column elementor-element elementor-element-d904948\" data-id=\"d904948\" data-element_type=\"column\">\n\t\t\t<div class=\"elementor-column-wrap elementor-element-populated\">\n\t\t\t\t\t\t\t<div class=\"elementor-widget-wrap\">\n\t\t\t\t\t\t<div class=\"elementor-element elementor-element-1d2e3b3 elementor-widget elementor-widget-image\" data-id=\"1d2e3b3\" data-element_type=\"widget\" data-widget_type=\"image.default\">\n\t\t\t\t<div class=\"elementor-widget-container\">\n\t\t\t\t\t\t\t\t<div class=\"elementor-image\">\n\t\t\t\t\t\t\t\t\t\t\t\t<img width=\"1440\" height=\"800\" src=\"https:\/\/entradit.it\/wp-content\/uploads\/2020\/11\/Bernardino_Telesio_ritratto.jpg\" class=\"attachment-full size-full\" alt=\"\" loading=\"lazy\" srcset=\"https:\/\/entradit.it\/wp-content\/uploads\/2020\/11\/Bernardino_Telesio_ritratto.jpg 1440w, https:\/\/entradit.it\/wp-content\/uploads\/2020\/11\/Bernardino_Telesio_ritratto-300x167.jpg 300w, https:\/\/entradit.it\/wp-content\/uploads\/2020\/11\/Bernardino_Telesio_ritratto-1024x569.jpg 1024w, https:\/\/entradit.it\/wp-content\/uploads\/2020\/11\/Bernardino_Telesio_ritratto-768x427.jpg 768w\" sizes=\"(max-width: 1440px) 100vw, 1440px\" \/>\t\t\t\t\t\t\t\t\t\t\t\t\t\t<\/div>\n\t\t\t\t\t\t<\/div>\n\t\t\t\t<\/div>\n\t\t\t\t\t\t<\/div>\n\t\t\t\t\t<\/div>\n\t\t<\/div>\n\t\t\t\t<div class=\"elementor-column elementor-col-50 elementor-inner-column elementor-element elementor-element-81aa6e6\" data-id=\"81aa6e6\" data-element_type=\"column\">\n\t\t\t<div class=\"elementor-column-wrap elementor-element-populated\">\n\t\t\t\t\t\t\t<div class=\"elementor-widget-wrap\">\n\t\t\t\t\t\t<div class=\"elementor-element elementor-element-bd0e573 elementor-widget elementor-widget-olema_core_section_title\" data-id=\"bd0e573\" data-element_type=\"widget\" data-widget_type=\"olema_core_section_title.default\">\n\t\t\t\t<div class=\"elementor-widget-container\">\n\t\t\t<div class=\"qodef-shortcode qodef-m  qodef-section-title qodef-alignment--left  qodef--has-appear\"  style=\"max-width: 560px\">\n\t\t\t<h2 class=\"qodef-m-title\" >\n\t\t\t\t\tBernardino Telesio\t\t\t<\/h2>\n\t\t<p class=\"qodef-m-text\" style=\"margin-top: 10px\">Er wurde 1509 in Cosenza geboren, wo er sich etwa ein Jahrzehnt lang aufhielt. Ab 1518 folgte er seinem Onkel Antonio, ein gro\u00dfer Humanist und Intellektuell, zun\u00e4chst nach Mailand und dann nach Rom. Dort war er im Jahr 1527 ungef\u00e4hr zwei Monate lang Gefangener der Truppen, die f\u00fcr die Pl\u00fcnderung Roms (Sacco di Roma) verantwortlich waren.<\/p>\n<\/div>\t\t<\/div>\n\t\t\t\t<\/div>\n\t\t\t\t<div class=\"elementor-element elementor-element-8a29958 elementor-widget elementor-widget-spacer\" data-id=\"8a29958\" data-element_type=\"widget\" data-widget_type=\"spacer.default\">\n\t\t\t\t<div class=\"elementor-widget-container\">\n\t\t\t\t\t<div class=\"elementor-spacer\">\n\t\t\t<div class=\"elementor-spacer-inner\"><\/div>\n\t\t<\/div>\n\t\t\t\t<\/div>\n\t\t\t\t<\/div>\n\t\t\t\t<div class=\"elementor-element elementor-element-2789878 elementor-widget elementor-widget-olema_core_button\" data-id=\"2789878\" data-element_type=\"widget\" data-widget_type=\"olema_core_button.default\">\n\t\t\t\t<div class=\"elementor-widget-container\">\n\t\t\t<a class=\"qodef-shortcode qodef-m  qodef-button qodef-layout--outlined  qodef-html--link\" href=\"https:\/\/entradit.it\/de\/bernardino-telesio\/\" target=\"_self\"  >\n\t<span class=\"qodef-m-text\">Mehr<\/span><span class=\"qodef-m-dot\" >\u25cf<\/span>\n<\/a>\t\t<\/div>\n\t\t\t\t<\/div>\n\t\t\t\t\t\t<\/div>\n\t\t\t\t\t<\/div>\n\t\t<\/div>\n\t\t\t\t\t\t\t\t<\/div>\n\t\t\t\t\t<\/div>\n\t\t<\/section>\n\t\t\t\t\t\t<\/div>\n\t\t\t\t\t<\/div>\n\t\t<\/div>\n\t\t\t\t\t\t\t\t<\/div>\n\t\t\t\t\t<\/div>\n\t\t<\/section>\n\t\t\t\t\t\t\t\t\t<\/div>\n\t\t\t<\/div>\n\t\t\t\t\t<\/div>\n\t\t","protected":false},"excerpt":{"rendered":"<p>Einleitung zu den autoren Die Auswahl der Autoren stellte und stellt eine sehr schwierige Herausforderung dar, denn die Wahl einiger Pers\u00f6nlichkeiten aus der literarischen Welt anstelle anderer, ist sicherlich einschr\u00e4nkend. Wir haben jedoch einige Kriterien ausgew\u00e4hlt, die den Zweck des Projekts [link homepage] erf\u00fcllen w\u00fcrden: die Auswirkungen auf die italienische Sprache, der Einfluss auf eine [&hellip;]<\/p>\n","protected":false},"author":1,"featured_media":0,"parent":0,"menu_order":0,"comment_status":"closed","ping_status":"closed","template":"page-full-width.php","meta":[],"yoast_head":"<!-- This site is optimized with the Yoast SEO plugin v19.6.1 - https:\/\/yoast.com\/wordpress\/plugins\/seo\/ -->\n<title>Autoren - Entradit<\/title>\n<meta name=\"robots\" content=\"index, follow, max-snippet:-1, max-image-preview:large, max-video-preview:-1\" \/>\n<link rel=\"canonical\" href=\"https:\/\/entradit.it\/de\/autoren\/\" \/>\n<meta property=\"og:locale\" content=\"de_DE\" \/>\n<meta property=\"og:type\" content=\"article\" \/>\n<meta property=\"og:title\" content=\"Autoren - Entradit\" \/>\n<meta property=\"og:description\" content=\"Einleitung zu den autoren Die Auswahl der Autoren stellte und stellt eine sehr schwierige Herausforderung dar, denn die Wahl einiger Pers\u00f6nlichkeiten aus der literarischen Welt anstelle anderer, ist sicherlich einschr\u00e4nkend. Wir haben jedoch einige Kriterien ausgew\u00e4hlt, die den Zweck des Projekts [link homepage] erf\u00fcllen w\u00fcrden: die Auswirkungen auf die italienische Sprache, der Einfluss auf eine [&hellip;]\" \/>\n<meta property=\"og:url\" content=\"https:\/\/entradit.it\/de\/autoren\/\" \/>\n<meta property=\"og:site_name\" content=\"Entradit\" \/>\n<meta property=\"article:modified_time\" content=\"2026-03-20T14:24:22+00:00\" \/>\n<meta property=\"og:image\" content=\"https:\/\/entradit.it\/wp-content\/uploads\/2026\/03\/BECCARIA-Monumento-piazza-Beccaria_royaltyfree.jpg\" \/>\n<meta name=\"twitter:card\" content=\"summary_large_image\" \/>\n<meta name=\"twitter:label1\" content=\"Gesch\u00e4tzte Lesezeit\" \/>\n\t<meta name=\"twitter:data1\" content=\"4\u00a0Minuten\" \/>\n<script type=\"application\/ld+json\" class=\"yoast-schema-graph\">{\"@context\":\"https:\/\/schema.org\",\"@graph\":[{\"@type\":\"WebPage\",\"@id\":\"https:\/\/entradit.it\/de\/autoren\/\",\"url\":\"https:\/\/entradit.it\/de\/autoren\/\",\"name\":\"Autoren - Entradit\",\"isPartOf\":{\"@id\":\"https:\/\/entradit.it\/de\/#website\"},\"datePublished\":\"2020-04-21T12:00:59+00:00\",\"dateModified\":\"2026-03-20T14:24:22+00:00\",\"breadcrumb\":{\"@id\":\"https:\/\/entradit.it\/de\/autoren\/#breadcrumb\"},\"inLanguage\":\"de\",\"potentialAction\":[{\"@type\":\"ReadAction\",\"target\":[\"https:\/\/entradit.it\/de\/autoren\/\"]}]},{\"@type\":\"BreadcrumbList\",\"@id\":\"https:\/\/entradit.it\/de\/autoren\/#breadcrumb\",\"itemListElement\":[{\"@type\":\"ListItem\",\"position\":1,\"name\":\"Home\",\"item\":\"https:\/\/entradit.it\/de\/\"},{\"@type\":\"ListItem\",\"position\":2,\"name\":\"Autoren\"}]},{\"@type\":\"WebSite\",\"@id\":\"https:\/\/entradit.it\/de\/#website\",\"url\":\"https:\/\/entradit.it\/de\/\",\"name\":\"Entradit\",\"description\":\"L\u2019Edizione nazionale del Compendio delle traduzioni italiane nel mondo\",\"potentialAction\":[{\"@type\":\"SearchAction\",\"target\":{\"@type\":\"EntryPoint\",\"urlTemplate\":\"https:\/\/entradit.it\/de\/?s={search_term_string}\"},\"query-input\":\"required name=search_term_string\"}],\"inLanguage\":\"de\"}]}<\/script>\n<!-- \/ Yoast SEO plugin. -->","yoast_head_json":{"title":"Autoren - Entradit","robots":{"index":"index","follow":"follow","max-snippet":"max-snippet:-1","max-image-preview":"max-image-preview:large","max-video-preview":"max-video-preview:-1"},"canonical":"https:\/\/entradit.it\/de\/autoren\/","og_locale":"de_DE","og_type":"article","og_title":"Autoren - Entradit","og_description":"Einleitung zu den autoren Die Auswahl der Autoren stellte und stellt eine sehr schwierige Herausforderung dar, denn die Wahl einiger Pers\u00f6nlichkeiten aus der literarischen Welt anstelle anderer, ist sicherlich einschr\u00e4nkend. Wir haben jedoch einige Kriterien ausgew\u00e4hlt, die den Zweck des Projekts [link homepage] erf\u00fcllen w\u00fcrden: die Auswirkungen auf die italienische Sprache, der Einfluss auf eine [&hellip;]","og_url":"https:\/\/entradit.it\/de\/autoren\/","og_site_name":"Entradit","article_modified_time":"2026-03-20T14:24:22+00:00","og_image":[{"url":"https:\/\/entradit.it\/wp-content\/uploads\/2026\/03\/BECCARIA-Monumento-piazza-Beccaria_royaltyfree.jpg"}],"twitter_card":"summary_large_image","twitter_misc":{"Gesch\u00e4tzte Lesezeit":"4\u00a0Minuten"},"schema":{"@context":"https:\/\/schema.org","@graph":[{"@type":"WebPage","@id":"https:\/\/entradit.it\/de\/autoren\/","url":"https:\/\/entradit.it\/de\/autoren\/","name":"Autoren - Entradit","isPartOf":{"@id":"https:\/\/entradit.it\/de\/#website"},"datePublished":"2020-04-21T12:00:59+00:00","dateModified":"2026-03-20T14:24:22+00:00","breadcrumb":{"@id":"https:\/\/entradit.it\/de\/autoren\/#breadcrumb"},"inLanguage":"de","potentialAction":[{"@type":"ReadAction","target":["https:\/\/entradit.it\/de\/autoren\/"]}]},{"@type":"BreadcrumbList","@id":"https:\/\/entradit.it\/de\/autoren\/#breadcrumb","itemListElement":[{"@type":"ListItem","position":1,"name":"Home","item":"https:\/\/entradit.it\/de\/"},{"@type":"ListItem","position":2,"name":"Autoren"}]},{"@type":"WebSite","@id":"https:\/\/entradit.it\/de\/#website","url":"https:\/\/entradit.it\/de\/","name":"Entradit","description":"L\u2019Edizione nazionale del Compendio delle traduzioni italiane nel mondo","potentialAction":[{"@type":"SearchAction","target":{"@type":"EntryPoint","urlTemplate":"https:\/\/entradit.it\/de\/?s={search_term_string}"},"query-input":"required name=search_term_string"}],"inLanguage":"de"}]}},"_links":{"self":[{"href":"https:\/\/entradit.it\/de\/wp-json\/wp\/v2\/pages\/4140"}],"collection":[{"href":"https:\/\/entradit.it\/de\/wp-json\/wp\/v2\/pages"}],"about":[{"href":"https:\/\/entradit.it\/de\/wp-json\/wp\/v2\/types\/page"}],"author":[{"embeddable":true,"href":"https:\/\/entradit.it\/de\/wp-json\/wp\/v2\/users\/1"}],"replies":[{"embeddable":true,"href":"https:\/\/entradit.it\/de\/wp-json\/wp\/v2\/comments?post=4140"}],"version-history":[{"count":22,"href":"https:\/\/entradit.it\/de\/wp-json\/wp\/v2\/pages\/4140\/revisions"}],"predecessor-version":[{"id":6557,"href":"https:\/\/entradit.it\/de\/wp-json\/wp\/v2\/pages\/4140\/revisions\/6557"}],"wp:attachment":[{"href":"https:\/\/entradit.it\/de\/wp-json\/wp\/v2\/media?parent=4140"}],"curies":[{"name":"wp","href":"https:\/\/api.w.org\/{rel}","templated":true}]}}