{"id":4214,"date":"2020-11-11T15:16:13","date_gmt":"2020-11-11T14:16:13","guid":{"rendered":"https:\/\/test.hellodude.it\/compendio\/bernardino-telesio\/"},"modified":"2020-12-17T16:10:38","modified_gmt":"2020-12-17T15:10:38","slug":"bernardino-telesio","status":"publish","type":"page","link":"https:\/\/entradit.it\/de\/bernardino-telesio\/","title":{"rendered":"Bernardino Telesio"},"content":{"rendered":"\t\t<div data-elementor-type=\"wp-page\" data-elementor-id=\"4214\" class=\"elementor elementor-4214 elementor-3965\">\n\t\t\t\t\t\t<div class=\"elementor-inner\">\n\t\t\t\t<div class=\"elementor-section-wrap\">\n\t\t\t\t\t\t\t\t\t<section class=\"elementor-section elementor-top-section elementor-element elementor-element-793f87a elementor-section-boxed elementor-section-height-default elementor-section-height-default qodef-elementor-content-no\" data-id=\"793f87a\" data-element_type=\"section\">\n\t\t\t\t\t\t<div class=\"elementor-container elementor-column-gap-default\">\n\t\t\t\t\t\t\t<div class=\"elementor-row\">\n\t\t\t\t\t<div class=\"elementor-column elementor-col-100 elementor-top-column elementor-element elementor-element-8fdf58c\" data-id=\"8fdf58c\" data-element_type=\"column\">\n\t\t\t<div class=\"elementor-column-wrap elementor-element-populated\">\n\t\t\t\t\t\t\t<div class=\"elementor-widget-wrap\">\n\t\t\t\t\t\t<div class=\"elementor-element elementor-element-093df6d elementor-widget elementor-widget-image\" data-id=\"093df6d\" data-element_type=\"widget\" data-widget_type=\"image.default\">\n\t\t\t\t<div class=\"elementor-widget-container\">\n\t\t\t\t\t\t\t\t<div class=\"elementor-image\">\n\t\t\t\t\t\t\t\t\t\t\t\t<img width=\"1024\" height=\"569\" src=\"https:\/\/entradit.it\/wp-content\/uploads\/2020\/11\/Bernardino_Telesio_ritratto-1024x569.jpg\" class=\"attachment-large size-large\" alt=\"\" loading=\"lazy\" srcset=\"https:\/\/entradit.it\/wp-content\/uploads\/2020\/11\/Bernardino_Telesio_ritratto-1024x569.jpg 1024w, https:\/\/entradit.it\/wp-content\/uploads\/2020\/11\/Bernardino_Telesio_ritratto-300x167.jpg 300w, https:\/\/entradit.it\/wp-content\/uploads\/2020\/11\/Bernardino_Telesio_ritratto-768x427.jpg 768w, https:\/\/entradit.it\/wp-content\/uploads\/2020\/11\/Bernardino_Telesio_ritratto.jpg 1440w\" sizes=\"(max-width: 1024px) 100vw, 1024px\" \/>\t\t\t\t\t\t\t\t\t\t\t\t\t\t<\/div>\n\t\t\t\t\t\t<\/div>\n\t\t\t\t<\/div>\n\t\t\t\t<div class=\"elementor-element elementor-element-edd8f43 elementor-widget elementor-widget-text-editor\" data-id=\"edd8f43\" data-element_type=\"widget\" data-widget_type=\"text-editor.default\">\n\t\t\t\t<div class=\"elementor-widget-container\">\n\t\t\t\t\t\t\t\t<div class=\"elementor-text-editor elementor-clearfix\">\n\t\t\t\t<div class=\"block-editor-block-list__layout is-root-container\"><p class=\"p1\">Er wurde 1509 in Cosenza geboren, wo er sich etwa ein Jahrzehnt lang aufhielt. Ab 1518 folgte er seinem Onkel Antonio, ein gro\u00dfer Humanist und Intellektuell, zun\u00e4chst nach Mailand und dann nach Rom. Dort war er im Jahr 1527 ungef\u00e4hr zwei Monate lang Gefangener der Truppen, die f\u00fcr die Pl\u00fcnderung Roms (Sacco di Roma) verantwortlich waren. Nach kurzer Zeit musste Antonio Telesio zum Arbeiten nach Venedig umziehen, Bernardino folgte ihm und studierte Mathematik, Optik, Medizin und Philosophie an der Universit\u00e4t Padua, wo die alexandrinische Str\u00f6mung des Aristotelismus vorherrschte. Nachdem er Padua verlassen hatte, zog er sich in ein Benediktinerkloster zur\u00fcck, um sich der Forschung und Meditation zu widmen. Im Jahr 1553 heiratete er in Cosenza Diana Sersale, die jedoch einige Jahre sp\u00e4ter starb und seitdem musste Telesio sich um ihre vier Kinder k\u00fcmmern. Er gab der Akademie von Cosenza einen neuen Impuls und schaffte es, ihre literarischen und philosophischen Str\u00f6mungen zu ver\u00e4ndern. Im Jahr 1564 lehnte er das Angebot Pius IV. ab, Erzbischof von Cosenza zu werden, zugunsten seines Bruders. Im Jahr 1565 ver\u00f6ffentlichte er in Rom die ersten beiden B\u00fccher seines Hauptwerks, <i>De rerum natura iuxta propria principia. <\/i>Im Jahr 1570 druckte er sie in Neapel nach und 1586 erschien das Gesamtwerk in neun B\u00e4nden. Er f\u00fchrte verschiedene Gespr\u00e4che rund um <i>De rerum natura<\/i>, zuerst in Rom und dann in Neapel<span class=\"s1\">. <\/span>Der letzte Teil seines Lebens war gepr\u00e4gt &#8211; trotz wachsenden Erfolges &#8211; von der Ermordung seines erstgeborenen Sohnes Prospero (1576).<span class=\"Apple-converted-space\">\u00a0 <\/span>Telesio starb 1588 in Cosenza. <i>De rerum natura<\/i> wurde zusammen mit <i>Quod animal universum<\/i> und <i>De somno <\/i>in den Index der verbotenen B\u00fccher aufgenommen und der Name Telesio wurde erst 1990 aus dem Index gestrichen. Telesios Gedanken gehen von dem Aristotelismus aus, aber er l\u00f6st sich davon vor allem in Bezug auf die Doktrin der Elemente und der Bewegung und unterst\u00fctzt stattdessen die Wichtigkeit der Sensibilit\u00e4t als ausschlie\u00dfliche Quelle allen Wissens. Genau aus diesem Grund hat Telesio sein Werk <i>iuxta propria principia <\/i>genannt: die Natur handelt st\u00e4ndig nach Prinzipien, die der Natur selbst innewohnen. Die Homogenit\u00e4t der Natur ist g\u00f6ttlich und die M\u00f6glichkeit der Erkenntnis des Menschen ergibt sich aus der F\u00e4higkeit, die Formen des nat\u00fcrlichen Werdens zu erfassen. Telesio wird von vielen Gelehrten und Intellektuellen als der \u201eerste der modernen Philosophen\u201c betrachtet, weil er einen Moment starker Ver\u00e4nderungen im philosophischen Panorama der Sp\u00e4trenaissance markierte.<\/p><p class=\"p1\">Telesio schrieb seine Werke fast ausschlie\u00dflich in Latein, so dass er nach den allgemeinen Kriterien, die wir [link] identifiziert haben, nicht in das Kompendium h\u00e4tte aufgenommen werden d\u00fcrfen. Die historische Bedeutung von Telesio ist jedoch, wie wir bereits erw\u00e4hnt haben, f\u00fcr die moderne Philosophie von wesentlicher Bedeutung und dar\u00fcber hinaus hatte der Cosentino gro\u00dfen Einfluss auf Autoren wie Bruno, Campanella und Machiavelli. Aus diesen Gr\u00fcnden wurde es f\u00fcr notwendig erachtet, sein Meisterwerk <i>De rerum natura iuxta propria principia <\/i>aufzunehmen<i>. <\/i><\/p><p class=\"p1\">Nachforschungen haben ergeben, dass es einige vollst\u00e4ndige \u00dcbersetzungen des Werkes nur in Spanisch und Deutsch und einige Teil\u00fcbersetzungen von Ausz\u00fcgen in Englisch und Deutsch gibt. Ebenso selten ist die weltweite Verbreitung; in der Tat gibt es kaum mehr als zwanzig L\u00e4nder, die \u00fcber Telesios \u00fcbersetzte Werke verf\u00fcgen.<\/p><\/div>\t\t\t\t\t<\/div>\n\t\t\t\t\t\t<\/div>\n\t\t\t\t<\/div>\n\t\t\t\t<div class=\"elementor-element elementor-element-7a9ab67 elementor-align-center elementor-widget elementor-widget-button\" data-id=\"7a9ab67\" data-element_type=\"widget\" data-widget_type=\"button.default\">\n\t\t\t\t<div class=\"elementor-widget-container\">\n\t\t\t\t\t<div class=\"elementor-button-wrapper\">\n\t\t\t<a href=\"https:\/\/docs.google.com\/spreadsheets\/d\/14aMWxePJ7Cw_qg2xvQlw75h6SnMn46jdn07PSnQ51nQ\/edit?ts=5fb53299#gid=0\" target=\"_blank\" class=\"elementor-button-link elementor-button elementor-size-sm\" role=\"button\">\n\t\t\t\t\t\t<span class=\"elementor-button-content-wrapper\">\n\t\t\t\t\t\t\t<span class=\"elementor-button-icon elementor-align-icon-left\">\n\t\t\t\t<i aria-hidden=\"true\" class=\"far fa-file-excel\"><\/i>\t\t\t<\/span>\n\t\t\t\t\t\t<span class=\"elementor-button-text\">BIBLIOGRAPHISCHEN DATEN<\/span>\n\t\t<\/span>\n\t\t\t\t\t<\/a>\n\t\t<\/div>\n\t\t\t\t<\/div>\n\t\t\t\t<\/div>\n\t\t\t\t<div class=\"elementor-element elementor-element-f744a06 elementor-widget elementor-widget-olema_core_separator\" data-id=\"f744a06\" data-element_type=\"widget\" data-widget_type=\"olema_core_separator.default\">\n\t\t\t\t<div class=\"elementor-widget-container\">\n\t\t\t<div class=\"qodef-shortcode qodef-m  qodef-separator clear \">\n\t<div class=\"qodef-m-line\" ><\/div>\n<\/div>\t\t<\/div>\n\t\t\t\t<\/div>\n\t\t\t\t<section class=\"elementor-section elementor-inner-section elementor-element elementor-element-b62edee elementor-section-boxed elementor-section-height-default elementor-section-height-default qodef-elementor-content-no\" data-id=\"b62edee\" data-element_type=\"section\">\n\t\t\t\t\t\t<div class=\"elementor-container elementor-column-gap-default\">\n\t\t\t\t\t\t\t<div class=\"elementor-row\">\n\t\t\t\t\t<div class=\"elementor-column elementor-col-50 elementor-inner-column elementor-element elementor-element-799df24\" data-id=\"799df24\" data-element_type=\"column\">\n\t\t\t<div class=\"elementor-column-wrap elementor-element-populated\">\n\t\t\t\t\t\t\t<div class=\"elementor-widget-wrap\">\n\t\t\t\t\t\t<div class=\"elementor-element elementor-element-1be7724 elementor-widget elementor-widget-olema_core_section_title\" data-id=\"1be7724\" data-element_type=\"widget\" data-widget_type=\"olema_core_section_title.default\">\n\t\t\t\t<div class=\"elementor-widget-container\">\n\t\t\t<div class=\"qodef-shortcode qodef-m  qodef-section-title qodef-alignment--left  qodef--has-appear\"  style=\"max-width: unset\">\n\t\t\t<h2 class=\"qodef-m-title\" >\n\t\t\t\t\tVerbreitung von den \u00dcbersetzungen der Werke von Bernardino Telesio in der Welt\t\t\t<\/h2>\n\t<\/div>\t\t<\/div>\n\t\t\t\t<\/div>\n\t\t\t\t\t\t<\/div>\n\t\t\t\t\t<\/div>\n\t\t<\/div>\n\t\t\t\t<div class=\"elementor-column elementor-col-50 elementor-inner-column elementor-element elementor-element-26df53d\" data-id=\"26df53d\" data-element_type=\"column\">\n\t\t\t<div class=\"elementor-column-wrap elementor-element-populated\">\n\t\t\t\t\t\t\t<div class=\"elementor-widget-wrap\">\n\t\t\t\t\t\t<div class=\"elementor-element elementor-element-6ccf82a elementor-widget elementor-widget-image\" data-id=\"6ccf82a\" data-element_type=\"widget\" data-widget_type=\"image.default\">\n\t\t\t\t<div class=\"elementor-widget-container\">\n\t\t\t\t\t\t\t\t<div class=\"elementor-image\">\n\t\t\t\t\t\t\t\t\t\t\t\t\t<a href=\"https:\/\/docs.google.com\/spreadsheets\/d\/14aMWxePJ7Cw_qg2xvQlw75h6SnMn46jdn07PSnQ51nQ\/edit?ts=5fb53299#gid=908183351\" target=\"_blank\">\n\t\t\t\t\t\t\t<img width=\"600\" height=\"371\" src=\"https:\/\/entradit.it\/wp-content\/uploads\/2020\/11\/mappa-bernardino-telesio.png\" class=\"attachment-large size-large\" alt=\"\" loading=\"lazy\" srcset=\"https:\/\/entradit.it\/wp-content\/uploads\/2020\/11\/mappa-bernardino-telesio.png 600w, https:\/\/entradit.it\/wp-content\/uploads\/2020\/11\/mappa-bernardino-telesio-300x186.png 300w\" sizes=\"(max-width: 600px) 100vw, 600px\" \/>\t\t\t\t\t\t\t\t<\/a>\n\t\t\t\t\t\t\t\t\t\t\t\t\t\t<\/div>\n\t\t\t\t\t\t<\/div>\n\t\t\t\t<\/div>\n\t\t\t\t\t\t<\/div>\n\t\t\t\t\t<\/div>\n\t\t<\/div>\n\t\t\t\t\t\t\t\t<\/div>\n\t\t\t\t\t<\/div>\n\t\t<\/section>\n\t\t\t\t<div class=\"elementor-element elementor-element-b8f9fbb elementor-widget elementor-widget-olema_core_separator\" data-id=\"b8f9fbb\" data-element_type=\"widget\" data-widget_type=\"olema_core_separator.default\">\n\t\t\t\t<div class=\"elementor-widget-container\">\n\t\t\t<div class=\"qodef-shortcode qodef-m  qodef-separator clear \">\n\t<div class=\"qodef-m-line\" ><\/div>\n<\/div>\t\t<\/div>\n\t\t\t\t<\/div>\n\t\t\t\t<div class=\"elementor-element elementor-element-e484c03 elementor-widget elementor-widget-olema_core_section_title\" data-id=\"e484c03\" data-element_type=\"widget\" data-widget_type=\"olema_core_section_title.default\">\n\t\t\t\t<div class=\"elementor-widget-container\">\n\t\t\t<div class=\"qodef-shortcode qodef-m  qodef-section-title qodef-alignment--left  qodef--has-appear\"  style=\"max-width: unset\">\n\t\t\t<h2 class=\"qodef-m-title\" >\n\t\t\t\t\tBibliographischen\t\t\t<\/h2>\n\t<\/div>\t\t<\/div>\n\t\t\t\t<\/div>\n\t\t\t\t<div class=\"elementor-element elementor-element-f902ae5 elementor-widget elementor-widget-text-editor\" data-id=\"f902ae5\" data-element_type=\"widget\" data-widget_type=\"text-editor.default\">\n\t\t\t\t<div class=\"elementor-widget-container\">\n\t\t\t\t\t\t\t\t<div class=\"elementor-text-editor elementor-clearfix\">\n\t\t\t\t<div class=\"block-editor-block-list__layout is-root-container\"><p class=\"p1\">Campa R., (2019), <i>Il convivio linguistico. Riflessioni sul ruolo dell\u2019italiano nel mondo contemporaneo<\/i>, Carocci, Roma.<\/p><p class=\"p2\">Giglioni, G. (2010). <i>The first of the moderns or the last of the ancients? Bernardino Telesio on nature and sentience<\/i>. Bruniana &amp; campanelliana, 69-87.<\/p><p class=\"p2\"><a href=\"https:\/\/www.treccani.it\/enciclopedia\/bernardino-telesio\" target=\"_blank\" rel=\"noopener\"><i>Telesio, B<\/i>., Treccani<\/a> (o.l.) (Website am 14. Oktober 2020 aufgerufen).<\/p><p class=\"p2\">Van Deusen, N. C. (1932). <i>Telesio: the First of the Moderns<\/i>, New York, Columbia university.<\/p><\/div>\t\t\t\t\t<\/div>\n\t\t\t\t\t\t<\/div>\n\t\t\t\t<\/div>\n\t\t\t\t\t\t<\/div>\n\t\t\t\t\t<\/div>\n\t\t<\/div>\n\t\t\t\t\t\t\t\t<\/div>\n\t\t\t\t\t<\/div>\n\t\t<\/section>\n\t\t\t\t\t\t\t\t\t<\/div>\n\t\t\t<\/div>\n\t\t\t\t\t<\/div>\n\t\t","protected":false},"excerpt":{"rendered":"<p>Er wurde 1509 in Cosenza geboren, wo er sich etwa ein Jahrzehnt lang aufhielt. Ab 1518 folgte er seinem Onkel Antonio, ein gro\u00dfer Humanist und Intellektuell, zun\u00e4chst nach Mailand und dann nach Rom. Dort war er im Jahr 1527 ungef\u00e4hr zwei Monate lang Gefangener der Truppen, die f\u00fcr die Pl\u00fcnderung Roms (Sacco di Roma) verantwortlich [&hellip;]<\/p>\n","protected":false},"author":1,"featured_media":4145,"parent":0,"menu_order":0,"comment_status":"closed","ping_status":"closed","template":"","meta":[],"yoast_head":"<!-- This site is optimized with the Yoast SEO plugin v19.6.1 - https:\/\/yoast.com\/wordpress\/plugins\/seo\/ -->\n<title>Bernardino Telesio - Entradit<\/title>\n<meta name=\"robots\" content=\"index, follow, max-snippet:-1, max-image-preview:large, max-video-preview:-1\" \/>\n<link rel=\"canonical\" href=\"https:\/\/entradit.it\/de\/bernardino-telesio\/\" \/>\n<meta property=\"og:locale\" content=\"de_DE\" \/>\n<meta property=\"og:type\" content=\"article\" \/>\n<meta property=\"og:title\" content=\"Bernardino Telesio - Entradit\" \/>\n<meta property=\"og:description\" content=\"Er wurde 1509 in Cosenza geboren, wo er sich etwa ein Jahrzehnt lang aufhielt. Ab 1518 folgte er seinem Onkel Antonio, ein gro\u00dfer Humanist und Intellektuell, zun\u00e4chst nach Mailand und dann nach Rom. Dort war er im Jahr 1527 ungef\u00e4hr zwei Monate lang Gefangener der Truppen, die f\u00fcr die Pl\u00fcnderung Roms (Sacco di Roma) verantwortlich [&hellip;]\" \/>\n<meta property=\"og:url\" content=\"https:\/\/entradit.it\/de\/bernardino-telesio\/\" \/>\n<meta property=\"og:site_name\" content=\"Entradit\" \/>\n<meta property=\"article:modified_time\" content=\"2020-12-17T15:10:38+00:00\" \/>\n<meta property=\"og:image\" content=\"https:\/\/entradit.it\/wp-content\/uploads\/2020\/11\/Bernardino_Telesio_ritratto.jpg\" \/>\n\t<meta property=\"og:image:width\" content=\"1440\" \/>\n\t<meta property=\"og:image:height\" content=\"800\" \/>\n\t<meta property=\"og:image:type\" content=\"image\/jpeg\" \/>\n<meta name=\"twitter:card\" content=\"summary_large_image\" \/>\n<meta name=\"twitter:label1\" content=\"Gesch\u00e4tzte Lesezeit\" \/>\n\t<meta name=\"twitter:data1\" content=\"3\u00a0Minuten\" \/>\n<script type=\"application\/ld+json\" class=\"yoast-schema-graph\">{\"@context\":\"https:\/\/schema.org\",\"@graph\":[{\"@type\":\"WebPage\",\"@id\":\"https:\/\/entradit.it\/de\/bernardino-telesio\/\",\"url\":\"https:\/\/entradit.it\/de\/bernardino-telesio\/\",\"name\":\"Bernardino Telesio - Entradit\",\"isPartOf\":{\"@id\":\"https:\/\/entradit.it\/de\/#website\"},\"datePublished\":\"2020-11-11T14:16:13+00:00\",\"dateModified\":\"2020-12-17T15:10:38+00:00\",\"breadcrumb\":{\"@id\":\"https:\/\/entradit.it\/de\/bernardino-telesio\/#breadcrumb\"},\"inLanguage\":\"de\",\"potentialAction\":[{\"@type\":\"ReadAction\",\"target\":[\"https:\/\/entradit.it\/de\/bernardino-telesio\/\"]}]},{\"@type\":\"BreadcrumbList\",\"@id\":\"https:\/\/entradit.it\/de\/bernardino-telesio\/#breadcrumb\",\"itemListElement\":[{\"@type\":\"ListItem\",\"position\":1,\"name\":\"Home\",\"item\":\"https:\/\/entradit.it\/de\/\"},{\"@type\":\"ListItem\",\"position\":2,\"name\":\"Bernardino Telesio\"}]},{\"@type\":\"WebSite\",\"@id\":\"https:\/\/entradit.it\/de\/#website\",\"url\":\"https:\/\/entradit.it\/de\/\",\"name\":\"Entradit\",\"description\":\"L\u2019Edizione nazionale del Compendio delle traduzioni italiane nel mondo\",\"potentialAction\":[{\"@type\":\"SearchAction\",\"target\":{\"@type\":\"EntryPoint\",\"urlTemplate\":\"https:\/\/entradit.it\/de\/?s={search_term_string}\"},\"query-input\":\"required name=search_term_string\"}],\"inLanguage\":\"de\"}]}<\/script>\n<!-- \/ Yoast SEO plugin. -->","yoast_head_json":{"title":"Bernardino Telesio - Entradit","robots":{"index":"index","follow":"follow","max-snippet":"max-snippet:-1","max-image-preview":"max-image-preview:large","max-video-preview":"max-video-preview:-1"},"canonical":"https:\/\/entradit.it\/de\/bernardino-telesio\/","og_locale":"de_DE","og_type":"article","og_title":"Bernardino Telesio - Entradit","og_description":"Er wurde 1509 in Cosenza geboren, wo er sich etwa ein Jahrzehnt lang aufhielt. Ab 1518 folgte er seinem Onkel Antonio, ein gro\u00dfer Humanist und Intellektuell, zun\u00e4chst nach Mailand und dann nach Rom. Dort war er im Jahr 1527 ungef\u00e4hr zwei Monate lang Gefangener der Truppen, die f\u00fcr die Pl\u00fcnderung Roms (Sacco di Roma) verantwortlich [&hellip;]","og_url":"https:\/\/entradit.it\/de\/bernardino-telesio\/","og_site_name":"Entradit","article_modified_time":"2020-12-17T15:10:38+00:00","og_image":[{"width":1440,"height":800,"url":"https:\/\/entradit.it\/wp-content\/uploads\/2020\/11\/Bernardino_Telesio_ritratto.jpg","type":"image\/jpeg"}],"twitter_card":"summary_large_image","twitter_misc":{"Gesch\u00e4tzte Lesezeit":"3\u00a0Minuten"},"schema":{"@context":"https:\/\/schema.org","@graph":[{"@type":"WebPage","@id":"https:\/\/entradit.it\/de\/bernardino-telesio\/","url":"https:\/\/entradit.it\/de\/bernardino-telesio\/","name":"Bernardino Telesio - Entradit","isPartOf":{"@id":"https:\/\/entradit.it\/de\/#website"},"datePublished":"2020-11-11T14:16:13+00:00","dateModified":"2020-12-17T15:10:38+00:00","breadcrumb":{"@id":"https:\/\/entradit.it\/de\/bernardino-telesio\/#breadcrumb"},"inLanguage":"de","potentialAction":[{"@type":"ReadAction","target":["https:\/\/entradit.it\/de\/bernardino-telesio\/"]}]},{"@type":"BreadcrumbList","@id":"https:\/\/entradit.it\/de\/bernardino-telesio\/#breadcrumb","itemListElement":[{"@type":"ListItem","position":1,"name":"Home","item":"https:\/\/entradit.it\/de\/"},{"@type":"ListItem","position":2,"name":"Bernardino Telesio"}]},{"@type":"WebSite","@id":"https:\/\/entradit.it\/de\/#website","url":"https:\/\/entradit.it\/de\/","name":"Entradit","description":"L\u2019Edizione nazionale del Compendio delle traduzioni italiane nel mondo","potentialAction":[{"@type":"SearchAction","target":{"@type":"EntryPoint","urlTemplate":"https:\/\/entradit.it\/de\/?s={search_term_string}"},"query-input":"required name=search_term_string"}],"inLanguage":"de"}]}},"_links":{"self":[{"href":"https:\/\/entradit.it\/de\/wp-json\/wp\/v2\/pages\/4214"}],"collection":[{"href":"https:\/\/entradit.it\/de\/wp-json\/wp\/v2\/pages"}],"about":[{"href":"https:\/\/entradit.it\/de\/wp-json\/wp\/v2\/types\/page"}],"author":[{"embeddable":true,"href":"https:\/\/entradit.it\/de\/wp-json\/wp\/v2\/users\/1"}],"replies":[{"embeddable":true,"href":"https:\/\/entradit.it\/de\/wp-json\/wp\/v2\/comments?post=4214"}],"version-history":[{"count":35,"href":"https:\/\/entradit.it\/de\/wp-json\/wp\/v2\/pages\/4214\/revisions"}],"predecessor-version":[{"id":5698,"href":"https:\/\/entradit.it\/de\/wp-json\/wp\/v2\/pages\/4214\/revisions\/5698"}],"wp:featuredmedia":[{"embeddable":true,"href":"https:\/\/entradit.it\/de\/wp-json\/wp\/v2\/media\/4145"}],"wp:attachment":[{"href":"https:\/\/entradit.it\/de\/wp-json\/wp\/v2\/media?parent=4214"}],"curies":[{"name":"wp","href":"https:\/\/api.w.org\/{rel}","templated":true}]}}