{"id":4380,"date":"2020-11-11T15:16:13","date_gmt":"2020-11-11T14:16:13","guid":{"rendered":"https:\/\/test.hellodude.it\/compendio\/bernardino-telesio\/"},"modified":"2020-12-17T13:13:11","modified_gmt":"2020-12-17T12:13:11","slug":"bernardino-telesio","status":"publish","type":"page","link":"https:\/\/entradit.it\/es\/bernardino-telesio\/","title":{"rendered":"Bernardino Telesio"},"content":{"rendered":"\t\t<div data-elementor-type=\"wp-page\" data-elementor-id=\"4380\" class=\"elementor elementor-4380 elementor-3965\">\n\t\t\t\t\t\t<div class=\"elementor-inner\">\n\t\t\t\t<div class=\"elementor-section-wrap\">\n\t\t\t\t\t\t\t\t\t<section class=\"elementor-section elementor-top-section elementor-element elementor-element-793f87a elementor-section-boxed elementor-section-height-default elementor-section-height-default qodef-elementor-content-no\" data-id=\"793f87a\" data-element_type=\"section\">\n\t\t\t\t\t\t<div class=\"elementor-container elementor-column-gap-default\">\n\t\t\t\t\t\t\t<div class=\"elementor-row\">\n\t\t\t\t\t<div class=\"elementor-column elementor-col-100 elementor-top-column elementor-element elementor-element-8fdf58c\" data-id=\"8fdf58c\" data-element_type=\"column\">\n\t\t\t<div class=\"elementor-column-wrap elementor-element-populated\">\n\t\t\t\t\t\t\t<div class=\"elementor-widget-wrap\">\n\t\t\t\t\t\t<div class=\"elementor-element elementor-element-093df6d elementor-widget elementor-widget-image\" data-id=\"093df6d\" data-element_type=\"widget\" data-widget_type=\"image.default\">\n\t\t\t\t<div class=\"elementor-widget-container\">\n\t\t\t\t\t\t\t\t<div class=\"elementor-image\">\n\t\t\t\t\t\t\t\t\t\t\t\t<img width=\"1024\" height=\"569\" src=\"https:\/\/entradit.it\/wp-content\/uploads\/2020\/11\/Bernardino_Telesio_ritratto-1024x569.jpg\" class=\"attachment-large size-large\" alt=\"\" loading=\"lazy\" srcset=\"https:\/\/entradit.it\/wp-content\/uploads\/2020\/11\/Bernardino_Telesio_ritratto-1024x569.jpg 1024w, https:\/\/entradit.it\/wp-content\/uploads\/2020\/11\/Bernardino_Telesio_ritratto-300x167.jpg 300w, https:\/\/entradit.it\/wp-content\/uploads\/2020\/11\/Bernardino_Telesio_ritratto-768x427.jpg 768w, https:\/\/entradit.it\/wp-content\/uploads\/2020\/11\/Bernardino_Telesio_ritratto.jpg 1440w\" sizes=\"(max-width: 1024px) 100vw, 1024px\" \/>\t\t\t\t\t\t\t\t\t\t\t\t\t\t<\/div>\n\t\t\t\t\t\t<\/div>\n\t\t\t\t<\/div>\n\t\t\t\t<div class=\"elementor-element elementor-element-edd8f43 elementor-widget elementor-widget-text-editor\" data-id=\"edd8f43\" data-element_type=\"widget\" data-widget_type=\"text-editor.default\">\n\t\t\t\t<div class=\"elementor-widget-container\">\n\t\t\t\t\t\t\t\t<div class=\"elementor-text-editor elementor-clearfix\">\n\t\t\t\t<div class=\"block-editor-block-list__layout is-root-container\"><p class=\"p1\">Naci\u00f3 en 1509 en Cosenza, donde vivi\u00f3 durante casi diez a\u00f1os. Desde 1518 sigui\u00f3 a su t\u00edo Antonio, gran humanista e intelectual, primero a Mil\u00e1n y luego a Roma, donde, en 1527, estuvo como prisionero de las tropas culpables del saqueo de Roma durante casi dos meses. Poco despu\u00e9s, Antonio Telesio tuvo que trasladar a Venecia por negocios y Bernardino fue con \u00e9l y estudi\u00f3 matem\u00e1ticas, \u00f3ptica, medicina y filosof\u00eda en la Universidad de Padua, en la que predominaba la corriente alejandrina del aristotelismo. Al irse de Padua, se retir\u00f3 en un convento benedictino para dedicarse a la investigaci\u00f3n y a la meditaci\u00f3n. En 1553 en Cosenza, se cas\u00f3 con Diana Sersale, la cual, por desgracia, se muri\u00f3 unos a\u00f1os despu\u00e9s, dejando a los cuatro hijos al cuidado de Telesio. Telesio se encarg\u00f3 de revitalizar la Academia de Cosenza, consiguiendo modificar las corrientes literarias y filos\u00f3ficas. En 1564, rechaz\u00f3 la oferta de papa Pio IV para convertirse en arzobispo de Cosenza, en favor de su hermano. En 1565, public\u00f3 en Roma los dos primeros libros de su obra principal, el <i>De rerum natura iuxta propria principia. <\/i>En 1570, volvi\u00f3 a imprimirlos en N\u00e1poles, donde en 1586 se public\u00f3 su obra completa en nueve vol\u00famenes. Mantuvo varias conversaciones sobre el <i>De rerum natura<\/i>, primero en Roma y luego en N\u00e1poles. La \u00faltima parte de su vida, a pesar del creciente \u00e9xito, fue marcada por el asesinado de su hijo mayor Pr\u00f3spero (1576). Telesio muri\u00f3 en 1588. El <i>De rerum natura<\/i>, junto al <i>Quod animal universum <\/i>y al<i> De somno<\/i>, se incorporaron en el \u00cdndice de los libros prohibidos y el nombre de Telesio se borr\u00f3 del \u00cdndice s\u00f3lo en 1990. El pensamiento de Telesio surge del aristotelismo, del que se aleja, sin embrago, sobre todo con respecto a la doctrina de los elementos y del movimiento, sosteniendo, en cambio, la importancia de la sensibilidad como origen \u00fanica de todo saber. Por eso, Telesio titul\u00f3 su obra <i>iuxta propria principia<\/i>: la naturaleza act\u00faa continuamente seg\u00fan principios inherentes a la misma naturaleza. La uniformidad de la naturaleza es divina y la posibilidad humana de conocimiento se origina de la capacidad de entender las formas del devenir natural. Muchos estudiosos consideran a Telesio \u201cel primero de los fil\u00f3sofos modernos\u201d, por haber marcado un periodo de profundos cambios en el panorama filos\u00f3ficos del Renacimiento tard\u00edo.<\/p><p class=\"p1\">Telesio escribi\u00f3 sus obras casi totalmente en lat\u00edn, por lo tanto, seg\u00fan los criterios generales individuados para la selecci\u00f3n de los textos [link], no se supon\u00eda su inclusi\u00f3n en el Compendio. No obstante, la importancia hist\u00f3rica de Telesio, seg\u00fan se ha expuesto, resulta esencial para la filosof\u00eda moderna y, adem\u00e1s, la lengua vern\u00e1cula de Cosenza ejerci\u00f3 un gran influjo en algunos escritores, como por ejemplo Bruno, Campanella y Maquiavelo. Por esas razones, se consider\u00f3 necesario incluir su obra maestra <i>De rerum natura iuxta propria principia.<\/i><\/p><p class=\"p1\">A partir de las investigaciones realizadas, resulta que existen s\u00f3lo traducciones integrales de dicha obra en espa\u00f1ol y alem\u00e1n y traducciones parciales de unos extractos en ingl\u00e9s y alem\u00e1n. Igualmente rara es su difusi\u00f3n a nivel global: las obras traducidas de Telesio se registran, efectivamente, en poco m\u00e1s que 20 Pa\u00edses.<\/p><\/div>\t\t\t\t\t<\/div>\n\t\t\t\t\t\t<\/div>\n\t\t\t\t<\/div>\n\t\t\t\t<div class=\"elementor-element elementor-element-58cc9c1 elementor-align-center elementor-widget elementor-widget-button\" data-id=\"58cc9c1\" data-element_type=\"widget\" data-widget_type=\"button.default\">\n\t\t\t\t<div class=\"elementor-widget-container\">\n\t\t\t\t\t<div class=\"elementor-button-wrapper\">\n\t\t\t<a href=\"https:\/\/docs.google.com\/spreadsheets\/d\/1q1iIixJv4figiP_B-jDfifZYW5JpzDr8IXGbUbObupw\/edit#gid=0\" target=\"_blank\" class=\"elementor-button-link elementor-button elementor-size-sm\" role=\"button\">\n\t\t\t\t\t\t<span class=\"elementor-button-content-wrapper\">\n\t\t\t\t\t\t\t<span class=\"elementor-button-icon elementor-align-icon-left\">\n\t\t\t\t<i aria-hidden=\"true\" class=\"far fa-file-excel\"><\/i>\t\t\t<\/span>\n\t\t\t\t\t\t<span class=\"elementor-button-text\">DATOS BIBLIOGR\u00c1FICOS<\/span>\n\t\t<\/span>\n\t\t\t\t\t<\/a>\n\t\t<\/div>\n\t\t\t\t<\/div>\n\t\t\t\t<\/div>\n\t\t\t\t<div class=\"elementor-element elementor-element-38cfa0c elementor-widget elementor-widget-olema_core_separator\" data-id=\"38cfa0c\" data-element_type=\"widget\" data-widget_type=\"olema_core_separator.default\">\n\t\t\t\t<div class=\"elementor-widget-container\">\n\t\t\t<div class=\"qodef-shortcode qodef-m  qodef-separator clear \">\n\t<div class=\"qodef-m-line\" ><\/div>\n<\/div>\t\t<\/div>\n\t\t\t\t<\/div>\n\t\t\t\t<section class=\"elementor-section elementor-inner-section elementor-element elementor-element-53ae471 elementor-section-boxed elementor-section-height-default elementor-section-height-default qodef-elementor-content-no\" data-id=\"53ae471\" data-element_type=\"section\">\n\t\t\t\t\t\t<div class=\"elementor-container elementor-column-gap-default\">\n\t\t\t\t\t\t\t<div class=\"elementor-row\">\n\t\t\t\t\t<div class=\"elementor-column elementor-col-50 elementor-inner-column elementor-element elementor-element-ba0517e\" data-id=\"ba0517e\" data-element_type=\"column\">\n\t\t\t<div class=\"elementor-column-wrap elementor-element-populated\">\n\t\t\t\t\t\t\t<div class=\"elementor-widget-wrap\">\n\t\t\t\t\t\t<div class=\"elementor-element elementor-element-4cc6020 elementor-widget elementor-widget-olema_core_section_title\" data-id=\"4cc6020\" data-element_type=\"widget\" data-widget_type=\"olema_core_section_title.default\">\n\t\t\t\t<div class=\"elementor-widget-container\">\n\t\t\t<div class=\"qodef-shortcode qodef-m  qodef-section-title qodef-alignment--left  qodef--has-appear\"  style=\"max-width: unset\">\n\t\t\t<h2 class=\"qodef-m-title\" >\n\t\t\t\t\tDistribuci\u00f3n de las obras de Bernardino Telesio en el mundo\t\t\t<\/h2>\n\t<\/div>\t\t<\/div>\n\t\t\t\t<\/div>\n\t\t\t\t\t\t<\/div>\n\t\t\t\t\t<\/div>\n\t\t<\/div>\n\t\t\t\t<div class=\"elementor-column elementor-col-50 elementor-inner-column elementor-element elementor-element-ca6ed24\" data-id=\"ca6ed24\" data-element_type=\"column\">\n\t\t\t<div class=\"elementor-column-wrap elementor-element-populated\">\n\t\t\t\t\t\t\t<div class=\"elementor-widget-wrap\">\n\t\t\t\t\t\t<div class=\"elementor-element elementor-element-5e3d548 elementor-widget elementor-widget-image\" data-id=\"5e3d548\" data-element_type=\"widget\" data-widget_type=\"image.default\">\n\t\t\t\t<div class=\"elementor-widget-container\">\n\t\t\t\t\t\t\t\t<div class=\"elementor-image\">\n\t\t\t\t\t\t\t\t\t\t\t\t\t<a href=\"https:\/\/docs.google.com\/spreadsheets\/d\/1q1iIixJv4figiP_B-jDfifZYW5JpzDr8IXGbUbObupw\/edit#gid=1612953718\" target=\"_blank\">\n\t\t\t\t\t\t\t<img width=\"600\" height=\"371\" src=\"https:\/\/entradit.it\/wp-content\/uploads\/2020\/11\/mappa-bernardino-telesio.png\" class=\"attachment-large size-large\" alt=\"\" loading=\"lazy\" srcset=\"https:\/\/entradit.it\/wp-content\/uploads\/2020\/11\/mappa-bernardino-telesio.png 600w, https:\/\/entradit.it\/wp-content\/uploads\/2020\/11\/mappa-bernardino-telesio-300x186.png 300w\" sizes=\"(max-width: 600px) 100vw, 600px\" \/>\t\t\t\t\t\t\t\t<\/a>\n\t\t\t\t\t\t\t\t\t\t\t\t\t\t<\/div>\n\t\t\t\t\t\t<\/div>\n\t\t\t\t<\/div>\n\t\t\t\t\t\t<\/div>\n\t\t\t\t\t<\/div>\n\t\t<\/div>\n\t\t\t\t\t\t\t\t<\/div>\n\t\t\t\t\t<\/div>\n\t\t<\/section>\n\t\t\t\t<div class=\"elementor-element elementor-element-2f2e23f elementor-widget elementor-widget-olema_core_separator\" data-id=\"2f2e23f\" data-element_type=\"widget\" data-widget_type=\"olema_core_separator.default\">\n\t\t\t\t<div class=\"elementor-widget-container\">\n\t\t\t<div class=\"qodef-shortcode qodef-m  qodef-separator clear \">\n\t<div class=\"qodef-m-line\" ><\/div>\n<\/div>\t\t<\/div>\n\t\t\t\t<\/div>\n\t\t\t\t<div class=\"elementor-element elementor-element-39e3945 elementor-widget elementor-widget-olema_core_section_title\" data-id=\"39e3945\" data-element_type=\"widget\" data-widget_type=\"olema_core_section_title.default\">\n\t\t\t\t<div class=\"elementor-widget-container\">\n\t\t\t<div class=\"qodef-shortcode qodef-m  qodef-section-title qodef-alignment--left  qodef--has-appear\"  style=\"max-width: unset\">\n\t\t\t<h2 class=\"qodef-m-title\" >\n\t\t\t\t\tBibliogr\u00e1ficos\t\t\t<\/h2>\n\t<\/div>\t\t<\/div>\n\t\t\t\t<\/div>\n\t\t\t\t<div class=\"elementor-element elementor-element-91aa3d8 elementor-widget elementor-widget-text-editor\" data-id=\"91aa3d8\" data-element_type=\"widget\" data-widget_type=\"text-editor.default\">\n\t\t\t\t<div class=\"elementor-widget-container\">\n\t\t\t\t\t\t\t\t<div class=\"elementor-text-editor elementor-clearfix\">\n\t\t\t\t<div class=\"block-editor-block-list__layout is-root-container\">\n<p id=\"block-29bb1437-f2b5-4c61-aaa0-858af6993f51\" class=\"block-editor-block-list__block wp-block rich-text block-editor-rich-text__editable wp-block\" tabindex=\"0\" role=\"textbox\" aria-label=\"Blocco del paragrafo\" aria-multiline=\"true\" data-block=\"29bb1437-f2b5-4c61-aaa0-858af6993f51\" data-type=\"core\/paragraph\" data-title=\"Paragrafo\">Campa R., (2019), <em>Il convivio linguistico. Riflessioni sul ruolo dell\u2019italiano nel mondo contemporaneo<\/em>, Carocci, Roma.<\/p>\n<p id=\"block-a3d0ddc9-9014-4bba-8e6b-7f6cc4fcaa32\" class=\"block-editor-block-list__block wp-block rich-text block-editor-rich-text__editable wp-block\" tabindex=\"0\" role=\"textbox\" aria-label=\"Blocco del paragrafo\" aria-multiline=\"true\" data-block=\"a3d0ddc9-9014-4bba-8e6b-7f6cc4fcaa32\" data-type=\"core\/paragraph\" data-title=\"Paragrafo\">Giglioni, G. (2010). <em>The first of the moderns or the last of the ancients? Bernardino Telesio on nature and sentience<\/em>. Bruniana &amp; campanelliana, 69-87.<\/p>\n<p id=\"block-136d1212-23fa-439c-beba-71f9d0ebcbbb\" class=\"block-editor-block-list__block wp-block rich-text block-editor-rich-text__editable wp-block\" tabindex=\"0\" role=\"textbox\" aria-label=\"Blocco del paragrafo\" aria-multiline=\"true\" data-block=\"136d1212-23fa-439c-beba-71f9d0ebcbbb\" data-type=\"core\/paragraph\" data-title=\"Paragrafo\"><em>Telesio, B<\/em>., Treccani (o.l.) (<a href=\"http:\/\/www.treccani.it\/enciclopedia\/bernardino-telesio\" target=\"_blank\" rel=\"noopener\">Visite el link<\/a> consultato il 14\/10\/2020).<\/p>\n<p id=\"block-1821ac4c-8a86-408e-a76a-334133a97c5b\" class=\"block-editor-block-list__block wp-block rich-text block-editor-rich-text__editable wp-block\" tabindex=\"0\" role=\"textbox\" aria-label=\"Blocco del paragrafo\" aria-multiline=\"true\" data-block=\"1821ac4c-8a86-408e-a76a-334133a97c5b\" data-type=\"core\/paragraph\" data-title=\"Paragrafo\">Van Deusen, N. C. (1932). <em>Telesio: the First of the Moderns<\/em>, New York, Columbia university.<\/p>\n\n<\/div>\t\t\t\t\t<\/div>\n\t\t\t\t\t\t<\/div>\n\t\t\t\t<\/div>\n\t\t\t\t\t\t<\/div>\n\t\t\t\t\t<\/div>\n\t\t<\/div>\n\t\t\t\t\t\t\t\t<\/div>\n\t\t\t\t\t<\/div>\n\t\t<\/section>\n\t\t\t\t\t\t\t\t\t<\/div>\n\t\t\t<\/div>\n\t\t\t\t\t<\/div>\n\t\t","protected":false},"excerpt":{"rendered":"<p>Naci\u00f3 en 1509 en Cosenza, donde vivi\u00f3 durante casi diez a\u00f1os. Desde 1518 sigui\u00f3 a su t\u00edo Antonio, gran humanista e intelectual, primero a Mil\u00e1n y luego a Roma, donde, en 1527, estuvo como prisionero de las tropas culpables del saqueo de Roma durante casi dos meses. Poco despu\u00e9s, Antonio Telesio tuvo que trasladar a [&hellip;]<\/p>\n","protected":false},"author":1,"featured_media":0,"parent":0,"menu_order":0,"comment_status":"closed","ping_status":"closed","template":"","meta":[],"yoast_head":"<!-- This site is optimized with the Yoast SEO plugin v19.6.1 - https:\/\/yoast.com\/wordpress\/plugins\/seo\/ -->\n<title>Bernardino Telesio - Entradit<\/title>\n<meta name=\"robots\" content=\"index, follow, max-snippet:-1, max-image-preview:large, max-video-preview:-1\" \/>\n<link rel=\"canonical\" href=\"https:\/\/entradit.it\/es\/bernardino-telesio\/\" \/>\n<meta property=\"og:locale\" content=\"es_ES\" \/>\n<meta property=\"og:type\" content=\"article\" \/>\n<meta property=\"og:title\" content=\"Bernardino Telesio - Entradit\" \/>\n<meta property=\"og:description\" content=\"Naci\u00f3 en 1509 en Cosenza, donde vivi\u00f3 durante casi diez a\u00f1os. Desde 1518 sigui\u00f3 a su t\u00edo Antonio, gran humanista e intelectual, primero a Mil\u00e1n y luego a Roma, donde, en 1527, estuvo como prisionero de las tropas culpables del saqueo de Roma durante casi dos meses. Poco despu\u00e9s, Antonio Telesio tuvo que trasladar a [&hellip;]\" \/>\n<meta property=\"og:url\" content=\"https:\/\/entradit.it\/es\/bernardino-telesio\/\" \/>\n<meta property=\"og:site_name\" content=\"Entradit\" \/>\n<meta property=\"article:modified_time\" content=\"2020-12-17T12:13:11+00:00\" \/>\n<meta property=\"og:image\" content=\"https:\/\/entradit.it\/wp-content\/uploads\/2020\/11\/Bernardino_Telesio_ritratto-1024x569.jpg\" \/>\n<meta name=\"twitter:card\" content=\"summary_large_image\" \/>\n<meta name=\"twitter:label1\" content=\"Tiempo de lectura\" \/>\n\t<meta name=\"twitter:data1\" content=\"3 minutos\" \/>\n<script type=\"application\/ld+json\" class=\"yoast-schema-graph\">{\"@context\":\"https:\/\/schema.org\",\"@graph\":[{\"@type\":\"WebPage\",\"@id\":\"https:\/\/entradit.it\/es\/bernardino-telesio\/\",\"url\":\"https:\/\/entradit.it\/es\/bernardino-telesio\/\",\"name\":\"Bernardino Telesio - Entradit\",\"isPartOf\":{\"@id\":\"https:\/\/entradit.it\/es\/#website\"},\"datePublished\":\"2020-11-11T14:16:13+00:00\",\"dateModified\":\"2020-12-17T12:13:11+00:00\",\"breadcrumb\":{\"@id\":\"https:\/\/entradit.it\/es\/bernardino-telesio\/#breadcrumb\"},\"inLanguage\":\"es\",\"potentialAction\":[{\"@type\":\"ReadAction\",\"target\":[\"https:\/\/entradit.it\/es\/bernardino-telesio\/\"]}]},{\"@type\":\"BreadcrumbList\",\"@id\":\"https:\/\/entradit.it\/es\/bernardino-telesio\/#breadcrumb\",\"itemListElement\":[{\"@type\":\"ListItem\",\"position\":1,\"name\":\"Home\",\"item\":\"https:\/\/entradit.it\/es\/\"},{\"@type\":\"ListItem\",\"position\":2,\"name\":\"Bernardino Telesio\"}]},{\"@type\":\"WebSite\",\"@id\":\"https:\/\/entradit.it\/es\/#website\",\"url\":\"https:\/\/entradit.it\/es\/\",\"name\":\"Entradit\",\"description\":\"L\u2019Edizione nazionale del Compendio delle traduzioni italiane nel mondo\",\"potentialAction\":[{\"@type\":\"SearchAction\",\"target\":{\"@type\":\"EntryPoint\",\"urlTemplate\":\"https:\/\/entradit.it\/es\/?s={search_term_string}\"},\"query-input\":\"required name=search_term_string\"}],\"inLanguage\":\"es\"}]}<\/script>\n<!-- \/ Yoast SEO plugin. -->","yoast_head_json":{"title":"Bernardino Telesio - Entradit","robots":{"index":"index","follow":"follow","max-snippet":"max-snippet:-1","max-image-preview":"max-image-preview:large","max-video-preview":"max-video-preview:-1"},"canonical":"https:\/\/entradit.it\/es\/bernardino-telesio\/","og_locale":"es_ES","og_type":"article","og_title":"Bernardino Telesio - Entradit","og_description":"Naci\u00f3 en 1509 en Cosenza, donde vivi\u00f3 durante casi diez a\u00f1os. Desde 1518 sigui\u00f3 a su t\u00edo Antonio, gran humanista e intelectual, primero a Mil\u00e1n y luego a Roma, donde, en 1527, estuvo como prisionero de las tropas culpables del saqueo de Roma durante casi dos meses. Poco despu\u00e9s, Antonio Telesio tuvo que trasladar a [&hellip;]","og_url":"https:\/\/entradit.it\/es\/bernardino-telesio\/","og_site_name":"Entradit","article_modified_time":"2020-12-17T12:13:11+00:00","og_image":[{"url":"https:\/\/entradit.it\/wp-content\/uploads\/2020\/11\/Bernardino_Telesio_ritratto-1024x569.jpg"}],"twitter_card":"summary_large_image","twitter_misc":{"Tiempo de lectura":"3 minutos"},"schema":{"@context":"https:\/\/schema.org","@graph":[{"@type":"WebPage","@id":"https:\/\/entradit.it\/es\/bernardino-telesio\/","url":"https:\/\/entradit.it\/es\/bernardino-telesio\/","name":"Bernardino Telesio - Entradit","isPartOf":{"@id":"https:\/\/entradit.it\/es\/#website"},"datePublished":"2020-11-11T14:16:13+00:00","dateModified":"2020-12-17T12:13:11+00:00","breadcrumb":{"@id":"https:\/\/entradit.it\/es\/bernardino-telesio\/#breadcrumb"},"inLanguage":"es","potentialAction":[{"@type":"ReadAction","target":["https:\/\/entradit.it\/es\/bernardino-telesio\/"]}]},{"@type":"BreadcrumbList","@id":"https:\/\/entradit.it\/es\/bernardino-telesio\/#breadcrumb","itemListElement":[{"@type":"ListItem","position":1,"name":"Home","item":"https:\/\/entradit.it\/es\/"},{"@type":"ListItem","position":2,"name":"Bernardino Telesio"}]},{"@type":"WebSite","@id":"https:\/\/entradit.it\/es\/#website","url":"https:\/\/entradit.it\/es\/","name":"Entradit","description":"L\u2019Edizione nazionale del Compendio delle traduzioni italiane nel mondo","potentialAction":[{"@type":"SearchAction","target":{"@type":"EntryPoint","urlTemplate":"https:\/\/entradit.it\/es\/?s={search_term_string}"},"query-input":"required name=search_term_string"}],"inLanguage":"es"}]}},"_links":{"self":[{"href":"https:\/\/entradit.it\/es\/wp-json\/wp\/v2\/pages\/4380"}],"collection":[{"href":"https:\/\/entradit.it\/es\/wp-json\/wp\/v2\/pages"}],"about":[{"href":"https:\/\/entradit.it\/es\/wp-json\/wp\/v2\/types\/page"}],"author":[{"embeddable":true,"href":"https:\/\/entradit.it\/es\/wp-json\/wp\/v2\/users\/1"}],"replies":[{"embeddable":true,"href":"https:\/\/entradit.it\/es\/wp-json\/wp\/v2\/comments?post=4380"}],"version-history":[{"count":16,"href":"https:\/\/entradit.it\/es\/wp-json\/wp\/v2\/pages\/4380\/revisions"}],"predecessor-version":[{"id":5605,"href":"https:\/\/entradit.it\/es\/wp-json\/wp\/v2\/pages\/4380\/revisions\/5605"}],"wp:attachment":[{"href":"https:\/\/entradit.it\/es\/wp-json\/wp\/v2\/media?parent=4380"}],"curies":[{"name":"wp","href":"https:\/\/api.w.org\/{rel}","templated":true}]}}