{"id":4009,"date":"2020-11-23T10:36:27","date_gmt":"2020-11-23T09:36:27","guid":{"rendered":"https:\/\/test.hellodude.it\/compendio\/qui-sommes-nous\/"},"modified":"2021-10-28T11:57:32","modified_gmt":"2021-10-28T09:57:32","slug":"qui-sommes-nous","status":"publish","type":"page","link":"https:\/\/entradit.it\/fr\/qui-sommes-nous\/","title":{"rendered":"Qui sommes-nous"},"content":{"rendered":"\t\t<div data-elementor-type=\"wp-page\" data-elementor-id=\"4009\" class=\"elementor elementor-4009 elementor-3935\">\n\t\t\t\t\t\t<div class=\"elementor-inner\">\n\t\t\t\t<div class=\"elementor-section-wrap\">\n\t\t\t\t\t\t\t\t\t<section class=\"elementor-section elementor-top-section elementor-element elementor-element-ba0b8ed elementor-section-full_width qodef-elementor-content-grid elementor-section-height-default elementor-section-height-default\" data-id=\"ba0b8ed\" data-element_type=\"section\">\n\t\t\t\t\t\t<div class=\"elementor-container elementor-column-gap-no\">\n\t\t\t\t\t\t\t<div class=\"elementor-row\">\n\t\t\t\t\t<div class=\"elementor-column elementor-col-100 elementor-top-column elementor-element elementor-element-29dcb4a\" data-id=\"29dcb4a\" data-element_type=\"column\">\n\t\t\t<div class=\"elementor-column-wrap elementor-element-populated\">\n\t\t\t\t\t\t\t<div class=\"elementor-widget-wrap\">\n\t\t\t\t\t\t<div class=\"elementor-element elementor-element-81cd402 elementor-widget elementor-widget-image\" data-id=\"81cd402\" data-element_type=\"widget\" data-widget_type=\"image.default\">\n\t\t\t\t<div class=\"elementor-widget-container\">\n\t\t\t\t\t\t\t\t<div class=\"elementor-image\">\n\t\t\t\t\t\t\t\t\t\t\t\t<img src=\"https:\/\/entradit.it\/wp-content\/uploads\/elementor\/thumbs\/chi-siamo-ozv2x5fud7hn8sv91p94n2mn1mvuv0xq4dir77enbc.jpg\" title=\"chi-siamo\" alt=\"chi-siamo\" \/>\t\t\t\t\t\t\t\t\t\t\t\t\t\t<\/div>\n\t\t\t\t\t\t<\/div>\n\t\t\t\t<\/div>\n\t\t\t\t<div class=\"elementor-element elementor-element-be74343 elementor-widget elementor-widget-text-editor\" data-id=\"be74343\" data-element_type=\"widget\" data-widget_type=\"text-editor.default\">\n\t\t\t\t<div class=\"elementor-widget-container\">\n\t\t\t\t\t\t\t\t<div class=\"elementor-text-editor elementor-clearfix\">\n\t\t\t\t<p><a href=\"https:\/\/www.beniculturali.it\/\">MIBACT<\/a> &#8211; Ministero per i Beni e le Attivit\u00e0 Culturali e per il Turismo (Minist\u00e8re pour les Biens et Activit\u00e9s Culturels et pour le Tourisme), Dir. g\u00e9n. de la recherche et des instituts culturels &#8211; Via Milano, 76 &#8211; 00184, Rome.<\/p><p>Consultation des Comit\u00e9s et des \u00c9ditions nationales &#8211; <a href=\"https:\/\/www.beniculturali.it\/\">MIBACT<\/a><\/p><p>Istituto di Studi Politici (Institut d&rsquo;\u00c9tudes Politiques) \u00ab\u00a0S. Pio V\u00a0\u00bb: institut fond\u00e9 \u00e0 Rome en 1971, sp\u00e9cialis\u00e9 dans l&rsquo;\u00e9tude des sciences humaines.<\/p><p>En 1986, l&rsquo;Institut a obtenu la reconnaissance de la personnalit\u00e9 juridique (D\u00e9cret pr\u00e9sidentiel n\u00b0 101 du 10 f\u00e9vrier 1986), en 2003 il a obtenu la qualification d&rsquo; \u00ab\u00a0Organisme de recherche non instrumentale\u00a0\u00bb (L. 23\/10\/2003 n\u00b0 293) et a commenc\u00e9 \u00e0 renforcer son activit\u00e9 de recherche qui se d\u00e9veloppe dans trois macro-domaines: historico-politique; juridico-\u00e9conomique; social, humaniste et linguistique.<\/p>\t\t\t\t\t<\/div>\n\t\t\t\t\t\t<\/div>\n\t\t\t\t<\/div>\n\t\t\t\t<div class=\"elementor-element elementor-element-38c51ac elementor-widget-divider--view-line elementor-widget elementor-widget-divider\" data-id=\"38c51ac\" data-element_type=\"widget\" data-widget_type=\"divider.default\">\n\t\t\t\t<div class=\"elementor-widget-container\">\n\t\t\t\t\t<div class=\"elementor-divider\">\n\t\t\t<span class=\"elementor-divider-separator\">\n\t\t\t\t\t\t<\/span>\n\t\t<\/div>\n\t\t\t\t<\/div>\n\t\t\t\t<\/div>\n\t\t\t\t\t\t<\/div>\n\t\t\t\t\t<\/div>\n\t\t<\/div>\n\t\t\t\t\t\t\t\t<\/div>\n\t\t\t\t\t<\/div>\n\t\t<\/section>\n\t\t\t\t<section class=\"elementor-section elementor-top-section elementor-element elementor-element-2e04f2b elementor-section-full_width qodef-elementor-content-grid elementor-section-height-default elementor-section-height-default\" data-id=\"2e04f2b\" data-element_type=\"section\">\n\t\t\t\t\t\t<div class=\"elementor-container elementor-column-gap-no\">\n\t\t\t\t\t\t\t<div class=\"elementor-row\">\n\t\t\t\t\t<div class=\"elementor-column elementor-col-100 elementor-top-column elementor-element elementor-element-9ad3493\" data-id=\"9ad3493\" data-element_type=\"column\">\n\t\t\t<div class=\"elementor-column-wrap elementor-element-populated\">\n\t\t\t\t\t\t\t<div class=\"elementor-widget-wrap\">\n\t\t\t\t\t\t<div class=\"elementor-element elementor-element-6d9c77f elementor-widget elementor-widget-olema_core_section_title\" data-id=\"6d9c77f\" data-element_type=\"widget\" data-widget_type=\"olema_core_section_title.default\">\n\t\t\t\t<div class=\"elementor-widget-container\">\n\t\t\t<div class=\"qodef-shortcode qodef-m  qodef-section-title qodef-alignment--left  qodef--has-appear\"  style=\"max-width: unset\">\n\t\t\t<h1 class=\"qodef-m-title\" >\n\t\t\t\t\tComit\u00e9 scientifique\t\t\t<\/h1>\n\t<\/div>\t\t<\/div>\n\t\t\t\t<\/div>\n\t\t\t\t<div class=\"elementor-element elementor-element-d5245a4 elementor-widget elementor-widget-olema_core_icon_with_text\" data-id=\"d5245a4\" data-element_type=\"widget\" data-widget_type=\"olema_core_icon_with_text.default\">\n\t\t\t\t<div class=\"elementor-widget-container\">\n\t\t\t<div class=\"qodef-shortcode qodef-m  qodef-icon-with-text qodef-layout--top qodef--icon-pack qodef-alignment--left\">\n\t<div class=\"qodef-m-icon-wrapper\">\n\t\t<span class=\"qodef-shortcode qodef-m  qodef-icon-holder qodef-size--default qodef-layout--normal\"  >\t\t\t<a itemprop=\"url\" href=\"https:\/\/www.utm.utoronto.ca\/language-studies\/people\/salvatore-bancheri\" target=\"_blank\">                        <\/a>\t<\/span>\t<\/div>\n\t<div class=\"qodef-m-content\">\n\t\t\t<h3 class=\"qodef-m-title\" >\n\t\t\t\t\t<a itemprop=\"url\" href=\"https:\/\/www.utm.utoronto.ca\/language-studies\/people\/salvatore-bancheri\" target=\"_blank\">\n\t\t\t\t\t<span class=\"qodef-m-title-text\">Prof. Salvatore Bancheri<\/span>\n\t\t\t\t\t<\/a>\n\t\t\t<\/h3>\n\t\t\t<p class=\"qodef-m-text\" style=\"margin-top: 10px\">Department of Italian Studies, Universit\u00e9 de Toronto.<\/p>\n\t<\/div>\n<\/div>\t\t<\/div>\n\t\t\t\t<\/div>\n\t\t\t\t<div class=\"elementor-element elementor-element-4c75b3e elementor-widget elementor-widget-olema_core_icon_with_text\" data-id=\"4c75b3e\" data-element_type=\"widget\" data-widget_type=\"olema_core_icon_with_text.default\">\n\t\t\t\t<div class=\"elementor-widget-container\">\n\t\t\t<div class=\"qodef-shortcode qodef-m  qodef-icon-with-text qodef-layout--top qodef--icon-pack qodef-alignment--left\">\n\t<div class=\"qodef-m-icon-wrapper\">\n\t\t<span class=\"qodef-shortcode qodef-m  qodef-icon-holder qodef-size--default qodef-layout--normal\"  >\t\t\t<a itemprop=\"url\" href=\"https:\/\/homepage.uni-graz.at\/de\/simona.bartolikucher\/\" target=\"_blank\">                        <\/a>\t<\/span>\t<\/div>\n\t<div class=\"qodef-m-content\">\n\t\t\t<h3 class=\"qodef-m-title\" >\n\t\t\t\t\t<a itemprop=\"url\" href=\"https:\/\/homepage.uni-graz.at\/de\/simona.bartolikucher\/\" target=\"_blank\">\n\t\t\t\t\t<span class=\"qodef-m-title-text\">Prof. Simona Bartoli Kucher<\/span>\n\t\t\t\t\t<\/a>\n\t\t\t<\/h3>\n\t\t\t<p class=\"qodef-m-text\" style=\"margin-top: 10px\">Institut f\u00fcr Romanistik, Universit\u00e9 de Graz.<\/p>\n\t<\/div>\n<\/div>\t\t<\/div>\n\t\t\t\t<\/div>\n\t\t\t\t<div class=\"elementor-element elementor-element-7a828bc elementor-widget elementor-widget-olema_core_icon_with_text\" data-id=\"7a828bc\" data-element_type=\"widget\" data-widget_type=\"olema_core_icon_with_text.default\">\n\t\t\t\t<div class=\"elementor-widget-container\">\n\t\t\t<div class=\"qodef-shortcode qodef-m  qodef-icon-with-text qodef-layout--top qodef--icon-pack qodef-alignment--left\">\n\t<div class=\"qodef-m-icon-wrapper\">\n\t\t<span class=\"qodef-shortcode qodef-m  qodef-icon-holder qodef-size--default qodef-layout--normal\"  >\t\t\t<a itemprop=\"url\" href=\"https:\/\/www.istitutospiov.it\/\" target=\"_blank\">                        <\/a>\t<\/span>\t<\/div>\n\t<div class=\"qodef-m-content\">\n\t\t\t<h3 class=\"qodef-m-title\" >\n\t\t\t\t\t<a itemprop=\"url\" href=\"https:\/\/www.istitutospiov.it\/\" target=\"_blank\">\n\t\t\t\t\t<span class=\"qodef-m-title-text\">Prof. Benedetto Coccia<\/span>\n\t\t\t\t\t<\/a>\n\t\t\t<\/h3>\n\t\t\t<p class=\"qodef-m-text\" style=\"margin-top: 10px\">Secr\u00e9taire-tr\u00e9sorier - Istituto di Studi Politici San Pio V, Rome.<\/p>\n\t<\/div>\n<\/div>\t\t<\/div>\n\t\t\t\t<\/div>\n\t\t\t\t<div class=\"elementor-element elementor-element-1d573c5 elementor-widget elementor-widget-olema_core_icon_with_text\" data-id=\"1d573c5\" data-element_type=\"widget\" data-widget_type=\"olema_core_icon_with_text.default\">\n\t\t\t\t<div class=\"elementor-widget-container\">\n\t\t\t<div class=\"qodef-shortcode qodef-m  qodef-icon-with-text qodef-layout--top qodef--icon-pack qodef-alignment--left\">\n\t<div class=\"qodef-m-icon-wrapper\">\n\t\t<span class=\"qodef-shortcode qodef-m  qodef-icon-holder qodef-size--default qodef-layout--normal\"  >\t\t\t<a itemprop=\"url\" href=\"https:\/\/www.istitutospiov.it\/organi-sociali\/\" target=\"_blank\">                        <\/a>\t<\/span>\t<\/div>\n\t<div class=\"qodef-m-content\">\n\t\t\t<h3 class=\"qodef-m-title\" >\n\t\t\t\t\t<a itemprop=\"url\" href=\"https:\/\/www.istitutospiov.it\/organi-sociali\/\" target=\"_blank\">\n\t\t\t\t\t<span class=\"qodef-m-title-text\">Prof. Paolo De Nardis<\/span>\n\t\t\t\t\t<\/a>\n\t\t\t<\/h3>\n\t\t\t<p class=\"qodef-m-text\" style=\"margin-top: 10px\">Pr\u00e9sident Istituto di Studi Politici San Pio V, Rome - La Sapienza Universit\u00e9 de Rome.<\/p>\n\t<\/div>\n<\/div>\t\t<\/div>\n\t\t\t\t<\/div>\n\t\t\t\t<div class=\"elementor-element elementor-element-d620cd6 elementor-widget elementor-widget-olema_core_icon_with_text\" data-id=\"d620cd6\" data-element_type=\"widget\" data-widget_type=\"olema_core_icon_with_text.default\">\n\t\t\t\t<div class=\"elementor-widget-container\">\n\t\t\t<div class=\"qodef-shortcode qodef-m  qodef-icon-with-text qodef-layout--top qodef--icon-pack qodef-alignment--left\">\n\t<div class=\"qodef-m-icon-wrapper\">\n\t\t<span class=\"qodef-shortcode qodef-m  qodef-icon-holder qodef-size--default qodef-layout--normal\"  >\t\t\t<a itemprop=\"url\" href=\"https:\/\/homepage.univie.ac.at\/elton.prifti\/\" target=\"_blank\">                        <\/a>\t<\/span>\t<\/div>\n\t<div class=\"qodef-m-content\">\n\t\t\t<h3 class=\"qodef-m-title\" >\n\t\t\t\t\t<a itemprop=\"url\" href=\"https:\/\/homepage.univie.ac.at\/elton.prifti\/\" target=\"_blank\">\n\t\t\t\t\t<span class=\"qodef-m-title-text\">Prof. Elton Prifti<\/span>\n\t\t\t\t\t<\/a>\n\t\t\t<\/h3>\n\t\t\t<\/div>\n<\/div>\t\t<\/div>\n\t\t\t\t<\/div>\n\t\t\t\t<div class=\"elementor-element elementor-element-6fe8507 elementor-widget elementor-widget-text-editor\" data-id=\"6fe8507\" data-element_type=\"widget\" data-widget_type=\"text-editor.default\">\n\t\t\t\t<div class=\"elementor-widget-container\">\n\t\t\t\t\t\t\t\t<div class=\"elementor-text-editor elementor-clearfix\">\n\t\t\t\t<p><a href=\"https:\/\/www.lei-digitale.org\/\" target=\"_blank\" rel=\"noopener\">Lessico Etimologico Italiano<\/a>, Universit\u00e9 de Vienne et de Mannheim.<\/p>\t\t\t\t\t<\/div>\n\t\t\t\t\t\t<\/div>\n\t\t\t\t<\/div>\n\t\t\t\t<div class=\"elementor-element elementor-element-1ef175a elementor-widget elementor-widget-olema_core_icon_with_text\" data-id=\"1ef175a\" data-element_type=\"widget\" data-widget_type=\"olema_core_icon_with_text.default\">\n\t\t\t\t<div class=\"elementor-widget-container\">\n\t\t\t<div class=\"qodef-shortcode qodef-m  qodef-icon-with-text qodef-layout--top qodef--icon-pack qodef-alignment--left\">\n\t<div class=\"qodef-m-icon-wrapper\">\n\t\t<span class=\"qodef-shortcode qodef-m  qodef-icon-holder qodef-size--default qodef-layout--normal\"  >\t\t\t<a itemprop=\"url\" href=\"https:\/\/online.unistrasi.it\/docenti\/Persona.asp?ID=292\" target=\"_blank\">                        <\/a>\t<\/span>\t<\/div>\n\t<div class=\"qodef-m-content\">\n\t\t\t<h3 class=\"qodef-m-title\" >\n\t\t\t\t\t<a itemprop=\"url\" href=\"https:\/\/online.unistrasi.it\/docenti\/Persona.asp?ID=292\" target=\"_blank\">\n\t\t\t\t\t<span class=\"qodef-m-title-text\">Prof. Massimo Vedovelli<\/span>\n\t\t\t\t\t<\/a>\n\t\t\t<\/h3>\n\t\t\t<p class=\"qodef-m-text\" style=\"margin-top: 10px\">Pr\u00e9sident - Centro di Eccellenza della Ricerca, Osservatorio linguistico permanente dell\u2019italiano diffuso fra stranieri e delle lingue immigrate in Italia, Universit\u00e9 pour  \u00e9trangers de Sienne.<\/p>\n\t<\/div>\n<\/div>\t\t<\/div>\n\t\t\t\t<\/div>\n\t\t\t\t<div class=\"elementor-element elementor-element-d3bb8ba elementor-widget-divider--view-line elementor-widget elementor-widget-divider\" data-id=\"d3bb8ba\" data-element_type=\"widget\" data-widget_type=\"divider.default\">\n\t\t\t\t<div class=\"elementor-widget-container\">\n\t\t\t\t\t<div class=\"elementor-divider\">\n\t\t\t<span class=\"elementor-divider-separator\">\n\t\t\t\t\t\t<\/span>\n\t\t<\/div>\n\t\t\t\t<\/div>\n\t\t\t\t<\/div>\n\t\t\t\t\t\t<\/div>\n\t\t\t\t\t<\/div>\n\t\t<\/div>\n\t\t\t\t\t\t\t\t<\/div>\n\t\t\t\t\t<\/div>\n\t\t<\/section>\n\t\t\t\t<section class=\"elementor-section elementor-top-section elementor-element elementor-element-768cf67 elementor-section-full_width qodef-elementor-content-grid elementor-section-height-default elementor-section-height-default\" data-id=\"768cf67\" data-element_type=\"section\">\n\t\t\t\t\t\t<div class=\"elementor-container elementor-column-gap-no\">\n\t\t\t\t\t\t\t<div class=\"elementor-row\">\n\t\t\t\t\t<div class=\"elementor-column elementor-col-100 elementor-top-column elementor-element elementor-element-bf98b68\" data-id=\"bf98b68\" data-element_type=\"column\">\n\t\t\t<div class=\"elementor-column-wrap elementor-element-populated\">\n\t\t\t\t\t\t\t<div class=\"elementor-widget-wrap\">\n\t\t\t\t\t\t<div class=\"elementor-element elementor-element-32fee00 elementor-widget elementor-widget-olema_core_section_title\" data-id=\"32fee00\" data-element_type=\"widget\" data-widget_type=\"olema_core_section_title.default\">\n\t\t\t\t<div class=\"elementor-widget-container\">\n\t\t\t<div class=\"qodef-shortcode qodef-m  qodef-section-title qodef-alignment--left  qodef--has-appear\"  style=\"max-width: unset\">\n\t\t\t<h1 class=\"qodef-m-title\" >\n\t\t\t\t\tComit\u00e9 d\u2019experts\t\t\t<\/h1>\n\t\t<p class=\"qodef-m-text\" >Afin de mener \u00e0 bien les activit\u00e9s du Recueil, le Comit\u00e9 Scientifique dispose d&#039;un Comit\u00e9 d&#039;experts qui compte comme membres permanents:<\/p>\n<\/div>\t\t<\/div>\n\t\t\t\t<\/div>\n\t\t\t\t<div class=\"elementor-element elementor-element-17e7cba elementor-widget elementor-widget-olema_core_icon_with_text\" data-id=\"17e7cba\" data-element_type=\"widget\" data-widget_type=\"olema_core_icon_with_text.default\">\n\t\t\t\t<div class=\"elementor-widget-container\">\n\t\t\t<div class=\"qodef-shortcode qodef-m  qodef-icon-with-text qodef-layout--top qodef--icon-pack qodef-alignment--left\">\n\t<div class=\"qodef-m-icon-wrapper\">\n\t\t<span class=\"qodef-shortcode qodef-m  qodef-icon-holder qodef-size--default qodef-layout--normal\"  >\t\t\t<a itemprop=\"url\" href=\"https:\/\/www.iuline.it\/wp-content\/uploads\/2020\/10\/CV_FERRINI.pdf\" target=\"_blank\">                        <\/a>\t<\/span>\t<\/div>\n\t<div class=\"qodef-m-content\">\n\t\t\t<h3 class=\"qodef-m-title\" >\n\t\t\t\t\t<a itemprop=\"url\" href=\"https:\/\/www.iuline.it\/wp-content\/uploads\/2020\/10\/CV_FERRINI.pdf\" target=\"_blank\">\n\t\t\t\t\t<span class=\"qodef-m-title-text\">Caterina Ferrini<\/span>\n\t\t\t\t\t<\/a>\n\t\t\t<\/h3>\n\t\t\t<p class=\"qodef-m-text\" style=\"margin-top: 10px\">Chercheur en Glottologie et Linguistique \u00e0 l&#039;Universit\u00e9 T\u00e9l\u00e9matique de Florence (IUL). Son activit\u00e9 scientifique concerne les domaines des sciences du langage.<\/p>\n\t<\/div>\n<\/div>\t\t<\/div>\n\t\t\t\t<\/div>\n\t\t\t\t<div class=\"elementor-element elementor-element-2aee3b5 elementor-widget elementor-widget-olema_core_icon_with_text\" data-id=\"2aee3b5\" data-element_type=\"widget\" data-widget_type=\"olema_core_icon_with_text.default\">\n\t\t\t\t<div class=\"elementor-widget-container\">\n\t\t\t<div class=\"qodef-shortcode qodef-m  qodef-icon-with-text qodef-layout--top qodef--icon-pack qodef-alignment--left\">\n\t<div class=\"qodef-m-icon-wrapper\">\n\t\t<span class=\"qodef-shortcode qodef-m  qodef-icon-holder qodef-size--default qodef-layout--normal\"  >\t\t\t<a itemprop=\"url\" href=\"https:\/\/online.unistrasi.it\/docenti\/Persona.asp?ID=530\" target=\"_blank\">                        <\/a>\t<\/span>\t<\/div>\n\t<div class=\"qodef-m-content\">\n\t\t\t<h3 class=\"qodef-m-title\" >\n\t\t\t\t\t<a itemprop=\"url\" href=\"https:\/\/online.unistrasi.it\/docenti\/Persona.asp?ID=530\" target=\"_blank\">\n\t\t\t\t\t<span class=\"qodef-m-title-text\">Orlando Paris<\/span>\n\t\t\t\t\t<\/a>\n\t\t\t<\/h3>\n\t\t\t<p class=\"qodef-m-text\" style=\"margin-top: 10px\">Il est chercheur en S\u00e9miotique et Philosophie du langage \u00e0 l\u2019Universit\u00e9 pour \u00c9trangers de Sienne. Parmi ses publications figurent \u201cIl Discorso scientifico e la costruzione dell\u2019Altro\u201d (Pacini Editore) et \u201cI Discorsi dell\u2019Odio. Razzismo e Retoriche xenofobe sui social network\u201d (Carocci Editore).<\/p>\n\t<\/div>\n<\/div>\t\t<\/div>\n\t\t\t\t<\/div>\n\t\t\t\t<div class=\"elementor-element elementor-element-e3a9702 elementor-widget elementor-widget-olema_core_icon_with_text\" data-id=\"e3a9702\" data-element_type=\"widget\" data-widget_type=\"olema_core_icon_with_text.default\">\n\t\t\t\t<div class=\"elementor-widget-container\">\n\t\t\t<div class=\"qodef-shortcode qodef-m  qodef-icon-with-text qodef-layout--top qodef--icon-pack qodef-alignment--left\">\n\t<div class=\"qodef-m-icon-wrapper\">\n\t\t<span class=\"qodef-shortcode qodef-m  qodef-icon-holder qodef-size--default qodef-layout--normal\"  >\t\t\t<a itemprop=\"url\" href=\"https:\/\/www.linkedin.com\/in\/marilenapescini\" target=\"_blank\">                        <\/a>\t<\/span>\t<\/div>\n\t<div class=\"qodef-m-content\">\n\t\t\t<h3 class=\"qodef-m-title\" >\n\t\t\t\t\t<a itemprop=\"url\" href=\"https:\/\/www.linkedin.com\/in\/marilenapescini\" target=\"_blank\">\n\t\t\t\t\t<span class=\"qodef-m-title-text\">Marilena Pescini<\/span>\n\t\t\t\t\t<\/a>\n\t\t\t<\/h3>\n\t\t\t<p class=\"qodef-m-text\" style=\"margin-top: 10px\">Dipl\u00f4m\u00e9e en Sciences Linguistiques \u00e0 l&#039;Universit\u00e9 pour \u00c9trangers de Sienne, a collabor\u00e9 au projet de recherche &quot;Monterotondo-Mentana-Fonte Nuova 2019&quot;.<\/p>\n\t<\/div>\n<\/div>\t\t<\/div>\n\t\t\t\t<\/div>\n\t\t\t\t<div class=\"elementor-element elementor-element-ff42595 elementor-widget elementor-widget-olema_core_icon_with_text\" data-id=\"ff42595\" data-element_type=\"widget\" data-widget_type=\"olema_core_icon_with_text.default\">\n\t\t\t\t<div class=\"elementor-widget-container\">\n\t\t\t<div class=\"qodef-shortcode qodef-m  qodef-icon-with-text qodef-layout--top qodef--icon-pack qodef-alignment--left\">\n\t<div class=\"qodef-m-icon-wrapper\">\n\t\t<span class=\"qodef-shortcode qodef-m  qodef-icon-holder qodef-size--default qodef-layout--normal\"  >\t\t\t<a itemprop=\"url\" href=\"https:\/\/www.linkedin.com\/in\/giulia-staggini-64aa51145\" target=\"_blank\">                        <\/a>\t<\/span>\t<\/div>\n\t<div class=\"qodef-m-content\">\n\t\t\t<h3 class=\"qodef-m-title\" >\n\t\t\t\t\t<a itemprop=\"url\" href=\"https:\/\/www.linkedin.com\/in\/giulia-staggini-64aa51145\" target=\"_blank\">\n\t\t\t\t\t<span class=\"qodef-m-title-text\">Giulia Staggini<\/span>\n\t\t\t\t\t<\/a>\n\t\t\t<\/h3>\n\t\t\t<p class=\"qodef-m-text\" style=\"margin-top: 10px\">Doctorante \u00e0 l&#039;Universit\u00e9 de G\u00eanes. Elle s&#039;int\u00e9resse \u00e0 l&#039;enseignement des langues \u00e9trang\u00e8res  gr\u00e2ce aux outils technologiques.<\/p>\n\t<\/div>\n<\/div>\t\t<\/div>\n\t\t\t\t<\/div>\n\t\t\t\t<div class=\"elementor-element elementor-element-812da1e elementor-widget elementor-widget-olema_core_icon_with_text\" data-id=\"812da1e\" data-element_type=\"widget\" data-widget_type=\"olema_core_icon_with_text.default\">\n\t\t\t\t<div class=\"elementor-widget-container\">\n\t\t\t<div class=\"qodef-shortcode qodef-m  qodef-icon-with-text qodef-layout--top qodef--icon-pack qodef-alignment--left\">\n\t<div class=\"qodef-m-icon-wrapper\">\n\t\t<span class=\"qodef-shortcode qodef-m  qodef-icon-holder qodef-size--default qodef-layout--normal\"  >\t\t\t<a itemprop=\"url\" href=\"https:\/\/www.linkedin.com\/in\/federica-brachini-435ab3209\/\" target=\"_self\">                        <\/a>\t<\/span>\t<\/div>\n\t<div class=\"qodef-m-content\">\n\t\t\t<h3 class=\"qodef-m-title\" >\n\t\t\t\t\t<a itemprop=\"url\" href=\"https:\/\/www.linkedin.com\/in\/federica-brachini-435ab3209\/\" target=\"_self\">\n\t\t\t\t\t<span class=\"qodef-m-title-text\">Federica Brachini<\/span>\n\t\t\t\t\t<\/a>\n\t\t\t<\/h3>\n\t\t\t<\/div>\n<\/div>\t\t<\/div>\n\t\t\t\t<\/div>\n\t\t\t\t<div class=\"elementor-element elementor-element-d1c43c3 elementor-widget elementor-widget-text-editor\" data-id=\"d1c43c3\" data-element_type=\"widget\" data-widget_type=\"text-editor.default\">\n\t\t\t\t<div class=\"elementor-widget-container\">\n\t\t\t\t\t\t\t\t<div class=\"elementor-text-editor elementor-clearfix\">\n\t\t\t\t<p><span style=\"font-weight: 400;\">Dipl\u00f4m\u00e9e en Sciences linguistiques et communication interculturelle \u00e0 l&rsquo;<\/span><span style=\"font-weight: 400;\">Universit\u00e9 pour \u00c9trangers de Sienne<\/span><span style=\"font-weight: 400;\">. Elle s&rsquo;int\u00e9resse principalement<\/span><span style=\"font-weight: 400;\"> \u00e0 la linguistique migratorie.\u00a0<\/span><\/p>\t\t\t\t\t<\/div>\n\t\t\t\t\t\t<\/div>\n\t\t\t\t<\/div>\n\t\t\t\t<div class=\"elementor-element elementor-element-be1078a elementor-widget elementor-widget-olema_core_icon_with_text\" data-id=\"be1078a\" data-element_type=\"widget\" data-widget_type=\"olema_core_icon_with_text.default\">\n\t\t\t\t<div class=\"elementor-widget-container\">\n\t\t\t<div class=\"qodef-shortcode qodef-m  qodef-icon-with-text qodef-layout--top qodef--icon-pack qodef-alignment--left\">\n\t<div class=\"qodef-m-icon-wrapper\">\n\t\t<span class=\"qodef-shortcode qodef-m  qodef-icon-holder qodef-size--default qodef-layout--normal\"  >\t\t\t<a itemprop=\"url\" href=\"http:\/\/letmedude.it\/\" target=\"_self\">                        <\/a>\t<\/span>\t<\/div>\n\t<div class=\"qodef-m-content\">\n\t\t\t<h3 class=\"qodef-m-title\" >\n\t\t\t\t\t<a itemprop=\"url\" href=\"http:\/\/letmedude.it\/\" target=\"_self\">\n\t\t\t\t\t<span class=\"qodef-m-title-text\">Antonio Bussu<\/span>\n\t\t\t\t\t<\/a>\n\t\t\t<\/h3>\n\t\t\t<\/div>\n<\/div>\t\t<\/div>\n\t\t\t\t<\/div>\n\t\t\t\t<div class=\"elementor-element elementor-element-0587949 elementor-widget elementor-widget-text-editor\" data-id=\"0587949\" data-element_type=\"widget\" data-widget_type=\"text-editor.default\">\n\t\t\t\t<div class=\"elementor-widget-container\">\n\t\t\t\t\t\t\t\t<div class=\"elementor-text-editor elementor-clearfix\">\n\t\t\t\t<p>Consultant en communication et marketing digital. Il est le directeur ex\u00e9cutif de <a href=\"http:\/\/letmedude.it\" target=\"_blank\" rel=\"noopener\">Dude<\/a>.<\/p>\t\t\t\t\t<\/div>\n\t\t\t\t\t\t<\/div>\n\t\t\t\t<\/div>\n\t\t\t\t<div class=\"elementor-element elementor-element-f90ee42 elementor-widget-divider--view-line elementor-widget elementor-widget-divider\" data-id=\"f90ee42\" data-element_type=\"widget\" data-widget_type=\"divider.default\">\n\t\t\t\t<div class=\"elementor-widget-container\">\n\t\t\t\t\t<div class=\"elementor-divider\">\n\t\t\t<span class=\"elementor-divider-separator\">\n\t\t\t\t\t\t<\/span>\n\t\t<\/div>\n\t\t\t\t<\/div>\n\t\t\t\t<\/div>\n\t\t\t\t<div class=\"elementor-element elementor-element-9d2a6b6 elementor-widget elementor-widget-text-editor\" data-id=\"9d2a6b6\" data-element_type=\"widget\" data-widget_type=\"text-editor.default\">\n\t\t\t\t<div class=\"elementor-widget-container\">\n\t\t\t\t\t\t\t\t<div class=\"elementor-text-editor elementor-clearfix\">\n\t\t\t\tPhoto de <a href=\"https:\/\/www.flickr.com\/photos\/catarinaoberlander\/19241054362\/in\/photolist-vjgr7A-7Axac8-7n9phL-Gx3CJN-2j8PFrt-2csjkuu-7JG7ts-EyuFeo-hPPt38-ddKLea-cb1bEW-9SW2uq-2ehjR28-23ENBD8-nbrFLy-8hW1js-2ehjRci-2j8KFoX-LuTEQX-S9aFMC-2ecEveo-Fw74AC-2ehjQnn-2j8NkA7-7S23RH-2cTsvt4-ddK6Nk-ddKHwJ-ddJ6VC-2cTswjH-2cTsvzr-2ehjSgH-2ehjQqi-S9aGtC-QvXYCD-7UnYgF-ddK7cc-rxhrZr-2cTsvTT-2ehjQv8-S9aGDh-2ehjSx4-2cTsvRZ-nciUfn-2hCUt9e-2ehjStM-2hCUuUo-cb1aLb-2hCTwLq-QvXYB6\" target=\"_blank\" rel=\"noopener\">Catarina Oberlander<\/a> \/ CC BY 2.0\t\t\t\t\t<\/div>\n\t\t\t\t\t\t<\/div>\n\t\t\t\t<\/div>\n\t\t\t\t\t\t<\/div>\n\t\t\t\t\t<\/div>\n\t\t<\/div>\n\t\t\t\t\t\t\t\t<\/div>\n\t\t\t\t\t<\/div>\n\t\t<\/section>\n\t\t\t\t\t\t\t\t\t<\/div>\n\t\t\t<\/div>\n\t\t\t\t\t<\/div>\n\t\t","protected":false},"excerpt":{"rendered":"<p>MIBACT &#8211; Ministero per i Beni e le Attivit\u00e0 Culturali e per il Turismo (Minist\u00e8re pour les Biens et Activit\u00e9s Culturels et pour le Tourisme), Dir. g\u00e9n. de la recherche et des instituts culturels &#8211; Via Milano, 76 &#8211; 00184, Rome. Consultation des Comit\u00e9s et des \u00c9ditions nationales &#8211; MIBACT Istituto di Studi Politici (Institut [&hellip;]<\/p>\n","protected":false},"author":1,"featured_media":0,"parent":0,"menu_order":0,"comment_status":"closed","ping_status":"closed","template":"page-full-width.php","meta":[],"yoast_head":"<!-- This site is optimized with the Yoast SEO plugin v19.6.1 - https:\/\/yoast.com\/wordpress\/plugins\/seo\/ -->\n<title>Qui sommes-nous - Entradit<\/title>\n<meta name=\"robots\" content=\"index, follow, max-snippet:-1, max-image-preview:large, max-video-preview:-1\" \/>\n<link rel=\"canonical\" href=\"https:\/\/entradit.it\/fr\/qui-sommes-nous\/\" \/>\n<meta property=\"og:locale\" content=\"fr_FR\" \/>\n<meta property=\"og:type\" content=\"article\" \/>\n<meta property=\"og:title\" content=\"Qui sommes-nous - Entradit\" \/>\n<meta property=\"og:description\" content=\"MIBACT &#8211; Ministero per i Beni e le Attivit\u00e0 Culturali e per il Turismo (Minist\u00e8re pour les Biens et Activit\u00e9s Culturels et pour le Tourisme), Dir. g\u00e9n. de la recherche et des instituts culturels &#8211; Via Milano, 76 &#8211; 00184, Rome. Consultation des Comit\u00e9s et des \u00c9ditions nationales &#8211; MIBACT Istituto di Studi Politici (Institut [&hellip;]\" \/>\n<meta property=\"og:url\" content=\"https:\/\/entradit.it\/fr\/qui-sommes-nous\/\" \/>\n<meta property=\"og:site_name\" content=\"Entradit\" \/>\n<meta property=\"article:modified_time\" content=\"2021-10-28T09:57:32+00:00\" \/>\n<meta property=\"og:image\" content=\"https:\/\/entradit.it\/wp-content\/uploads\/elementor\/thumbs\/chi-siamo-ozv2x5fud7hn8sv91p94n2mn1mvuv0xq4dir77enbc.jpg\" \/>\n<meta name=\"twitter:card\" content=\"summary_large_image\" \/>\n<meta name=\"twitter:label1\" content=\"Dur\u00e9e de lecture estim\u00e9e\" \/>\n\t<meta name=\"twitter:data1\" content=\"2 minutes\" \/>\n<script type=\"application\/ld+json\" class=\"yoast-schema-graph\">{\"@context\":\"https:\/\/schema.org\",\"@graph\":[{\"@type\":\"WebPage\",\"@id\":\"https:\/\/entradit.it\/fr\/qui-sommes-nous\/\",\"url\":\"https:\/\/entradit.it\/fr\/qui-sommes-nous\/\",\"name\":\"Qui sommes-nous - Entradit\",\"isPartOf\":{\"@id\":\"https:\/\/entradit.it\/fr\/#website\"},\"datePublished\":\"2020-11-23T09:36:27+00:00\",\"dateModified\":\"2021-10-28T09:57:32+00:00\",\"breadcrumb\":{\"@id\":\"https:\/\/entradit.it\/fr\/qui-sommes-nous\/#breadcrumb\"},\"inLanguage\":\"fr-FR\",\"potentialAction\":[{\"@type\":\"ReadAction\",\"target\":[\"https:\/\/entradit.it\/fr\/qui-sommes-nous\/\"]}]},{\"@type\":\"BreadcrumbList\",\"@id\":\"https:\/\/entradit.it\/fr\/qui-sommes-nous\/#breadcrumb\",\"itemListElement\":[{\"@type\":\"ListItem\",\"position\":1,\"name\":\"Home\",\"item\":\"https:\/\/entradit.it\/fr\/\"},{\"@type\":\"ListItem\",\"position\":2,\"name\":\"Qui sommes-nous\"}]},{\"@type\":\"WebSite\",\"@id\":\"https:\/\/entradit.it\/fr\/#website\",\"url\":\"https:\/\/entradit.it\/fr\/\",\"name\":\"Entradit\",\"description\":\"L\u2019Edizione nazionale del Compendio delle traduzioni italiane nel mondo\",\"potentialAction\":[{\"@type\":\"SearchAction\",\"target\":{\"@type\":\"EntryPoint\",\"urlTemplate\":\"https:\/\/entradit.it\/fr\/?s={search_term_string}\"},\"query-input\":\"required name=search_term_string\"}],\"inLanguage\":\"fr-FR\"}]}<\/script>\n<!-- \/ Yoast SEO plugin. -->","yoast_head_json":{"title":"Qui sommes-nous - Entradit","robots":{"index":"index","follow":"follow","max-snippet":"max-snippet:-1","max-image-preview":"max-image-preview:large","max-video-preview":"max-video-preview:-1"},"canonical":"https:\/\/entradit.it\/fr\/qui-sommes-nous\/","og_locale":"fr_FR","og_type":"article","og_title":"Qui sommes-nous - Entradit","og_description":"MIBACT &#8211; Ministero per i Beni e le Attivit\u00e0 Culturali e per il Turismo (Minist\u00e8re pour les Biens et Activit\u00e9s Culturels et pour le Tourisme), Dir. g\u00e9n. de la recherche et des instituts culturels &#8211; Via Milano, 76 &#8211; 00184, Rome. Consultation des Comit\u00e9s et des \u00c9ditions nationales &#8211; MIBACT Istituto di Studi Politici (Institut [&hellip;]","og_url":"https:\/\/entradit.it\/fr\/qui-sommes-nous\/","og_site_name":"Entradit","article_modified_time":"2021-10-28T09:57:32+00:00","og_image":[{"url":"https:\/\/entradit.it\/wp-content\/uploads\/elementor\/thumbs\/chi-siamo-ozv2x5fud7hn8sv91p94n2mn1mvuv0xq4dir77enbc.jpg"}],"twitter_card":"summary_large_image","twitter_misc":{"Dur\u00e9e de lecture estim\u00e9e":"2 minutes"},"schema":{"@context":"https:\/\/schema.org","@graph":[{"@type":"WebPage","@id":"https:\/\/entradit.it\/fr\/qui-sommes-nous\/","url":"https:\/\/entradit.it\/fr\/qui-sommes-nous\/","name":"Qui sommes-nous - Entradit","isPartOf":{"@id":"https:\/\/entradit.it\/fr\/#website"},"datePublished":"2020-11-23T09:36:27+00:00","dateModified":"2021-10-28T09:57:32+00:00","breadcrumb":{"@id":"https:\/\/entradit.it\/fr\/qui-sommes-nous\/#breadcrumb"},"inLanguage":"fr-FR","potentialAction":[{"@type":"ReadAction","target":["https:\/\/entradit.it\/fr\/qui-sommes-nous\/"]}]},{"@type":"BreadcrumbList","@id":"https:\/\/entradit.it\/fr\/qui-sommes-nous\/#breadcrumb","itemListElement":[{"@type":"ListItem","position":1,"name":"Home","item":"https:\/\/entradit.it\/fr\/"},{"@type":"ListItem","position":2,"name":"Qui sommes-nous"}]},{"@type":"WebSite","@id":"https:\/\/entradit.it\/fr\/#website","url":"https:\/\/entradit.it\/fr\/","name":"Entradit","description":"L\u2019Edizione nazionale del Compendio delle traduzioni italiane nel mondo","potentialAction":[{"@type":"SearchAction","target":{"@type":"EntryPoint","urlTemplate":"https:\/\/entradit.it\/fr\/?s={search_term_string}"},"query-input":"required name=search_term_string"}],"inLanguage":"fr-FR"}]}},"_links":{"self":[{"href":"https:\/\/entradit.it\/fr\/wp-json\/wp\/v2\/pages\/4009"}],"collection":[{"href":"https:\/\/entradit.it\/fr\/wp-json\/wp\/v2\/pages"}],"about":[{"href":"https:\/\/entradit.it\/fr\/wp-json\/wp\/v2\/types\/page"}],"author":[{"embeddable":true,"href":"https:\/\/entradit.it\/fr\/wp-json\/wp\/v2\/users\/1"}],"replies":[{"embeddable":true,"href":"https:\/\/entradit.it\/fr\/wp-json\/wp\/v2\/comments?post=4009"}],"version-history":[{"count":57,"href":"https:\/\/entradit.it\/fr\/wp-json\/wp\/v2\/pages\/4009\/revisions"}],"predecessor-version":[{"id":5854,"href":"https:\/\/entradit.it\/fr\/wp-json\/wp\/v2\/pages\/4009\/revisions\/5854"}],"wp:attachment":[{"href":"https:\/\/entradit.it\/fr\/wp-json\/wp\/v2\/media?parent=4009"}],"curies":[{"name":"wp","href":"https:\/\/api.w.org\/{rel}","templated":true}]}}