{"id":4045,"date":"2020-11-23T09:02:59","date_gmt":"2020-11-23T08:02:59","guid":{"rendered":"https:\/\/test.hellodude.it\/compendio\/bernardino-telesio\/"},"modified":"2020-12-18T15:59:29","modified_gmt":"2020-12-18T14:59:29","slug":"bernardino-telesio","status":"publish","type":"page","link":"https:\/\/entradit.it\/fr\/bernardino-telesio\/","title":{"rendered":"Bernardino Telesio"},"content":{"rendered":"\t\t<div data-elementor-type=\"wp-page\" data-elementor-id=\"4045\" class=\"elementor elementor-4045 elementor-3965\">\n\t\t\t\t\t\t<div class=\"elementor-inner\">\n\t\t\t\t<div class=\"elementor-section-wrap\">\n\t\t\t\t\t\t\t\t\t<section class=\"elementor-section elementor-top-section elementor-element elementor-element-793f87a elementor-section-boxed elementor-section-height-default elementor-section-height-default qodef-elementor-content-no\" data-id=\"793f87a\" data-element_type=\"section\">\n\t\t\t\t\t\t<div class=\"elementor-container elementor-column-gap-default\">\n\t\t\t\t\t\t\t<div class=\"elementor-row\">\n\t\t\t\t\t<div class=\"elementor-column elementor-col-100 elementor-top-column elementor-element elementor-element-8fdf58c\" data-id=\"8fdf58c\" data-element_type=\"column\">\n\t\t\t<div class=\"elementor-column-wrap elementor-element-populated\">\n\t\t\t\t\t\t\t<div class=\"elementor-widget-wrap\">\n\t\t\t\t\t\t<div class=\"elementor-element elementor-element-093df6d elementor-widget elementor-widget-image\" data-id=\"093df6d\" data-element_type=\"widget\" data-widget_type=\"image.default\">\n\t\t\t\t<div class=\"elementor-widget-container\">\n\t\t\t\t\t\t\t\t<div class=\"elementor-image\">\n\t\t\t\t\t\t\t\t\t\t\t\t<img width=\"1024\" height=\"569\" src=\"https:\/\/entradit.it\/wp-content\/uploads\/2020\/11\/Bernardino_Telesio_ritratto-1024x569.jpg\" class=\"attachment-large size-large\" alt=\"\" loading=\"lazy\" srcset=\"https:\/\/entradit.it\/wp-content\/uploads\/2020\/11\/Bernardino_Telesio_ritratto-1024x569.jpg 1024w, https:\/\/entradit.it\/wp-content\/uploads\/2020\/11\/Bernardino_Telesio_ritratto-300x167.jpg 300w, https:\/\/entradit.it\/wp-content\/uploads\/2020\/11\/Bernardino_Telesio_ritratto-768x427.jpg 768w, https:\/\/entradit.it\/wp-content\/uploads\/2020\/11\/Bernardino_Telesio_ritratto.jpg 1440w\" sizes=\"(max-width: 1024px) 100vw, 1024px\" \/>\t\t\t\t\t\t\t\t\t\t\t\t\t\t<\/div>\n\t\t\t\t\t\t<\/div>\n\t\t\t\t<\/div>\n\t\t\t\t<div class=\"elementor-element elementor-element-edd8f43 elementor-widget elementor-widget-text-editor\" data-id=\"edd8f43\" data-element_type=\"widget\" data-widget_type=\"text-editor.default\">\n\t\t\t\t<div class=\"elementor-widget-container\">\n\t\t\t\t\t\t\t\t<div class=\"elementor-text-editor elementor-clearfix\">\n\t\t\t\t<p>Il est n\u00e9 en 1509 \u00e0 Cosenza o\u00f9 il a s\u00e9journ\u00e9 pendant une dizaine d&rsquo;ann\u00e9es. \u00c0 partir de 1518 il suit son oncle Antonio, grand humaniste et intellectuel, d&rsquo;abord \u00e0 Milan puis \u00e0 Rome o\u00f9, en 1527, il est prisonnier des troupes responsables du saccage de Rome pendant environ deux mois. Peu de temps apr\u00e8s, Antonio Telesio doit d\u00e9m\u00e9nager \u00e0 Venise pour le travail et Bernardino le suit, \u00e9tudiant les math\u00e9matiques, l&rsquo;optique, la m\u00e9decine et la philosophie \u00e0 l&rsquo;universit\u00e9 de Padoue, o\u00f9 le courant alexandriniste de l&rsquo;aristot\u00e9lisme \u00e9tait pr\u00e9dominant. Apr\u00e8s avoir quitt\u00e9 Padoue, il se retire dans un couvent de b\u00e9n\u00e9dictins pour se consacrer \u00e0 la recherche et \u00e0 la m\u00e9ditation. En 1553, \u00e0 Cosenza, il \u00e9pouse Diana Sersale qui meurt cependant quelques ann\u00e9es plus tard, laissant \u00e0 Telesio le soin de s&rsquo;occuper de ses quatre enfants. Il donne une nouvelle impulsion \u00e0 l&rsquo;Acad\u00e9mie de Cosenza, r\u00e9ussissant \u00e0 modifier ses courants litt\u00e9raires et philosophiques. En 1564, il d\u00e9cline l&rsquo;offre de Pie IV qui voulait le nommer archev\u00eaque de Cosenza, et c&rsquo;est son fr\u00e8re qui prendra sa place. En 1565, il publie \u00e0 Rome les deux premiers livres de son \u0153uvre principale, De rerum natura iuxta propria principia. En 1570, il les r\u00e9imprime \u00e0 Naples et en 1586, l&rsquo;ouvrage complet est publi\u00e9 en neuf volumes. Il a tenu diverses conversations autour du De rerum natura, d&rsquo;abord \u00e0 Rome, puis \u00e0 Naples. La derni\u00e8re partie de sa vie, bien que parsem\u00e9e de succ\u00e8s croissants, est marqu\u00e9e par l&rsquo;assassinat de son fils a\u00een\u00e9 Prospero (1576). Telesio est mort \u00e0 Cosenza en 1588. Le De rerum natura, avec Quod animal universum et De somno, a \u00e9t\u00e9 inclus dans l&rsquo;Index des livres interdits et le nom de Telesio n&rsquo;a \u00e9t\u00e9 retir\u00e9 de l&rsquo;Index qu&rsquo;en 1990. La pens\u00e9e de Telesio se rapproche de l&rsquo;aristot\u00e9lisme, mais il s&rsquo;en d\u00e9tache surtout en ce qui concerne la doctrine des \u00e9l\u00e9ments et du mouvement, soutenant plut\u00f4t l&rsquo;importance de la sensibilit\u00e9 comme source exclusive de toute connaissance. C&rsquo;est pr\u00e9cis\u00e9ment pour cette raison que Telesio a intitul\u00e9 son \u0153uvre iuxta propria principia : la nature agit constamment selon des principes internes \u00e0 la nature elle-m\u00eame. L&rsquo;homog\u00e9n\u00e9it\u00e9 de la nature est divine et la possibilit\u00e9 de connaissance de l&rsquo;homme d\u00e9coule de la capacit\u00e9 de saisir les formes du devenir naturel. Telesio est consid\u00e9r\u00e9 par de nombreux universitaires et intellectuels comme le \u00ab\u00a0premier des philosophes modernes\u00a0\u00bb parce qu&rsquo;il a marqu\u00e9 un moment de fort changement dans le panorama philosophique de la fin de la Renaissance. <br \/>Telesio a \u00e9crit ses \u0153uvres presque exclusivement en latin, donc, selon les crit\u00e8res g\u00e9n\u00e9raux que nous avons identifi\u00e9s [***], il n&rsquo;aurait pas d\u00fb \u00eatre inclus dans le recueil. Cependant, l&rsquo;importance historique de Telesio, comme nous avons d\u00e9j\u00e0 mentionn\u00e9, est essentielle pour la philosophie moderne. De plus, il a eu une grande influence sur des \u00e9crivains tels que Bruno, Campanella et Machiavel. Pour ces raisons, il a \u00e9t\u00e9 jug\u00e9 n\u00e9cessaire d&rsquo;inclure son chef-d&rsquo;\u0153uvre De rerum natura iuxta propria principia. <br \/>Les recherches ont montr\u00e9 qu&rsquo;il n&rsquo;existe de traduction compl\u00e8te de l&rsquo;ouvrage qu&rsquo;en espagnol et en allemand et des traductions partielles d&rsquo;extraits en anglais et en allemand. La diffusion mondiale est tout aussi rare ; en fait, il n&rsquo;y a gu\u00e8re plus de vingt pays qui poss\u00e8dent les \u0153uvres traduites de Telesio. Pour consulter la base de donn\u00e9es, cliquez ici [***].<\/p>\t\t\t\t\t<\/div>\n\t\t\t\t\t\t<\/div>\n\t\t\t\t<\/div>\n\t\t\t\t<div class=\"elementor-element elementor-element-5ab1e88 elementor-align-center elementor-widget elementor-widget-button\" data-id=\"5ab1e88\" data-element_type=\"widget\" data-widget_type=\"button.default\">\n\t\t\t\t<div class=\"elementor-widget-container\">\n\t\t\t\t\t<div class=\"elementor-button-wrapper\">\n\t\t\t<a href=\"https:\/\/docs.google.com\/spreadsheets\/d\/1AVegcgjgbh9P6QRRRFxqYcUunaiQlDr3CvVcJfsEwJo\/edit?usp=sharing%20%20\" target=\"_blank\" class=\"elementor-button-link elementor-button elementor-size-sm\" role=\"button\">\n\t\t\t\t\t\t<span class=\"elementor-button-content-wrapper\">\n\t\t\t\t\t\t\t<span class=\"elementor-button-icon elementor-align-icon-left\">\n\t\t\t\t<i aria-hidden=\"true\" class=\"far fa-file-excel\"><\/i>\t\t\t<\/span>\n\t\t\t\t\t\t<span class=\"elementor-button-text\">Notices Bibliographiques<\/span>\n\t\t<\/span>\n\t\t\t\t\t<\/a>\n\t\t<\/div>\n\t\t\t\t<\/div>\n\t\t\t\t<\/div>\n\t\t\t\t<div class=\"elementor-element elementor-element-562b28b elementor-widget elementor-widget-olema_core_separator\" data-id=\"562b28b\" data-element_type=\"widget\" data-widget_type=\"olema_core_separator.default\">\n\t\t\t\t<div class=\"elementor-widget-container\">\n\t\t\t<div class=\"qodef-shortcode qodef-m  qodef-separator clear \">\n\t<div class=\"qodef-m-line\" ><\/div>\n<\/div>\t\t<\/div>\n\t\t\t\t<\/div>\n\t\t\t\t<section class=\"elementor-section elementor-inner-section elementor-element elementor-element-a390aa0 elementor-section-boxed elementor-section-height-default elementor-section-height-default qodef-elementor-content-no\" data-id=\"a390aa0\" data-element_type=\"section\">\n\t\t\t\t\t\t<div class=\"elementor-container elementor-column-gap-default\">\n\t\t\t\t\t\t\t<div class=\"elementor-row\">\n\t\t\t\t\t<div class=\"elementor-column elementor-col-50 elementor-inner-column elementor-element elementor-element-a852a80\" data-id=\"a852a80\" data-element_type=\"column\">\n\t\t\t<div class=\"elementor-column-wrap elementor-element-populated\">\n\t\t\t\t\t\t\t<div class=\"elementor-widget-wrap\">\n\t\t\t\t\t\t<div class=\"elementor-element elementor-element-77aa6b5 elementor-widget elementor-widget-olema_core_section_title\" data-id=\"77aa6b5\" data-element_type=\"widget\" data-widget_type=\"olema_core_section_title.default\">\n\t\t\t\t<div class=\"elementor-widget-container\">\n\t\t\t<div class=\"qodef-shortcode qodef-m  qodef-section-title qodef-alignment--left  qodef--has-appear\"  style=\"max-width: unset\">\n\t\t\t<h2 class=\"qodef-m-title\" >\n\t\t\t\t\tDistribution des traductions des \u0153uvres de Bernardino Telesio dans le monde\t\t\t<\/h2>\n\t<\/div>\t\t<\/div>\n\t\t\t\t<\/div>\n\t\t\t\t\t\t<\/div>\n\t\t\t\t\t<\/div>\n\t\t<\/div>\n\t\t\t\t<div class=\"elementor-column elementor-col-50 elementor-inner-column elementor-element elementor-element-a12b335\" data-id=\"a12b335\" data-element_type=\"column\">\n\t\t\t<div class=\"elementor-column-wrap elementor-element-populated\">\n\t\t\t\t\t\t\t<div class=\"elementor-widget-wrap\">\n\t\t\t\t\t\t<div class=\"elementor-element elementor-element-4e778ad elementor-widget elementor-widget-image\" data-id=\"4e778ad\" data-element_type=\"widget\" data-widget_type=\"image.default\">\n\t\t\t\t<div class=\"elementor-widget-container\">\n\t\t\t\t\t\t\t\t<div class=\"elementor-image\">\n\t\t\t\t\t\t\t\t\t\t\t\t\t<a href=\"https:\/\/docs.google.com\/spreadsheets\/d\/1AVegcgjgbh9P6QRRRFxqYcUunaiQlDr3CvVcJfsEwJo\/edit#gid=1612953718\" target=\"_blank\">\n\t\t\t\t\t\t\t<img width=\"600\" height=\"371\" src=\"https:\/\/entradit.it\/wp-content\/uploads\/2020\/11\/mappa-bernardino-telesio.png\" class=\"attachment-large size-large\" alt=\"\" loading=\"lazy\" srcset=\"https:\/\/entradit.it\/wp-content\/uploads\/2020\/11\/mappa-bernardino-telesio.png 600w, https:\/\/entradit.it\/wp-content\/uploads\/2020\/11\/mappa-bernardino-telesio-300x186.png 300w\" sizes=\"(max-width: 600px) 100vw, 600px\" \/>\t\t\t\t\t\t\t\t<\/a>\n\t\t\t\t\t\t\t\t\t\t\t\t\t\t<\/div>\n\t\t\t\t\t\t<\/div>\n\t\t\t\t<\/div>\n\t\t\t\t\t\t<\/div>\n\t\t\t\t\t<\/div>\n\t\t<\/div>\n\t\t\t\t\t\t\t\t<\/div>\n\t\t\t\t\t<\/div>\n\t\t<\/section>\n\t\t\t\t<div class=\"elementor-element elementor-element-87f39cc elementor-widget elementor-widget-olema_core_separator\" data-id=\"87f39cc\" data-element_type=\"widget\" data-widget_type=\"olema_core_separator.default\">\n\t\t\t\t<div class=\"elementor-widget-container\">\n\t\t\t<div class=\"qodef-shortcode qodef-m  qodef-separator clear \">\n\t<div class=\"qodef-m-line\" ><\/div>\n<\/div>\t\t<\/div>\n\t\t\t\t<\/div>\n\t\t\t\t<div class=\"elementor-element elementor-element-861970a elementor-widget elementor-widget-olema_core_section_title\" data-id=\"861970a\" data-element_type=\"widget\" data-widget_type=\"olema_core_section_title.default\">\n\t\t\t\t<div class=\"elementor-widget-container\">\n\t\t\t<div class=\"qodef-shortcode qodef-m  qodef-section-title qodef-alignment--left  qodef--has-appear\"  style=\"max-width: unset\">\n\t\t\t<h2 class=\"qodef-m-title\" >\n\t\t\t\t\tBibliographie\t\t\t<\/h2>\n\t<\/div>\t\t<\/div>\n\t\t\t\t<\/div>\n\t\t\t\t<div class=\"elementor-element elementor-element-0058603 elementor-widget elementor-widget-text-editor\" data-id=\"0058603\" data-element_type=\"widget\" data-widget_type=\"text-editor.default\">\n\t\t\t\t<div class=\"elementor-widget-container\">\n\t\t\t\t\t\t\t\t<div class=\"elementor-text-editor elementor-clearfix\">\n\t\t\t\t<div class=\"block-editor-block-list__layout is-root-container\"><p class=\"p1\">Campa R., (2019), IIl convivio linguistico. Riflessioni sul ruolo dell\u2019italiano nel mondo contemporaneo, Carocci, Roma. <br \/>Giglioni, G. (2010). The first of the moderns or the last of the ancients? Bernardino Telesio on nature and sentience. Bruniana &amp; campanelliana, 69-87.<br \/><a href=\"https:\/\/www.treccani.it\/enciclopedia\/bernardino-telesio\" target=\"_blank\" rel=\"noopener\">Telesio, B., Treccani<\/a> (o.l.) (consult\u00e9 le 14\/10\/2020). <br \/>Van Deusen, N. C. (1932). Telesio : the First of the Moderns, New York, Columbia university.<\/p><\/div>\t\t\t\t\t<\/div>\n\t\t\t\t\t\t<\/div>\n\t\t\t\t<\/div>\n\t\t\t\t\t\t<\/div>\n\t\t\t\t\t<\/div>\n\t\t<\/div>\n\t\t\t\t\t\t\t\t<\/div>\n\t\t\t\t\t<\/div>\n\t\t<\/section>\n\t\t\t\t\t\t\t\t\t<\/div>\n\t\t\t<\/div>\n\t\t\t\t\t<\/div>\n\t\t","protected":false},"excerpt":{"rendered":"<p>Il est n\u00e9 en 1509 \u00e0 Cosenza o\u00f9 il a s\u00e9journ\u00e9 pendant une dizaine d&rsquo;ann\u00e9es. \u00c0 partir de 1518 il suit son oncle Antonio, grand humaniste et intellectuel, d&rsquo;abord \u00e0 Milan puis \u00e0 Rome o\u00f9, en 1527, il est prisonnier des troupes responsables du saccage de Rome pendant environ deux mois. Peu de temps apr\u00e8s, [&hellip;]<\/p>\n","protected":false},"author":1,"featured_media":0,"parent":0,"menu_order":0,"comment_status":"closed","ping_status":"closed","template":"","meta":[],"yoast_head":"<!-- This site is optimized with the Yoast SEO plugin v19.6.1 - https:\/\/yoast.com\/wordpress\/plugins\/seo\/ -->\n<title>Bernardino Telesio - Entradit<\/title>\n<meta name=\"robots\" content=\"index, follow, max-snippet:-1, max-image-preview:large, max-video-preview:-1\" \/>\n<link rel=\"canonical\" href=\"https:\/\/entradit.it\/fr\/bernardino-telesio\/\" \/>\n<meta property=\"og:locale\" content=\"fr_FR\" \/>\n<meta property=\"og:type\" content=\"article\" \/>\n<meta property=\"og:title\" content=\"Bernardino Telesio - Entradit\" \/>\n<meta property=\"og:description\" content=\"Il est n\u00e9 en 1509 \u00e0 Cosenza o\u00f9 il a s\u00e9journ\u00e9 pendant une dizaine d&rsquo;ann\u00e9es. \u00c0 partir de 1518 il suit son oncle Antonio, grand humaniste et intellectuel, d&rsquo;abord \u00e0 Milan puis \u00e0 Rome o\u00f9, en 1527, il est prisonnier des troupes responsables du saccage de Rome pendant environ deux mois. Peu de temps apr\u00e8s, [&hellip;]\" \/>\n<meta property=\"og:url\" content=\"https:\/\/entradit.it\/fr\/bernardino-telesio\/\" \/>\n<meta property=\"og:site_name\" content=\"Entradit\" \/>\n<meta property=\"article:modified_time\" content=\"2020-12-18T14:59:29+00:00\" \/>\n<meta property=\"og:image\" content=\"https:\/\/entradit.it\/wp-content\/uploads\/2020\/11\/Bernardino_Telesio_ritratto-1024x569.jpg\" \/>\n<meta name=\"twitter:card\" content=\"summary_large_image\" \/>\n<meta name=\"twitter:label1\" content=\"Dur\u00e9e de lecture estim\u00e9e\" \/>\n\t<meta name=\"twitter:data1\" content=\"3 minutes\" \/>\n<script type=\"application\/ld+json\" class=\"yoast-schema-graph\">{\"@context\":\"https:\/\/schema.org\",\"@graph\":[{\"@type\":\"WebPage\",\"@id\":\"https:\/\/entradit.it\/fr\/bernardino-telesio\/\",\"url\":\"https:\/\/entradit.it\/fr\/bernardino-telesio\/\",\"name\":\"Bernardino Telesio - Entradit\",\"isPartOf\":{\"@id\":\"https:\/\/entradit.it\/fr\/#website\"},\"datePublished\":\"2020-11-23T08:02:59+00:00\",\"dateModified\":\"2020-12-18T14:59:29+00:00\",\"breadcrumb\":{\"@id\":\"https:\/\/entradit.it\/fr\/bernardino-telesio\/#breadcrumb\"},\"inLanguage\":\"fr-FR\",\"potentialAction\":[{\"@type\":\"ReadAction\",\"target\":[\"https:\/\/entradit.it\/fr\/bernardino-telesio\/\"]}]},{\"@type\":\"BreadcrumbList\",\"@id\":\"https:\/\/entradit.it\/fr\/bernardino-telesio\/#breadcrumb\",\"itemListElement\":[{\"@type\":\"ListItem\",\"position\":1,\"name\":\"Home\",\"item\":\"https:\/\/entradit.it\/fr\/\"},{\"@type\":\"ListItem\",\"position\":2,\"name\":\"Bernardino Telesio\"}]},{\"@type\":\"WebSite\",\"@id\":\"https:\/\/entradit.it\/fr\/#website\",\"url\":\"https:\/\/entradit.it\/fr\/\",\"name\":\"Entradit\",\"description\":\"L\u2019Edizione nazionale del Compendio delle traduzioni italiane nel mondo\",\"potentialAction\":[{\"@type\":\"SearchAction\",\"target\":{\"@type\":\"EntryPoint\",\"urlTemplate\":\"https:\/\/entradit.it\/fr\/?s={search_term_string}\"},\"query-input\":\"required name=search_term_string\"}],\"inLanguage\":\"fr-FR\"}]}<\/script>\n<!-- \/ Yoast SEO plugin. -->","yoast_head_json":{"title":"Bernardino Telesio - Entradit","robots":{"index":"index","follow":"follow","max-snippet":"max-snippet:-1","max-image-preview":"max-image-preview:large","max-video-preview":"max-video-preview:-1"},"canonical":"https:\/\/entradit.it\/fr\/bernardino-telesio\/","og_locale":"fr_FR","og_type":"article","og_title":"Bernardino Telesio - Entradit","og_description":"Il est n\u00e9 en 1509 \u00e0 Cosenza o\u00f9 il a s\u00e9journ\u00e9 pendant une dizaine d&rsquo;ann\u00e9es. \u00c0 partir de 1518 il suit son oncle Antonio, grand humaniste et intellectuel, d&rsquo;abord \u00e0 Milan puis \u00e0 Rome o\u00f9, en 1527, il est prisonnier des troupes responsables du saccage de Rome pendant environ deux mois. Peu de temps apr\u00e8s, [&hellip;]","og_url":"https:\/\/entradit.it\/fr\/bernardino-telesio\/","og_site_name":"Entradit","article_modified_time":"2020-12-18T14:59:29+00:00","og_image":[{"url":"https:\/\/entradit.it\/wp-content\/uploads\/2020\/11\/Bernardino_Telesio_ritratto-1024x569.jpg"}],"twitter_card":"summary_large_image","twitter_misc":{"Dur\u00e9e de lecture estim\u00e9e":"3 minutes"},"schema":{"@context":"https:\/\/schema.org","@graph":[{"@type":"WebPage","@id":"https:\/\/entradit.it\/fr\/bernardino-telesio\/","url":"https:\/\/entradit.it\/fr\/bernardino-telesio\/","name":"Bernardino Telesio - Entradit","isPartOf":{"@id":"https:\/\/entradit.it\/fr\/#website"},"datePublished":"2020-11-23T08:02:59+00:00","dateModified":"2020-12-18T14:59:29+00:00","breadcrumb":{"@id":"https:\/\/entradit.it\/fr\/bernardino-telesio\/#breadcrumb"},"inLanguage":"fr-FR","potentialAction":[{"@type":"ReadAction","target":["https:\/\/entradit.it\/fr\/bernardino-telesio\/"]}]},{"@type":"BreadcrumbList","@id":"https:\/\/entradit.it\/fr\/bernardino-telesio\/#breadcrumb","itemListElement":[{"@type":"ListItem","position":1,"name":"Home","item":"https:\/\/entradit.it\/fr\/"},{"@type":"ListItem","position":2,"name":"Bernardino Telesio"}]},{"@type":"WebSite","@id":"https:\/\/entradit.it\/fr\/#website","url":"https:\/\/entradit.it\/fr\/","name":"Entradit","description":"L\u2019Edizione nazionale del Compendio delle traduzioni italiane nel mondo","potentialAction":[{"@type":"SearchAction","target":{"@type":"EntryPoint","urlTemplate":"https:\/\/entradit.it\/fr\/?s={search_term_string}"},"query-input":"required name=search_term_string"}],"inLanguage":"fr-FR"}]}},"_links":{"self":[{"href":"https:\/\/entradit.it\/fr\/wp-json\/wp\/v2\/pages\/4045"}],"collection":[{"href":"https:\/\/entradit.it\/fr\/wp-json\/wp\/v2\/pages"}],"about":[{"href":"https:\/\/entradit.it\/fr\/wp-json\/wp\/v2\/types\/page"}],"author":[{"embeddable":true,"href":"https:\/\/entradit.it\/fr\/wp-json\/wp\/v2\/users\/1"}],"replies":[{"embeddable":true,"href":"https:\/\/entradit.it\/fr\/wp-json\/wp\/v2\/comments?post=4045"}],"version-history":[{"count":31,"href":"https:\/\/entradit.it\/fr\/wp-json\/wp\/v2\/pages\/4045\/revisions"}],"predecessor-version":[{"id":5804,"href":"https:\/\/entradit.it\/fr\/wp-json\/wp\/v2\/pages\/4045\/revisions\/5804"}],"wp:attachment":[{"href":"https:\/\/entradit.it\/fr\/wp-json\/wp\/v2\/media?parent=4045"}],"curies":[{"name":"wp","href":"https:\/\/api.w.org\/{rel}","templated":true}]}}